{"id":2775,"date":"2023-10-03T10:22:31","date_gmt":"2023-10-03T08:22:31","guid":{"rendered":"https:\/\/www.camping-keranterec.com\/informacion-practica\/"},"modified":"2023-12-12T09:21:40","modified_gmt":"2023-12-12T08:21:40","slug":"informacion-practica","status":"publish","type":"page","link":"https:\/\/www.camping-keranterec.com\/es\/informacion-practica\/","title":{"rendered":"Informaci\u00f3n pr\u00e1ctica"},"content":{"rendered":"\n<div class=\"is-layout-flow wp-block-group alignfull diaporama-header\">\n<figure class=\"is-layout-flex wp-block-gallery-1 wp-block-gallery has-nested-images columns-1 is-cropped fc-diapo fc-auto\">\n<figure class=\"wp-block-image size-full fc-auto\"><img alt=\"\" decoding=\"async\" loading=\"lazy\" width=\"2048\" height=\"1024\" src=\"https:\/\/www.camping-keranterec.com\/wp-content\/uploads\/2023\/09\/camping-keranterec.jpg\" alt=\"\" class=\"wp-image-143\" srcset=\"https:\/\/www.camping-keranterec.com\/wp-content\/uploads\/2023\/09\/camping-keranterec.jpg 2048w, https:\/\/www.camping-keranterec.com\/wp-content\/uploads\/2023\/09\/camping-keranterec-300x150.jpg 300w, https:\/\/www.camping-keranterec.com\/wp-content\/uploads\/2023\/09\/camping-keranterec-1024x512.jpg 1024w, https:\/\/www.camping-keranterec.com\/wp-content\/uploads\/2023\/09\/camping-keranterec-768x384.jpg 768w, https:\/\/www.camping-keranterec.com\/wp-content\/uploads\/2023\/09\/camping-keranterec-1536x768.jpg 1536w\" sizes=\"(max-width: 2048px) 100vw, 2048px\" \/><\/figure>\n\n\n\n<figure class=\"wp-block-image size-full fc-auto\"><img alt=\"\" decoding=\"async\" loading=\"lazy\" width=\"1920\" height=\"1440\" src=\"https:\/\/www.camping-keranterec.com\/wp-content\/uploads\/2023\/10\/dji_0089-vue-aerienne-piscine.jpg\" alt=\"\" class=\"wp-image-2037\" srcset=\"https:\/\/www.camping-keranterec.com\/wp-content\/uploads\/2023\/10\/dji_0089-vue-aerienne-piscine.jpg 1920w, https:\/\/www.camping-keranterec.com\/wp-content\/uploads\/2023\/10\/dji_0089-vue-aerienne-piscine-300x225.jpg 300w, https:\/\/www.camping-keranterec.com\/wp-content\/uploads\/2023\/10\/dji_0089-vue-aerienne-piscine-1024x768.jpg 1024w, https:\/\/www.camping-keranterec.com\/wp-content\/uploads\/2023\/10\/dji_0089-vue-aerienne-piscine-768x576.jpg 768w, https:\/\/www.camping-keranterec.com\/wp-content\/uploads\/2023\/10\/dji_0089-vue-aerienne-piscine-1536x1152.jpg 1536w\" sizes=\"(max-width: 1920px) 100vw, 1920px\" \/><\/figure>\n\n\n\n<figure class=\"wp-block-image size-full fc-auto\"><img alt=\"\" decoding=\"async\" loading=\"lazy\" width=\"1920\" height=\"1440\" src=\"https:\/\/www.camping-keranterec.com\/wp-content\/uploads\/2023\/10\/dji_0055-vue-aerienne-keranterec.jpg\" alt=\"\" class=\"wp-image-2032\" srcset=\"https:\/\/www.camping-keranterec.com\/wp-content\/uploads\/2023\/10\/dji_0055-vue-aerienne-keranterec.jpg 1920w, https:\/\/www.camping-keranterec.com\/wp-content\/uploads\/2023\/10\/dji_0055-vue-aerienne-keranterec-300x225.jpg 300w, https:\/\/www.camping-keranterec.com\/wp-content\/uploads\/2023\/10\/dji_0055-vue-aerienne-keranterec-1024x768.jpg 1024w, https:\/\/www.camping-keranterec.com\/wp-content\/uploads\/2023\/10\/dji_0055-vue-aerienne-keranterec-768x576.jpg 768w, https:\/\/www.camping-keranterec.com\/wp-content\/uploads\/2023\/10\/dji_0055-vue-aerienne-keranterec-1536x1152.jpg 1536w\" sizes=\"(max-width: 1920px) 100vw, 1920px\" \/><\/figure>\n<\/figure>\n\n\n\n<h1 class=\"has-text-align-center\">Informaci\u00f3n pr\u00e1ctica<\/h1>\n<\/div>\n\n<div class=\"is-layout-flex wp-container-7 wp-block-columns\">\n<div class=\"is-layout-flow wp-block-column\">\n<h2 class=\"h4 has-bleu-clair-color has-text-color\">Horario de apertura de la recepci\u00f3n del camping<\/h2>\n\n\n\n<p>La recepci\u00f3n de nuestro camping <a href=\"https:\/\/www.camping-keranterec.com\/es\/alentours\/la-foret-fouesnant\/\" data-type=\"alentours\" data-id=\"838\">La For\u00eat-Fouesnant<\/a> est\u00e1 a su disposici\u00f3n durante toda su estancia.<\/p>\n\n\n\n<p>La recepci\u00f3n est\u00e1 abierta todos los d\u00edas:<\/p>\n\n\n\n<p>Temporada baja: de <strong>8.00 a 12.30<\/strong> y de <strong>14.00 a 18.00<\/strong> (<strong>abril, mayo, junio y septiembre<\/strong>);<\/p>\n\n\n\n<p>Temporada alta: de <strong>9.00 a 12.30<\/strong> y de <strong>13.30 a 19.00<\/strong> (<strong>julio y agosto<\/strong>);<\/p>\n\n\n\n<p>La tienda de comestibles y el bar del camping abren de 8.00 a 13.00 h y de 16.00 a 20.00 h para la tienda de comestibles y a 1.00 h para el bar (excepto lunes y viernes, d\u00edas de petanca, que abren a las 15.00 h). Estos servicios estar\u00e1n disponibles del <strong>6 de julio al 31 de agosto de 2024<\/strong>;<\/p>\n\n\n\n<h2 class=\"h5\">Animaci\u00f3n en el camping<\/h2>\n\n\n\n<p>Ofrecemos actividades gratuitas y de pago (s\u00f3lo para adultos, con algunas excepciones) durante todo el verano.<\/p>\n\n\n\n<p>Las <strong>actividades infantiles<\/strong> comienzan del <strong>6 de julio al 31 de agosto<\/strong>, para ni\u00f1os de 5 a 11 a\u00f1os, los lunes, martes, jueves y viernes de <strong>10.00 a 12.00 y de 15.00 a 18.00 horas<\/strong>; Entretenimiento gratuito. Excepto los mi\u00e9rcoles, cuando el club infantil est\u00e1 cerrado, el camping ofrece paseos en poni (en colaboraci\u00f3n con el Poney Club des Oliviers) a 5,00 \u20ac por paseo.<br\/>Las <strong>actividades para adolescentes<\/strong> y adultos comienzan del <strong>6 de julio al 31 de agosto de 2024<\/strong>. Animaci\u00f3n durante todo el d\u00eda y por la noche.<\/p>\n<\/div>\n\n\n\n<div class=\"is-layout-flow wp-block-column\">\n<div class=\"wp-block-fc-gut-lire-plus fc-mob\">\n<p>Seguir leyendo<\/p>\n\n\n\n<div class=\"is-layout-flow wp-block-group\">\n<h2 class=\"h5\">El Centro Acu\u00e1tico<\/h2>\n\n\n\n<p>Nuestra <a href=\"https:\/\/www.camping-keranterec.com\/es\/camping-bretagne-piscine-couverte\/\" data-type=\"page\" data-id=\"368\">zona acu\u00e1tica<\/a> estar\u00e1 abierta <strong>de 9.30 a 20.00 horas del 20 de abril al 21 de septiembre de 2024<\/strong>; La piscina exterior abrir\u00e1 <strong>el 1 de mayo<\/strong>; Le recordamos que nuestras piscinas no est\u00e1n vigiladas por una persona autorizada y formada, por lo que es imprescindible que los menores de 18 a\u00f1os vayan acompa\u00f1ados por un adulto. Por razones de higiene, los ba\u00f1adores y otras prendas de vestir est\u00e1n estrictamente prohibidos, al igual que los cochecitos. <strong>S\u00f3lo se permite el uso de ba\u00f1adores<\/strong> (v\u00e9anse las normas de la casa). Todos los visitantes de la zona acu\u00e1tica deben pasar por el pediluvio y ducharse antes de cada ba\u00f1o.<\/p>\n\n\n\n<h2 class=\"h5\">Horarios del restaurante y la pizzer\u00eda<\/h2>\n\n\n\n<p>Podr\u00e1 comer en el <strong>Piz&#8217;zen<\/strong> del <strong>6 de julio al 31 de agosto de 2024<\/strong>, con servicio todas las tardes de <strong>18.00 a 22.00 horas<\/strong>;<\/p>\n\n\n\n<h2 class=\"h5\">Se admiten animales de compa\u00f1\u00eda.<\/h2>\n\n\n\n<p><strong>\u00bfViaja con su<\/strong> mascota? Nuestras mascotas son <strong>bienvenidas<\/strong> en el camping K\u00e9rant\u00e9rec, siempre que lleven correa y est\u00e9n vacunadas. Ellos tambi\u00e9n podr\u00e1n disfrutar de un paisaje virgen y acceder a una cala salvaje.<\/p>\n\n\n\n<p>Para su mayor comodidad, se les reserva una ducha y se ponen a su disposici\u00f3n bolsas higi\u00e9nicas a su llegada. La primera recarga de la bolsa es gratuita.<\/p>\n<\/div>\n<\/div>\n<\/div>\n<\/div>\n\n<div class=\"is-layout-constrained wp-block-group\">\n<h2 class=\"has-text-align-center\">La feria  <span class=\"fc-span\">\u00a1a las preguntas! P+F<\/span><\/h2>\n\n\n\r\n\t<ul class=\"activites__filtres faq\">\r\n\r\n\t\t<li>\r\n\t\t\t<input type=\"radio\" id=\"reservation\" name=\"faq\" checked>\r\n\t\t\t<label for=\"reservation\">Reserva y estancia<\/label>\r\n\t\t<\/li>\r\n\r\n\t\t<li>\r\n\t\t\t<input type=\"radio\" id=\"sejour\" name=\"faq\">\r\n\t\t\t<label for=\"sejour\">Sobre la estancia<\/label>\r\n\t\t<\/li>\r\n\r\n\t\t<li>\r\n\t\t\t<input type=\"radio\" id=\"reglement\" name=\"faq\">\r\n\t\t\t<label for=\"reglement\">Formas de pago<\/label>\r\n\t\t<\/li>\r\n\r\n\t\t<li>\r\n\t\t\t<input type=\"radio\" id=\"prestations\" name=\"faq\">\r\n\t\t\t<label for=\"prestations\">Nuestros servicios<\/label>\r\n\t\t<\/li>\r\n\r\n\t\t<li>\r\n\t\t\t<input type=\"radio\" id=\"services\" name=\"faq\">\r\n\t\t\t<label for=\"services\">Nuestros servicios<\/label>\r\n\t\t<\/li>\r\n\r\n\t\t<li>\r\n\t\t\t<input type=\"radio\" id=\"annulation\" name=\"faq\">\r\n\t\t\t<label for=\"annulation\">Cancelar mi reserva<\/label>\r\n\t\t<\/li>\r\n\r\n\t\t<li>\r\n\t\t\t<input type=\"radio\" id=\"divers\" name=\"faq\">\r\n\t\t\t<label for=\"divers\">Cualquier otro asunto<\/label>\r\n\t\t<\/li>\r\n\r\n\t<\/ul>\r\n\r\n\t\n\n\n\n<div class=\"is-layout-constrained wp-block-group reservation\">\n<div class=\"wp-block-fc-gut-accordeon fc-desk\">\n<p>\u00bfC\u00f3mo hago una reserva? \u00bfY cu\u00e1les son las condiciones?<\/p>\n\n\n\n<div class=\"is-layout-flow wp-block-group\">\n<p>Puede reservar en l\u00ednea haciendo clic en \u00abReservar\u00bb, por tel\u00e9fono en <a itemprop=\"telephone\" href=\"tel:+33298569811\">02 98 56 98 11<\/a> o por correo electr\u00f3nico en  <a itemprop=\"email\" href=\"mailto:info@camping-keranterec.com\">info@camping-keranterec.com<\/a><br\/>Las solicitudes de reserva se tramitan por orden de llegada al camping, siempre que el expediente est\u00e9 completo. Se requiere un dep\u00f3sito del 25% para todas las reservas. El saldo de la estancia deber\u00e1 abonarse 30 d\u00edas antes de la llegada.<\/p>\n<\/div>\n<\/div>\n\n\n\n<div class=\"wp-block-fc-gut-accordeon fc-desk\">\n<p>\u00bfC\u00f3mo se paga la estancia?<\/p>\n\n\n\n<div class=\"is-layout-flow wp-block-group\">\n<p>Hay varias formas de pagar la estancia:<\/p>\n\n\n\n<ul>\n<li>Con tarjeta de cr\u00e9dito<\/li>\n\n\n\n<li>Pague a plazos, utilizando su<br\/>archivo<\/li>\n\n\n\n<li>Bonos de vacaciones ANCV y ANCV CONNECT<\/li>\n\n\n\n<li>Cheque<\/li>\n\n\n\n<li>Transferencia bancaria (RIB previa solicitud)<\/li>\n<\/ul>\n<\/div>\n<\/div>\n\n\n\n<div class=\"wp-block-fc-gut-accordeon fc-desk\">\n<p>\u00bfEs posible pagar en varios plazos de forma gratuita?<\/p>\n\n\n\n<div class=\"is-layout-flow wp-block-group\">\n<p>Para hacer una reserva, debe pagar un dep\u00f3sito del 25%.<br\/>Puede pagar gratuitamente el saldo en varios plazos utilizando su n\u00famero de expediente. Vaya a nuestra p\u00e1gina web, secci\u00f3n Mi cuenta \u00bb Gestionar su reserva \u00bb 24 horas al d\u00eda, 7 d\u00edas a la semana &#8211; es f\u00e1cil y totalmente seguro:  [site_url]<\/p>\n<\/div>\n<\/div>\n\n\n\n<div class=\"wp-block-fc-gut-accordeon fc-desk\">\n<p>\u00bfAceptan vales VACAF?<\/p>\n\n\n\n<div class=\"is-layout-flow wp-block-group\">\n<p>Aceptamos vales VACAF.<\/p>\n<\/div>\n<\/div>\n\n\n\n<div class=\"wp-block-fc-gut-accordeon fc-desk\">\n<p>Tengo un vale COVID;<\/p>\n\n\n\n<div class=\"is-layout-flow wp-block-group\">\n<p>S\u00f3lo tiene que ponerse en contacto con el camping:<\/p>\n\n\n\n<ul>\n<li>Por tel\u00e9fono:  <a itemprop=\"telephone\" href=\"tel:+33298569811\">02 98 56 98 11<\/a><\/li>\n\n\n\n<li>Por correo electr\u00f3nico :  <a itemprop=\"email\" href=\"mailto:info@camping-keranterec.com\">info@camping-keranterec.com<\/a><\/li>\n<\/ul>\n<\/div>\n<\/div>\n\n\n\n<div class=\"wp-block-fc-gut-accordeon fc-desk\">\n<p>\u00bfC\u00f3mo funciona el seguro de anulaci\u00f3n?<\/p>\n\n\n\n<div class=\"is-layout-flow wp-block-group\">\n<p>Si contrata el seguro de cancelaci\u00f3n de CoveredCamp, aqu\u00ed tiene algunas garant\u00edas:<\/p>\n\n\n\n<ul>\n<li>Anulaci\u00f3n de la estancia<\/li>\n\n\n\n<li>Llegada tard\u00eda<\/li>\n\n\n\n<li>Interrupci\u00f3n de la estancia<\/li>\n\n\n\n<li>Veh\u00edculo de sustituci\u00f3n<\/li>\n\n\n\n<li>Objeto olvidado<\/li>\n\n\n\n<li>Virus Covid19<\/li>\n\n\n\n<li>Encontrar\u00e1 todas las condiciones generales de venta del seguro Camping Cover en nuestra p\u00e1gina web:  \r\n\t\t  \t\t    <a href=\"https:\/\/www.camping-keranterec.com\/wp-content\/uploads\/2023\/09\/cc_flyera5_2023_fr.pdf\" target=\"_blank\">Seguro de anulaci\u00f3n 2023<\/a>\r\n\t\t\t\r\n\t\t  <br\/>Todas las cancelaciones DEBEN notificarse por escrito al responsable de su alojamiento.<br\/>Para beneficiarse del seguro de anulaci\u00f3n, debe informar al camping y haber suscrito el seguro<br\/>cancelaci\u00f3n en el momento de la reserva y antes del pago del dep\u00f3sito del 25%. En ning\u00fan caso se podr\u00e1 a\u00f1adir un seguro de anulaci\u00f3n a una estancia que haya sido validada por el establecimiento despu\u00e9s de haber efectuado un pago inicial.<\/li>\n<\/ul>\n<\/div>\n<\/div>\n\n\n\n<div class=\"wp-block-fc-gut-accordeon fc-desk\">\n<p>\u00bfA cu\u00e1nto ascienden las tasas de solicitud?<\/p>\n\n\n\n<div class=\"is-layout-flow wp-block-group\">\n<p>Los gastos de reserva ascienden al 1% del coste total de la estancia.<\/p>\n<\/div>\n<\/div>\n\n\n\n<div class=\"wp-block-fc-gut-accordeon fc-desk\">\n<p>\u00bfC\u00f3mo obtengo la factura de mi estancia?<\/p>\n\n\n\n<div class=\"is-layout-flow wp-block-group\">\n<p>Puede obtener su factura poni\u00e9ndose en contacto directamente con el camping:<\/p>\n\n\n\n<ul>\n<li>Por tel\u00e9fono:  <a itemprop=\"telephone\" href=\"tel:+33298569811\">02 98 56 98 11<\/a><\/li>\n\n\n\n<li>Por correo electr\u00f3nico :  <a itemprop=\"email\" href=\"mailto:info@camping-keranterec.com\">info@camping-keranterec.com<\/a><\/li>\n<\/ul>\n<\/div>\n<\/div>\n\n\n\n<div class=\"wp-block-fc-gut-accordeon fc-desk\">\n<p>\u00bfPuedo cambiar mi reserva?<\/p>\n\n\n\n<div class=\"is-layout-flow wp-block-group\">\n<p>S\u00ed, es posible cambiar una reserva efectuada por correo electr\u00f3nico, tel\u00e9fono o en nuestro sitio web en determinadas condiciones.<br\/>Sin embargo, no podemos cambiar una reserva hecha con un operador tur\u00edstico.<\/p>\n<\/div>\n<\/div>\n<\/div>\n\n\n\n<div class=\"is-layout-constrained wp-block-group sejour\">\n<div class=\"wp-block-fc-gut-accordeon fc-desk\">\n<p>\u00bfHay que dejar una fianza?<\/p>\n\n\n\n<div class=\"is-layout-flow wp-block-group\">\n<p>Se exigir\u00e1 un dep\u00f3sito de seguridad en forma de tarjeta de cr\u00e9dito en el momento de la entrada. No se efectuar\u00e1n domiciliaciones bancarias. La fianza es de :<\/p>\n\n\n\n<ul>\n<li>En abril, mayo, junio y septiembre 500,00 euros (400,00 euros de alquiler y 100,00 euros de limpieza)<\/li>\n\n\n\n<li>En julio y agosto 900,00 \u20ac (800,00 \u20ac de alquiler y 100,00 \u20ac de limpieza).<\/li>\n<\/ul>\n\n\n\n<p>El Camping de K\u00e9rant\u00e9rec se reserva el derecho de deducir de la impresi\u00f3n de la tarjeta las anomal\u00edas constatadas en el alojamiento.<\/p>\n<\/div>\n<\/div>\n\n\n\n<div class=\"wp-block-fc-gut-accordeon fc-desk\">\n<p>\u00bfCu\u00e1les son los horarios de llegada y salida?<\/p>\n\n\n\n<div class=\"is-layout-flow wp-block-group\">\n<p>Los alquileres est\u00e1n disponibles de 16.00 a 19.00 horas. Las llegadas y salidas tienen lugar :<\/p>\n\n\n\n<ul>\n<li>En temporada baja, en abril\/mayo\/junio y septiembre, todos los d\u00edas de la semana, llegadas entre las 14:00 y las 18:00 y salidas (solicitar informaci\u00f3n).<\/li>\n\n\n\n<li>En temporada alta julio y agosto llegadas y salidas s\u00f3lo los s\u00e1bados, recogida de llaves de 16:00 a 19:00 y salidas s\u00f3lo los domingos.<br\/>antes de las 10.30 h.<\/li>\n<\/ul>\n\n\n\n<p>Las parcelas de acampada y caravana est\u00e1n disponibles a partir de las 14.00 horas y deben quedar libres antes de las 12.00 horas.<\/p>\n<\/div>\n<\/div>\n\n\n\n<div class=\"wp-block-fc-gut-accordeon fc-desk\">\n<p>\u00bfPodemos llegar fuera del horario de recepci\u00f3n?<\/p>\n\n\n\n<div class=\"is-layout-flow wp-block-group\">\n<p>S\u00ed. Al cierre de la recepci\u00f3n, si a\u00fan no ha llegado, encontrar\u00e1 una carpeta a su nombre con todas las condiciones para coger su alquiler o parcela.<br\/>En cualquier caso, nos resultar\u00e1 m\u00e1s f\u00e1cil si se pone en contacto con nosotros antes de las 19.00 horas para informarnos de que llegar\u00e1 tarde, de modo que podamos<br\/>puede poner las llaves all\u00ed.<\/p>\n<\/div>\n<\/div>\n\n\n\n<div class=\"wp-block-fc-gut-accordeon fc-desk\">\n<p>\u00bfPodemos salir fuera del horario de recepci\u00f3n?<\/p>\n\n\n\n<div class=\"is-layout-flow wp-block-group\">\n<p>S\u00ed: en este caso deber\u00e1 dejar las llaves de su vivienda de alquiler, despu\u00e9s de limpiarla, en nuestro buz\u00f3n cuando se vaya.<br\/>La recepci\u00f3n debe ser informada el d\u00eda antes de su salida.<br\/>Tenga en cuenta que si se marcha por motivos personales antes del final de la estancia prevista, no tendr\u00e1 derecho a la devoluci\u00f3n de las cantidades abonadas.<br\/>En caso de cambios en las fechas de llegada o salida en julio y agosto, s\u00f3lo se tendr\u00e1n en cuenta las solicitudes por escrito recibidas al menos una semana antes de la fecha prevista de llegada. En caso contrario, la factura tendr\u00e1 en cuenta las fechas reales de la reserva. Mantendremos una parcela reservada o alquilada durante 24 horas a partir de la fecha de llegada. Transcurrido este plazo, nos desharemos de la mercanc\u00eda sin previo aviso por su parte. El camping se reserva el derecho de expulsar a cualquier persona que infrinja estas normas.<\/p>\n<\/div>\n<\/div>\n\n\n\n<div class=\"wp-block-fc-gut-accordeon fc-desk\">\n<p>\u00bfPuede describir las instalaciones de las viviendas de alquiler?<\/p>\n\n\n\n<div class=\"is-layout-flow wp-block-group\">\n<p>Cada casa m\u00f3vil tiene una cocina totalmente equipada con nevera, microondas, cafetera y cocina de gas.<br\/>Tambi\u00e9n se proporciona vajilla y cuberter\u00eda, incluidos platos hondos y de postre, vasos y copas de vino, tablas de cortar, ensaladeras, cazuelas, etc.<br\/>Todos nuestros alquileres disponen de edredones, almohadas, fundas de almohada y s\u00e1banas bajeras desechables. Tambi\u00e9n se proporcionan mantas.<br\/>Se le proporcionar\u00e1 una escoba, un cepillo, una fregona y un cubo para limpiar su casa. Usted ser\u00e1 responsable de los productos de limpieza que utilice.<\/p>\n<\/div>\n<\/div>\n\n\n\n<div class=\"wp-block-fc-gut-accordeon fc-desk\">\n<p>\u00bfEst\u00e1n incluidos el agua y la electricidad?<\/p>\n\n\n\n<div class=\"is-layout-flow wp-block-group\">\n<p>El agua est\u00e1 incluida. La electricidad se cobra aparte en las parcelas de acampada. No olvide traer un enchufe europeo para conectarlo a la toma de electricidad.<\/p>\n<\/div>\n<\/div>\n\n\n\n<div class=\"wp-block-fc-gut-accordeon fc-desk\">\n<p>\u00bfEs posible vaciar las aguas residuales in situ?<\/p>\n\n\n\n<div class=\"is-layout-flow wp-block-group\">\n<p>S\u00ed, en el caso de los retretes qu\u00edmicos, puede vaciarlos en las instalaciones sanitarias.<\/p>\n<\/div>\n<\/div>\n\n\n\n<div class=\"wp-block-fc-gut-accordeon fc-desk\">\n<p>\u00bfSe admiten animales de compa\u00f1\u00eda?<\/p>\n\n\n\n<div class=\"is-layout-flow wp-block-group\">\n<p>Aceptamos mascotas por una tarifa diaria:<\/p>\n\n\n\n<p>Alquiler: 4,00 \u20ac \/ d\u00eda<\/p>\n\n\n\n<p>Parcelas de camping: 2,00 euros\/d\u00eda en temporada baja y 3,00 euros\/d\u00eda en temporada alta.<\/p>\n\n\n\n<p>Los perros de primera y segunda categor\u00eda est\u00e1n prohibidos.<br\/>Los animales de compa\u00f1\u00eda deben ir sujetos con correa y se puede solicitar la cartilla de vacunaci\u00f3n actualizada en cualquier momento.<\/p>\n<\/div>\n<\/div>\n\n\n\n<div class=\"wp-block-fc-gut-accordeon fc-desk\">\n<p>\u00bfEst\u00e1 permitido el uso de ba\u00f1adores?<\/p>\n\n\n\n<div class=\"is-layout-flow wp-block-group\">\n<p>No se permite el uso de ba\u00f1adores en las piscinas, s\u00f3lo de ba\u00f1adores.<\/p>\n<\/div>\n<\/div>\n\n\n\n<div class=\"wp-block-fc-gut-accordeon fc-desk\">\n<p>\u00bfHay wifi en el camping?<\/p>\n\n\n\n<div class=\"is-layout-flow wp-block-group\">\n<p>1,50 al d\u00eda por un aparato, acceso general al camping o acceso gratuito a las zonas comunes todos los d\u00edas durante 30 minutos.<\/p>\n<\/div>\n<\/div>\n\n\n\n<div class=\"wp-block-fc-gut-accordeon fc-desk\">\n<p>\u00bfPuedo recibir visitas?<\/p>\n\n\n\n<div class=\"is-layout-flow wp-block-group\">\n<p>S\u00ed, aceptamos visitas.<br\/>Si desea recibir visitantes para una visita puntual o una excursi\u00f3n de un d\u00eda, debe informar al personal de recepci\u00f3n con antelaci\u00f3n.<br\/>El acceso y la utilizaci\u00f3n de las instalaciones del camping (en particular, la zona de la piscina) estar\u00e1n sujetos a condiciones y tarifas.<br\/>Se cobrar\u00e1 a los visitantes 8,00 euros en temporada baja y 10,50 euros en temporada alta por persona.<br\/>Los visitantes admitidos en el camping quedan bajo su propia responsabilidad.<br\/>Los coches de los visitantes no est\u00e1n permitidos en el camping y deben aparcar en el aparcamiento privado.<\/p>\n<\/div>\n<\/div>\n<\/div>\n\n\n\n<div class=\"is-layout-constrained wp-block-group reglement\">\n<div class=\"wp-block-fc-gut-accordeon fc-desk\">\n<p>\u00bfQu\u00e9 m\u00e9todos de pago se aceptan?<\/p>\n\n\n\n<div class=\"is-layout-flow wp-block-group\">\n<ul>\n<li>Tarjetas de cr\u00e9dito,<\/li>\n\n\n\n<li>Cheques,<\/li>\n\n\n\n<li>Cheques vacaciones,<\/li>\n\n\n\n<li>Especies,<\/li>\n\n\n\n<li>Transferencia bancaria.<\/li>\n<\/ul>\n<\/div>\n<\/div>\n<\/div>\n\n\n\n<div class=\"is-layout-constrained wp-block-group prestations\">\n<div class=\"wp-block-fc-gut-accordeon fc-desk\">\n<p>Alquiler de s\u00e1banas grandes<\/p>\n\n\n\n<div class=\"is-layout-flow wp-block-group\">\n<ul>\n<li>7 d\u00edas: 15,00<\/li>\n\n\n\n<li>14 d\u00edas: 17,50<\/li>\n\n\n\n<li>21 d\u00edas: 20,00<\/li>\n\n\n\n<li>(precio unitario)<\/li>\n<\/ul>\n<\/div>\n<\/div>\n\n\n\n<div class=\"wp-block-fc-gut-accordeon fc-desk\">\n<p>Alquiler de s\u00e1banas<\/p>\n\n\n\n<div class=\"is-layout-flow wp-block-group\">\n<ul>\n<li>7 d\u00edas: 9,00<\/li>\n\n\n\n<li>14 d\u00edas: 11,50<\/li>\n\n\n\n<li>21 d\u00edas: 14,00<\/li>\n\n\n\n<li>(precio unitario)<\/li>\n<\/ul>\n<\/div>\n<\/div>\n\n\n\n<div class=\"wp-block-fc-gut-accordeon fc-desk\">\n<p>Alquiler de toallas<\/p>\n\n\n\n<div class=\"is-layout-flow wp-block-group\">\n<p>Nuestros kits de toallas constan de una toalla grande y una peque\u00f1a.<\/p>\n\n\n\n<ul>\n<li>7 d\u00edas: 8,50<\/li>\n\n\n\n<li>14 d\u00edas: 10,00<\/li>\n\n\n\n<li>21 d\u00edas: 15,00<\/li>\n\n\n\n<li>(precio unitario)<\/li>\n<\/ul>\n<\/div>\n<\/div>\n\n\n\n<div class=\"wp-block-fc-gut-accordeon fc-desk\">\n<p>Nuestros paquetes de ropa de ba\u00f1o<\/p>\n\n\n\n<div class=\"is-layout-flow wp-block-group\">\n<p>Nuestros paquetes de ropa de ba\u00f1o incluyen una toalla grande y otra peque\u00f1a, adem\u00e1s de s\u00e1banas.<\/p>\n\n\n\n<ul>\n<li>Para 2 personas: 7 d\u00edas = 22,00 euros \/ 14 d\u00edas = 30,00 euros \/ 21 d\u00edas = 35,00 euros<\/li>\n\n\n\n<li>Para 3 personas: 7 d\u00edas = 32,00 euros \/ 14 d\u00edas = 40,00 euros \/ 21 d\u00edas = 45,00 euros<\/li>\n\n\n\n<li>Para 4 personas: 7 d\u00edas = 42,00 euros \/ 14 d\u00edas = 50,00 euros \/ 21 d\u00edas = 55,00 euros<\/li>\n\n\n\n<li>Para 5 personas: 7 d\u00edas = 52,00 euros \/ 14 d\u00edas = 60,00 euros \/ 21 d\u00edas = 65,00 euros<\/li>\n\n\n\n<li>Para 6 personas: 7 d\u00edas = 62,00 euros \/ 14 d\u00edas = 70,00 euros \/ 21 d\u00edas = 75,00 euros<\/li>\n<\/ul>\n<\/div>\n<\/div>\n\n\n\n<div class=\"wp-block-fc-gut-accordeon fc-desk\">\n<p>Nuestros packs confort<\/p>\n\n\n\n<div class=\"is-layout-flow wp-block-group\">\n<p>Nuestros paquetes de confort incluyen wifi, s\u00e1banas, toallas (1 grande + 1 peque\u00f1a) y un paquete de limpieza.<\/p>\n\n\n\n<ul>\n<li>Para 2 personas: 7 d\u00edas = 50,00 euros \/ 14 d\u00edas = 75,00 euros \/ 21 d\u00edas = 100,00 euros<\/li>\n\n\n\n<li>Para 3 personas: 7 d\u00edas = 70,00 euros \/ 14 d\u00edas = 95,00 euros \/ 21 d\u00edas = 120,00 euros<\/li>\n\n\n\n<li>Para 4 personas: 7 d\u00edas = 95,00 euros \/ 14 d\u00edas = 120,00 euros \/ 21 d\u00edas = 135,00 euros<\/li>\n\n\n\n<li>Para 5 personas: 7 d\u00edas = 100,00 euros \/ 14 d\u00edas = 125,00 euros \/ 21 d\u00edas = 150,00 euros<\/li>\n\n\n\n<li>Para 6 personas: 7 d\u00edas = 120,00 euros \/ 14 d\u00edas = 145,00 euros \/ 21 d\u00edas = 170,00 euros<\/li>\n<\/ul>\n<\/div>\n<\/div>\n\n\n\n<div class=\"wp-block-fc-gut-accordeon fc-desk\">\n<p>Paquete de limpieza de final de estancia<\/p>\n\n\n\n<div class=\"is-layout-flow wp-block-group\">\n<ul>\n<li>Cottage Duo : 7 d\u00edas : \u20ac40.00 \/ 14 d\u00edas : \u20ac50.00 \/ 21 d\u00edas : \u20ac60.00<\/li>\n\n\n\n<li>Cottage Classique &amp; Famille &amp; Mobilodge Corfou : 7 d\u00edas : \u20ac 50.00 \/ 14 d\u00edas : \u20ac 60.00 \/ 21 d\u00edas : \u20ac 70.00<\/li>\n\n\n\n<li>Cottage PMR &amp; Vista al mar : 7 d\u00edas : \u20ac 70.00 \/ 14 d\u00edas : \u20ac 80.00 \/ 21 d\u00edas : \u20ac 90.00<\/li>\n\n\n\n<li>Cottage Le Six : 7 d\u00edas : \u20ac80.00 \/ 14 d\u00edas : \u20ac90.00 \/ 21 d\u00edas : \u20ac100.00<\/li>\n<\/ul>\n<\/div>\n<\/div>\n\n\n\n<div class=\"wp-block-fc-gut-accordeon fc-desk\">\n<p>Barbacoa (en el camping)<\/p>\n\n\n\n<div class=\"is-layout-flow wp-block-group\">\n<ul>\n<li>2,00 \u20ac \/ d\u00eda<\/li>\n<\/ul>\n<\/div>\n<\/div>\n\n\n\n<div class=\"wp-block-fc-gut-accordeon fc-desk\">\n<p>Nuestros kits para beb\u00e9s<\/p>\n\n\n\n<div class=\"is-layout-flow wp-block-group\">\n<p>Nuestros kits para beb\u00e9s constan de una ba\u00f1era, una cuna<br\/>Sombrilla y trona: 21,00 euros por estancia.<\/p>\n\n\n\n<p>Unidades disponibles: 7,00 euros \/ unidad<\/p>\n<\/div>\n<\/div>\n\n\n\n<div class=\"wp-block-fc-gut-accordeon fc-desk\">\n<p>Nuestro Wifi<\/p>\n\n\n\n<div class=\"is-layout-flow wp-block-group\">\n<p>1,50 por d\u00eda para un aparato, acceso general al camping o acceso libre a las zonas comunes todo<br\/>todos los d\u00edas durante 30 minutos<\/p>\n<\/div>\n<\/div>\n\n\n\n<div class=\"wp-block-fc-gut-accordeon fc-desk\">\n<p>Alquiler de neveras (en parcelas de camping)<\/p>\n\n\n\n<div class=\"is-layout-flow wp-block-group\">\n<p>6,00 \u20ac \/ d\u00eda<\/p>\n<\/div>\n<\/div>\n<\/div>\n\n\n\n<div class=\"is-layout-constrained wp-block-group services\">\n<div class=\"wp-block-fc-gut-accordeon fc-desk\">\n<p>\u00bfTienen un club infantil?<\/p>\n\n\n\n<div class=\"is-layout-flow wp-block-group\">\n<p>S\u00ed, abierto en julio y agosto, sus hijos de entre 5 y 11 a\u00f1os tendr\u00e1n acceso a una supervisi\u00f3n de alto nivel para que sus vacaciones sean ricas en aventuras: olimpiadas, juegos en equipo, conocerse, b\u00fasqueda del tesoro, olimpiadas y \u00a1mucho m\u00e1s!<\/p>\n<\/div>\n<\/div>\n\n\n\n<div class=\"wp-block-fc-gut-accordeon fc-desk\">\n<p>\u00bfOrganiza actos durante el d\u00eda?<\/p>\n\n\n\n<div class=\"is-layout-flow wp-block-group\">\n<p>S\u00ed, se organizan clases de aquagym, paseos por el GR34 y torneos deportivos como petanca y waterpolo.<\/p>\n<\/div>\n<\/div>\n\n\n\n<div class=\"wp-block-fc-gut-accordeon fc-desk\">\n<p>\u00bfOrganizan espect\u00e1culos nocturnos?<\/p>\n\n\n\n<div class=\"is-layout-flow wp-block-group\">\n<p>S\u00ed, por la noche, en un ambiente relajado, toda la familia puede reunirse para participar en el espect\u00e1culo. Karaoke, concursos musicales, fiestas de baile, juegos acu\u00e1ticos, nataci\u00f3n nocturna y mucho m\u00e1s&#8230;<br\/>Cada semana, nuestros animadores preparan un programa rico y variado para su disfrute.<\/p>\n<\/div>\n<\/div>\n\n\n\n<div class=\"wp-block-fc-gut-accordeon fc-desk\">\n<p>\u00bfTiene piscinas o toboganes?<\/p>\n\n\n\n<div class=\"is-layout-flow wp-block-group\">\n<p>S\u00ed, tenemos piscina cubierta, piscina al aire libre y toboganes acu\u00e1ticos.<br\/>Abierto del 20 de abril (piscina cubierta y toboganes) y del 1 de mayo (piscina al aire libre) hasta el 21 de septiembre (de 9.30 a 20.00 h);<\/p>\n<\/div>\n<\/div>\n\n\n\n<div class=\"wp-block-fc-gut-accordeon fc-desk\">\n<p>\u00bfTienes un bar?<\/p>\n\n\n\n<div class=\"is-layout-flow wp-block-group\">\n<p>S\u00ed, abierto en julio y agosto. Desayunos in situ, veladas tem\u00e1ticas, conciertos, c\u00f3cteles, karaoke&#8230;<\/p>\n<\/div>\n<\/div>\n\n\n\n<div class=\"wp-block-fc-gut-accordeon fc-desk\">\n<p>\u00bfTienen bar en la zona de la piscina?<\/p>\n\n\n\n<div class=\"is-layout-flow wp-block-group\">\n<p>S\u00ed, abierto en julio y agosto. Desayunos in situ, veladas tem\u00e1ticas, conciertos, c\u00f3cteles, karaoke&#8230;<\/p>\n<\/div>\n<\/div>\n\n\n\n<div class=\"wp-block-fc-gut-accordeon fc-desk\">\n<p>\u00bfTiene un restaurante?<\/p>\n\n\n\n<div class=\"is-layout-flow wp-block-group\">\n<p>S\u00ed, el Piz&#8217;zen abre en julio y agosto. Especialidades Pizzas para comer o llevar, pasta hecha en el local, postres caseros, hamburguesas, ensaladas, paninis.<\/p>\n<\/div>\n<\/div>\n\n\n\n<div class=\"wp-block-fc-gut-accordeon fc-desk\">\n<p>\u00bfTienes una tienda de comestibles?<\/p>\n\n\n\n<div class=\"is-layout-flow wp-block-group\">\n<p>S\u00ed, abierto en julio y agosto. Productos de primera necesidad, pan en julio y agosto, souvenirs, dulces&#8230;<\/p>\n<\/div>\n<\/div>\n\n\n\n<div class=\"wp-block-fc-gut-accordeon fc-desk\">\n<p>\u00bfHace un dep\u00f3sito de pan?<\/p>\n\n\n\n<div class=\"is-layout-flow wp-block-group\">\n<p>S\u00ed, en temporada baja (abril, mayo, junio y septiembre) el dep\u00f3sito del pan se encuentra en recepci\u00f3n. En temporada alta (julio y agosto), se puede comprar pan en la tienda de comestibles. (Pan de chocolate, cruasanes, baguettes&#8230; en colaboraci\u00f3n con una panader\u00eda)<\/p>\n<\/div>\n<\/div>\n\n\n\n<div class=\"wp-block-fc-gut-accordeon fc-desk\">\n<p>\u00bfTienes lavadero?<\/p>\n\n\n\n<div class=\"is-layout-flow wp-block-group\">\n<p>S\u00ed, tenemos varias lavadoras y varios<br\/>secadoras. Las fichas est\u00e1n a la venta en recepci\u00f3n.<\/p>\n\n\n\n<ul>\n<li>Fichas de lavado: 5,00<\/li>\n\n\n\n<li>Fichas de secado: 3,00 euros<\/li>\n\n\n\n<li>Dosis de detergente: 1,00<\/li>\n<\/ul>\n<\/div>\n<\/div>\n<\/div>\n\n\n\n<div class=\"is-layout-constrained wp-block-group annulation\">\n<div class=\"wp-block-fc-gut-accordeon fc-desk\">\n<p>\u00bfC\u00f3mo cancelo mis vacaciones?<\/p>\n\n\n\n<div class=\"is-layout-flow wp-block-group\">\n<ul>\n<li>Si desea cancelar su estancia, p\u00f3ngase en contacto con el camping:<\/li>\n\n\n\n<li>Por tel\u00e9fono:  <a itemprop=\"telephone\" href=\"tel:+33298569811\">02 98 56 98 11<\/a><\/li>\n\n\n\n<li>Por correo electr\u00f3nico :  <a itemprop=\"email\" href=\"mailto:info@camping-keranterec.com\">info@camping-keranterec.com<\/a><\/li>\n<\/ul>\n<\/div>\n<\/div>\n\n\n\n<div class=\"wp-block-fc-gut-accordeon fc-desk\">\n<p>\u00bfCu\u00e1les son las condiciones de anulaci\u00f3n?<\/p>\n\n\n\n<div class=\"is-layout-flow wp-block-group\">\n<p>Si contrata el seguro de cancelaci\u00f3n de CoveredCamp, aqu\u00ed tiene algunas garant\u00edas:<\/p>\n\n\n\n<ul>\n<li>Anulaci\u00f3n de la estancia<\/li>\n\n\n\n<li>Llegada tard\u00eda<\/li>\n\n\n\n<li>Interrupci\u00f3n de la estancia<\/li>\n\n\n\n<li>Veh\u00edculo de sustituci\u00f3n<\/li>\n\n\n\n<li>Objeto olvidado<\/li>\n\n\n\n<li>Virus Covid19<\/li>\n<\/ul>\n\n\n\n<p>Encontrar\u00e1 todas las condiciones generales de venta del seguro Camping Cover en nuestra p\u00e1gina web  \r\n\t\t  \t\t    <a href=\"https:\/\/www.camping-keranterec.com\/wp-content\/uploads\/2023\/09\/cc_flyera5_2023_fr.pdf\" target=\"_blank\">Seguro de anulaci\u00f3n 2023<\/a>\r\n\t\t\t\r\n\t\t  <br\/>Todas las cancelaciones DEBEN notificarse por escrito al responsable de su alojamiento. Para beneficiarse del seguro de anulaci\u00f3n, debe informar al camping y haber contratado el seguro de anulaci\u00f3n campez-couvert en el momento de la reserva y antes de abonar el 25% del dep\u00f3sito.<br\/>En ning\u00fan caso se podr\u00e1 a\u00f1adir un seguro de anulaci\u00f3n a una estancia que haya sido validada por el establecimiento despu\u00e9s de haber efectuado un pago inicial. Si se interrumpe la estancia o se aplaza la llegada, cualquiera que sea la causa, enfermedad, accidente o imprevisto, el arrendatario deber\u00e1 abonar el saldo de la reserva y<br\/>no se efectuar\u00e1n reembolsos.<br\/>Las anulaciones efectuadas sin contratar un seguro de anulaci\u00f3n no se reembolsar\u00e1n en ning\u00fan caso. La ausencia de cartilla de vacunaci\u00f3n no constituye motivo de reembolso.<\/p>\n<\/div>\n<\/div>\n<\/div>\n\n\n\n<div class=\"is-layout-constrained wp-block-group divers\">\n<div class=\"wp-block-fc-gut-accordeon fc-desk\">\n<p>\u00bfEst\u00e1n abiertos el restaurante \/ bar \/ tienda de comestibles \/ choza de paja \/ piscinas en temporada baja?<\/p>\n\n\n\n<div class=\"is-layout-flow wp-block-group\">\n<p>La caba\u00f1a de paja y la piscina cubierta est\u00e1n abiertas en temporada baja.<br\/>La piscina exterior est\u00e1 abierta desde principios de junio.<br\/>El restaurante\/bar y la tienda de comestibles abren desde principios de julio hasta finales de agosto.<\/p>\n<\/div>\n<\/div>\n\n\n\n<div class=\"wp-block-fc-gut-accordeon fc-desk\">\n<p>\u00bfEs posible reservar 2 mobil homes o parcelas una al lado de la otra?<\/p>\n\n\n\n<div class=\"is-layout-flow wp-block-group\">\n<p>Todo lo que tiene que hacer es a\u00f1adir un comentario a la reserva si reserv\u00f3 en l\u00ednea, o preguntar directamente a nuestro personal si reserv\u00f3 por correo electr\u00f3nico o tel\u00e9fono, y se pondr\u00e1n en contacto con usted lo antes posible.<br\/>El camping har\u00e1 todo lo posible por atender su petici\u00f3n.<\/p>\n<\/div>\n<\/div>\n\n\n\n<div class=\"wp-block-fc-gut-accordeon fc-desk\">\n<p>\u00bfTama\u00f1o de las parcelas?<\/p>\n\n\n\n<div class=\"is-layout-flow wp-block-group\">\n<p>Todas nuestras parcelas tienen entre 100 y 120 m\u00b2.<\/p>\n<\/div>\n<\/div>\n\n\n\n<div class=\"wp-block-fc-gut-accordeon fc-desk\">\n<p>\u00bfCu\u00e1l es el tama\u00f1o m\u00e1ximo permitido para caravanas y autocaravanas?<\/p>\n\n\n\n<div class=\"is-layout-flow wp-block-group\">\n<p>10 metros como m\u00e1ximo. Si tiene una caravana de m\u00e1s de 7 metros, p\u00f3ngase en contacto con nuestro departamento de reservas para obtener un mapa de acceso especial. En el camping se admiten caravanas de dos ejes.<\/p>\n<\/div>\n<\/div>\n\n\n\n<div class=\"wp-block-fc-gut-accordeon fc-desk\">\n<p>\u00bfPuedo tener un segundo veh\u00edculo cerca de mi autocaravana?<\/p>\n\n\n\n<div class=\"is-layout-flow wp-block-group\">\n<p>No, s\u00f3lo se permite un coche por parcela.<\/p>\n<\/div>\n<\/div>\n\n\n\n<div class=\"wp-block-fc-gut-accordeon fc-desk\">\n<p>\u00bfOfrecen estancias de larga duraci\u00f3n?<\/p>\n\n\n\n<div class=\"is-layout-flow wp-block-group\">\n<p>Puedes reservar una estancia de larga duraci\u00f3n en una parcela para autocaravanas. Ofrecemos atractivos paquetes para este tipo de servicio.<\/p>\n<\/div>\n<\/div>\n\n\n\n<div class=\"wp-block-fc-gut-accordeon fc-desk\">\n<p>\u00bfA qu\u00e9 distancia est\u00e1 la playa?<\/p>\n\n\n\n<div class=\"is-layout-flow wp-block-group\">\n<p>La playa m\u00e1s cercana al camping est\u00e1 a 800 metros.<br\/>metros, se puede llegar a pie, tomando el<br\/>la senda costera o por carretera a lo largo de la acera<br\/>del camping.<\/p>\n\n\n\n<p>Esta es la playa de Kerleven, la principal del<br\/>\u00a1For\u00eat-Fouesnant! Playa de arena fina de m\u00e1s de<br\/>kil\u00f3metro de largo. Ampliamente protegido del viento, es<br\/>es ideal para nadar y relajarse y est\u00e1 supervisado por un socorrista<br\/>en verano.<\/p>\n\n\n\n<p>Playas familiares y accesibles: la playa de Kerleven, por supuesto, pero tambi\u00e9n la playa de Trez, en B\u00e9nodet, una hermosa y larga playa en el coraz\u00f3n de la estaci\u00f3n balnearia.<br\/>Ideal para familias, est\u00e1 vigilado en verano y ofrece una magn\u00edfica vista de la Pointe de Combrit Sainte-Marine y del mar abierto. Tambi\u00e9n est\u00e1 la playa de Cap Coz, una playa de arena fina al final de la bah\u00eda, orientada al sur, con socorristas en verano.<\/p>\n\n\n\n<p>Por \u00faltimo, la playa de Maner Coat Clevarec (conocida como Renouveau), en Fouesnant, es ideal para pasar unos d\u00edas de playa en familia.<\/p>\n\n\n\n<p>Playas \u00edntimas: Algunas personas prefieren playas m\u00e1s \u00edntimas, como la playa de Kerler, una larga playa de arena fina y suave pendiente en Mousterlin.<br\/>Aparcamiento cercano, wc. Parte de esta playa est\u00e1 reconocida como playa naturista. Playa vigilada y puesto de socorrismo: del 01\/07 al 31\/08 (de 13:00 a 19:00).<\/p>\n\n\n\n<p>Playas deportivas: situada frente a la costa de Fouesnant, en el archipi\u00e9lago de Gl\u00e9nan, la playa de Saint-Nicolas es un para\u00edso de arena rubia y fina, aguas cristalinas de color turquesa y sol. Hay una escuela de vela que ofrece una amplia gama de deportes n\u00e1uticos. Playa vigilada en julio y agosto por la SDIS<br\/>du Finist\u00e8re (de 10:00 a 18:00).<\/p>\n\n\n\n<p>Encontrar\u00e1 numerosas playas que visitar en nuestro magn\u00edfico departamento, que cuenta con m\u00e1s de 1.200 kil\u00f3metros de costa (primer departamento mar\u00edtimo de Francia) donde se suceden amplias playas de arena fina (blanca o dorada), peque\u00f1as calas y grandes extensiones de mar.<br\/>\u00a1tramos de guijarros pulidos por las olas!<\/p>\n<\/div>\n<\/div>\n\n\n\n<div class=\"wp-block-fc-gut-accordeon fc-desk\">\n<p>\u00bfA qu\u00e9 distancia est\u00e1 la ciudad m\u00e1s cercana? \u00bfEn un radio de 5 km? \u00bfY 15 km?<\/p>\n\n\n\n<div class=\"is-layout-flow wp-block-group\">\n<p>A s\u00f3lo 2,5 km se encuentra la ciudad mercado de La For\u00eat-Fouesnant. Llene su memoria de historia y descubra la iglesia de Notre-Dame-d&#8217;Izel-Vor, construida a principios del siglo XVI. A s\u00f3lo 800 metros, la playa de Kerleven (orientada al sur), la pesca de marisco, numerosos senderos costeros&#8230; y Puerto Pr\u00edncipe.<br\/>La-For\u00eat, alquiler de barcos, escuela de vela y de submarinismo&#8230; A 5 Kms, divi\u00e9rtase en Concarneau en su ciudad amurallada, su folclore, el festival de la red azul&#8230; A 15 Kms, no se pierda<br\/>Quimper y su catedral, calles peatonales y gastronom\u00eda&#8230;<\/p>\n<\/div>\n<\/div>\n\n\n\n<div class=\"wp-block-fc-gut-accordeon fc-desk\">\n<p>\u00bfD\u00f3nde est\u00e1n los mercados?<\/p>\n\n\n\n<div class=\"is-layout-flow wp-block-group\">\n<p>El mercado de La for\u00eat-Fouesnant tiene lugar los domingos por la ma\u00f1ana en el centro de la ciudad y el de Port la For\u00eat los martes a partir de las 18.00 horas (mercado nocturno en julio y agosto). Tambi\u00e9n puede visitar<br\/>Fouesnant los viernes por la ma\u00f1ana o Concarneau los lunes por la ma\u00f1ana para un mercado m\u00e1s peque\u00f1o o los viernes por la ma\u00f1ana para m\u00e1s puestos. En julio y agosto, Beg Meil, peque\u00f1o municipio anexo a la ciudad de Fouesnant, tambi\u00e9n celebra su mercado los mi\u00e9rcoles por la ma\u00f1ana.<br\/>Si desea conocer m\u00e1s lugares, en recepci\u00f3n estaremos encantados de facilitarle los detalles de los distintos actos si lo solicita.<\/p>\n<\/div>\n<\/div>\n<\/div>\n<\/div>\n","protected":false},"excerpt":{"rendered":"<p>Informaci\u00f3n pr\u00e1ctica Horario de apertura de la recepci\u00f3n del camping La recepci\u00f3n de nuestro camping La For\u00eat-Fouesnant est\u00e1 a su disposici\u00f3n durante toda su estancia. La recepci\u00f3n est\u00e1 abierta todos los d\u00edas: Temporada baja: de 8.00 a 12.30 y de 14.00 a 18.00 (abril, mayo, junio y septiembre); Temporada alta: de 9.00 a 12.30 y [&hellip;]<\/p>\n","protected":false},"author":1,"featured_media":0,"parent":0,"menu_order":0,"comment_status":"closed","ping_status":"closed","template":"","meta":{"_seopress_robots_primary_cat":"","_seopress_titles_title":"","_seopress_titles_desc":"","_seopress_robots_index":""},"acf":[],"_links":{"self":[{"href":"https:\/\/www.camping-keranterec.com\/es\/wp-json\/wp\/v2\/pages\/2775"}],"collection":[{"href":"https:\/\/www.camping-keranterec.com\/es\/wp-json\/wp\/v2\/pages"}],"about":[{"href":"https:\/\/www.camping-keranterec.com\/es\/wp-json\/wp\/v2\/types\/page"}],"author":[{"embeddable":true,"href":"https:\/\/www.camping-keranterec.com\/es\/wp-json\/wp\/v2\/users\/1"}],"replies":[{"embeddable":true,"href":"https:\/\/www.camping-keranterec.com\/es\/wp-json\/wp\/v2\/comments?post=2775"}],"version-history":[{"count":6,"href":"https:\/\/www.camping-keranterec.com\/es\/wp-json\/wp\/v2\/pages\/2775\/revisions"}],"predecessor-version":[{"id":4259,"href":"https:\/\/www.camping-keranterec.com\/es\/wp-json\/wp\/v2\/pages\/2775\/revisions\/4259"}],"wp:attachment":[{"href":"https:\/\/www.camping-keranterec.com\/es\/wp-json\/wp\/v2\/media?parent=2775"}],"curies":[{"name":"wp","href":"https:\/\/api.w.org\/{rel}","templated":true}]}}