{"id":2734,"date":"2023-11-21T17:23:38","date_gmt":"2023-11-21T16:23:38","guid":{"rendered":"https:\/\/www.camping-keranterec.com\/accommodation\/"},"modified":"2023-12-07T14:32:32","modified_gmt":"2023-12-07T13:32:32","slug":"location-mobil-home-bretagne-sud","status":"publish","type":"page","link":"https:\/\/www.camping-keranterec.com\/en\/location-mobil-home-bretagne-sud\/","title":{"rendered":"Accommodation &#8211; Rentals"},"content":{"rendered":"\n<div class=\"is-layout-flow wp-block-group alignfull diaporama-header\">\n<figure class=\"is-layout-flex wp-block-gallery-1 wp-block-gallery has-nested-images columns-1 is-cropped fc-diapo fc-auto\">\n<figure class=\"wp-block-image size-full fc-auto\"><img alt=\"\" decoding=\"async\" loading=\"lazy\" width=\"847\" height=\"606\" src=\"https:\/\/www.camping-keranterec.com\/wp-content\/uploads\/2023\/10\/location-mobil-home.jpg\" alt=\"\" class=\"wp-image-2378\" srcset=\"https:\/\/www.camping-keranterec.com\/wp-content\/uploads\/2023\/10\/location-mobil-home.jpg 847w, https:\/\/www.camping-keranterec.com\/wp-content\/uploads\/2023\/10\/location-mobil-home-300x215.jpg 300w, https:\/\/www.camping-keranterec.com\/wp-content\/uploads\/2023\/10\/location-mobil-home-768x549.jpg 768w\" sizes=\"(max-width: 847px) 100vw, 847px\" \/><\/figure>\n\n\n\n<figure class=\"wp-block-image size-full fc-auto\"><img alt=\"\" decoding=\"async\" loading=\"lazy\" width=\"1920\" height=\"596\" src=\"https:\/\/www.camping-keranterec.com\/wp-content\/uploads\/2023\/10\/hebergements-diaporama.jpg\" alt=\"\" class=\"wp-image-2370\" srcset=\"https:\/\/www.camping-keranterec.com\/wp-content\/uploads\/2023\/10\/hebergements-diaporama.jpg 1920w, https:\/\/www.camping-keranterec.com\/wp-content\/uploads\/2023\/10\/hebergements-diaporama-300x93.jpg 300w, https:\/\/www.camping-keranterec.com\/wp-content\/uploads\/2023\/10\/hebergements-diaporama-1024x318.jpg 1024w, https:\/\/www.camping-keranterec.com\/wp-content\/uploads\/2023\/10\/hebergements-diaporama-768x238.jpg 768w, https:\/\/www.camping-keranterec.com\/wp-content\/uploads\/2023\/10\/hebergements-diaporama-1536x477.jpg 1536w\" sizes=\"(max-width: 1920px) 100vw, 1920px\" \/><\/figure>\n\n\n\n<figure class=\"wp-block-image size-full fc-auto\"><img alt=\"\" decoding=\"async\" loading=\"lazy\" width=\"850\" height=\"550\" src=\"https:\/\/www.camping-keranterec.com\/wp-content\/uploads\/2023\/10\/famille-home.jpg\" alt=\"\" class=\"wp-image-2374\" srcset=\"https:\/\/www.camping-keranterec.com\/wp-content\/uploads\/2023\/10\/famille-home.jpg 850w, https:\/\/www.camping-keranterec.com\/wp-content\/uploads\/2023\/10\/famille-home-300x194.jpg 300w, https:\/\/www.camping-keranterec.com\/wp-content\/uploads\/2023\/10\/famille-home-768x497.jpg 768w\" sizes=\"(max-width: 850px) 100vw, 850px\" \/><\/figure>\n<\/figure>\n\n\n\n<p class=\"has-text-align-center\">Our cottages &amp; mobile homes <span class=\"fc-span\">in La For\u00eat-Fouesnant<\/span><\/p>\n<\/div>\n\n<div class=\"is-layout-flex wp-container-10 wp-block-columns K-40\">\n<div class=\"is-layout-flow wp-block-column deco--bloc-vague K-40-col\">\n<figure class=\"is-layout-flex wp-block-gallery-4 wp-block-gallery has-nested-images columns-default is-cropped fc-full\">\n<figure class=\"wp-block-image size-large fc-auto\"><img alt=\"\" decoding=\"async\" loading=\"lazy\" width=\"567\" height=\"851\" src=\"https:\/\/www.camping-keranterec.com\/wp-content\/uploads\/2023\/10\/tamaris-iv.jpg\" alt=\"\" class=\"wp-image-1765\" srcset=\"https:\/\/www.camping-keranterec.com\/wp-content\/uploads\/2023\/10\/tamaris-iv.jpg 567w, https:\/\/www.camping-keranterec.com\/wp-content\/uploads\/2023\/10\/tamaris-iv-200x300.jpg 200w\" sizes=\"(max-width: 567px) 100vw, 567px\" \/><\/figure>\n\n\n\n<figure class=\"wp-block-image size-large fc-auto\"><img alt=\"\" decoding=\"async\" loading=\"lazy\" width=\"672\" height=\"1024\" src=\"https:\/\/www.camping-keranterec.com\/wp-content\/uploads\/2023\/10\/tamaris-cac-parents-1-672x1024-1.jpg\" alt=\"\" class=\"wp-image-1781\" srcset=\"https:\/\/www.camping-keranterec.com\/wp-content\/uploads\/2023\/10\/tamaris-cac-parents-1-672x1024-1.jpg 672w, https:\/\/www.camping-keranterec.com\/wp-content\/uploads\/2023\/10\/tamaris-cac-parents-1-672x1024-1-197x300.jpg 197w\" sizes=\"(max-width: 672px) 100vw, 672px\" \/><\/figure>\n<\/figure>\n\n\n\n<div class=\"is-layout-flex wp-block-buttons\">\n<div class=\"wp-block-button fc-style-3\"><a class=\"wp-block-button__link wp-element-button\" href=\"https:\/\/www.camping-keranterec.com\/en\/photo-gallery\/\">See photo gallery<\/a><\/div>\n<\/div>\n<\/div>\n\n\n\n<div class=\"is-layout-flow wp-block-column K-40-col2\" style=\"flex-basis:28%\">\n<h1 class=\"h2 has-dore-clair-color has-text-color\">New, quality, fully-equipped <span class=\"fc-span\">mobile homes in South Finistere!<\/span><\/h1>\n\n\n\n<p>Choose the <strong>K\u00e9rant\u00e9rec campsite in La For\u00eat-Fouesnant<\/strong> for your next stay between Concarneau and Fouesnant and <strong>enjoy the beach close to your next vacation rental<\/strong>!<\/p>\n\n\n\n<h2 class=\"h4 has-bleu-color has-text-color\">Comfortable mobile homes by the sea in La For\u00eat Fouesnant<\/h2>\n\n\n\n<p>Various models of <strong>mobile homes<\/strong> or <strong>cottages<\/strong>, accommodating up to 8 people, are available at the K\u00e9rant\u00e9rec campsite near <a href=\"https:\/\/www.camping-keranterec.com\/en\/alentours\/la-foret-fouesnant\/\" data-type=\"alentours\" data-id=\"838\">Fouesnant<\/a>!<\/p>\n\n\n\n<div class=\"wp-block-fc-gut-lire-plus fc-desk\">\n<p>Read more<\/p>\n\n\n\n<div class=\"is-layout-flow wp-block-group\">\n<p>Our accommodation available to rent for your stay at <a href=\"https:\/\/www.camping-keranterec.com\/en\/\"><strong>campsite near Fouesnant<\/strong><\/a> will offer you all the comfort you need for a <strong>pleasant stay in South Finist\u00e8re<\/strong>. They feature a wooden terrace, covered or semi-covered depending on the model, and garden furniture to make the most of meals with family or friends, a charcoal barbecue and deckchairs for a moment of relaxation.<\/p>\n<\/div>\n<\/div>\n<\/div>\n<\/div>\n\n<div class=\"is-layout-flex wp-container-16 wp-block-columns alignfull K-35 a has-fond-background-color has-background\">\n<div class=\"is-layout-flow wp-block-column is-vertically-aligned-center deco--bateau\" style=\"flex-basis:30%\">\n<h2 class=\"h4 has-dore-clair-color has-text-color\">Seaside rentals to suit every taste<\/h2>\n\n\n\n<p>Inside, you&#8217;ll find a <strong>fully-equipped kitchen, living and\/or dining room, an adapted bathroom and spacious, functional bedrooms<\/strong>. What&#8217;s more, to guarantee your peace and privacy, our mobile homes are enclosed by hedges. Whether you&#8217;re a family, a couple or a group of friends, you&#8217;ll easily find the mobile home to suit your needs.<\/p>\n\n\n\n<div class=\"wp-block-fc-gut-lire-plus fc-desk\">\n<p>Read more<\/p>\n\n\n\n<div class=\"is-layout-flow wp-block-group\">\n<p>At our <strong>campsite in La For\u00eat Fouesnant<\/strong>, you can choose to <strong>rent a mobile home<\/strong> with a surface area of 28 to 40 m\u00b2 and <strong>1 to 3 bedrooms<\/strong> (depending on your needs).<\/p>\n\n\n\n<p>Families who wish to do so can also <strong>enjoy the ocean all day long<\/strong> in the immediate vicinity by opting for a <strong>mobile home with sea view<\/strong> ! For those looking for the comfort of a rental and the spirit of camping on a <a href=\"https:\/\/www.camping-keranterec.com\/en\/camping-pitches\/\" data-type=\"page\" data-id=\"366\">location<\/a>with the <strong>Mobilodge<\/strong>the ideal compromise!<\/p>\n\n\n\n<p>All you have to do is choose the right accommodation for your <strong>dream vacation<\/strong> at our <strong>4-star campsite in La For\u00eat Fouesnant<\/strong>, between Concarneau and Fouesnant, close to the sea.<\/p>\n<\/div>\n<\/div>\n\n\n\n<div class=\"wp-block-fc-gut-encart fc-alerte\">\n<p class=\"deco--chien\">At the K\u00e9rant\u00e9rec campsite, <strong>pets are welcome<\/strong>! <a href=\"https:\/\/www.camping-keranterec.com\/en\/practical-information\/\" data-type=\"page\" data-id=\"376\">To find out more<\/a><\/p>\n<\/div>\n<\/div>\n\n\n\n<div class=\"is-layout-flow wp-block-column deco--bloc-vague\">\n<figure class=\"is-layout-flex wp-block-gallery-13 wp-block-gallery has-nested-images columns-default is-cropped  fade-left fc-sticky fc-auto\">\n<figure class=\"wp-block-image size-full fc-auto\"><img alt=\"\" decoding=\"async\" loading=\"lazy\" width=\"959\" height=\"1024\" src=\"https:\/\/www.camping-keranterec.com\/wp-content\/uploads\/2023\/10\/img_4402-768x1024-1.jpg\" alt=\"\" class=\"wp-image-536\" srcset=\"https:\/\/www.camping-keranterec.com\/wp-content\/uploads\/2023\/10\/img_4402-768x1024-1.jpg 959w, https:\/\/www.camping-keranterec.com\/wp-content\/uploads\/2023\/10\/img_4402-768x1024-1-281x300.jpg 281w, https:\/\/www.camping-keranterec.com\/wp-content\/uploads\/2023\/10\/img_4402-768x1024-1-768x820.jpg 768w\" sizes=\"(max-width: 959px) 100vw, 959px\" \/><\/figure>\n\n\n\n<figure class=\"wp-block-image size-full fc-auto\"><img alt=\"\" decoding=\"async\" loading=\"lazy\" width=\"768\" height=\"1024\" src=\"https:\/\/www.camping-keranterec.com\/wp-content\/uploads\/2023\/10\/img_4379-768x1024-1.jpeg\" alt=\"\" class=\"wp-image-1709\" srcset=\"https:\/\/www.camping-keranterec.com\/wp-content\/uploads\/2023\/10\/img_4379-768x1024-1.jpeg 768w, https:\/\/www.camping-keranterec.com\/wp-content\/uploads\/2023\/10\/img_4379-768x1024-1-225x300.jpeg 225w\" sizes=\"(max-width: 768px) 100vw, 768px\" \/><\/figure>\n<\/figure>\n\n\n\n<div class=\"wp-block-fc-gut-encart fc-information\">\n<p class=\"has-bleu-clair-background-color has-background\"><a href=\"https:\/\/www.camping-keranterec.com\/en\/surroundings\/\" data-type=\"page\" data-id=\"364\">Sea view <span class=\"fc-icon sun-haze-light\"><\/span><\/a><\/p>\n<\/div>\n<\/div>\n<\/div>\n\n<div class=\"is-layout-constrained wp-block-group K-20 deco--tampon-dore\">\n<div class=\"is-layout-flex wp-container-29 wp-block-columns deco--flore-plage cards fade-up\">\n<div class=\"is-layout-flow wp-block-column\">\n<div class=\"is-layout-constrained wp-block-group\">\n<figure class=\"wp-block-image size-full fc-auto\"><img alt=\"\" decoding=\"async\" loading=\"lazy\" width=\"1025\" height=\"1025\" src=\"https:\/\/www.camping-keranterec.com\/wp-content\/uploads\/2023\/09\/brehat-32-3.jpg\" alt=\"\" class=\"wp-image-180\" srcset=\"https:\/\/www.camping-keranterec.com\/wp-content\/uploads\/2023\/09\/brehat-32-3.jpg 1025w, https:\/\/www.camping-keranterec.com\/wp-content\/uploads\/2023\/09\/brehat-32-3-300x300.jpg 300w, https:\/\/www.camping-keranterec.com\/wp-content\/uploads\/2023\/09\/brehat-32-3-150x150.jpg 150w, https:\/\/www.camping-keranterec.com\/wp-content\/uploads\/2023\/09\/brehat-32-3-768x768.jpg 768w\" sizes=\"(max-width: 1025px) 100vw, 1025px\" \/><figcaption class=\"wp-element-caption\">Basic<\/figcaption><\/figure>\n\n\n\n<div class=\"is-layout-constrained wp-block-group has-dore-background-color has-background\">\n<p class=\"has-text-align-center\"><span class=\"fc-icon star-solid\"><\/span><\/p>\n\n\n\n<p class=\"has-text-align-center h4\">Basic<\/p>\n\n\n\n<p class=\"has-text-align-center\">Elegant \/ Spacious \/ Design \/ Covered terrace<\/p>\n<\/div>\n<\/div>\n<\/div>\n\n\n\n<div class=\"is-layout-flow wp-block-column\">\n<div class=\"is-layout-constrained wp-block-group\">\n<figure class=\"wp-block-image size-full fc-auto\"><img alt=\"\" decoding=\"async\" loading=\"lazy\" width=\"1025\" height=\"1024\" src=\"https:\/\/www.camping-keranterec.com\/wp-content\/uploads\/2023\/09\/brehat-32-3-1.jpg\" alt=\"\" class=\"wp-image-168\" srcset=\"https:\/\/www.camping-keranterec.com\/wp-content\/uploads\/2023\/09\/brehat-32-3-1.jpg 1025w, https:\/\/www.camping-keranterec.com\/wp-content\/uploads\/2023\/09\/brehat-32-3-1-300x300.jpg 300w, https:\/\/www.camping-keranterec.com\/wp-content\/uploads\/2023\/09\/brehat-32-3-1-150x150.jpg 150w, https:\/\/www.camping-keranterec.com\/wp-content\/uploads\/2023\/09\/brehat-32-3-1-768x767.jpg 768w\" sizes=\"(max-width: 1025px) 100vw, 1025px\" \/><figcaption class=\"wp-element-caption\">Comfort<\/figcaption><\/figure>\n\n\n\n<div class=\"is-layout-constrained wp-block-group has-bleu-clair-background-color has-background\">\n<p class=\"has-text-align-center\"><span class=\"fc-icon star-solid\"><\/span><span class=\"fc-icon star-solid\"><\/span><\/p>\n\n\n\n<p class=\"has-text-align-center h4\">Comfort<\/p>\n\n\n\n<p class=\"has-text-align-center\">Recent \/ Clean \/ Charming \/ Semi-covered terrace<\/p>\n<\/div>\n<\/div>\n<\/div>\n\n\n\n<div class=\"is-layout-flow wp-block-column\">\n<div class=\"is-layout-constrained wp-block-group\">\n<figure class=\"wp-block-image size-full fc-auto\"><img alt=\"\" decoding=\"async\" loading=\"lazy\" width=\"1025\" height=\"1025\" src=\"https:\/\/www.camping-keranterec.com\/wp-content\/uploads\/2023\/09\/brehat-32-3-2.jpg\" alt=\"\" class=\"wp-image-172\" srcset=\"https:\/\/www.camping-keranterec.com\/wp-content\/uploads\/2023\/09\/brehat-32-3-2.jpg 1025w, https:\/\/www.camping-keranterec.com\/wp-content\/uploads\/2023\/09\/brehat-32-3-2-300x300.jpg 300w, https:\/\/www.camping-keranterec.com\/wp-content\/uploads\/2023\/09\/brehat-32-3-2-150x150.jpg 150w, https:\/\/www.camping-keranterec.com\/wp-content\/uploads\/2023\/09\/brehat-32-3-2-768x768.jpg 768w\" sizes=\"(max-width: 1025px) 100vw, 1025px\" \/><figcaption class=\"wp-element-caption\">Privilege<\/figcaption><\/figure>\n\n\n\n<div class=\"is-layout-constrained wp-block-group has-dore-clair-background-color has-background\">\n<p class=\"has-text-align-center\"><span class=\"fc-icon star-solid\"><\/span><span class=\"fc-icon star-solid\"><\/span><span class=\"fc-icon star-solid\"><\/span><\/p>\n\n\n\n<p class=\"has-text-align-center h4\">Privilege<\/p>\n\n\n\n<p class=\"has-text-align-center\">Modern \/ Airy \/ Comfortable \/ Semi-covered terrace<\/p>\n<\/div>\n<\/div>\n<\/div>\n\n\n\n<div class=\"is-layout-flow wp-block-column\">\n<div class=\"is-layout-constrained wp-block-group\">\n<figure class=\"wp-block-image size-full fc-auto\"><img alt=\"\" decoding=\"async\" loading=\"lazy\" width=\"1025\" height=\"1024\" src=\"https:\/\/www.camping-keranterec.com\/wp-content\/uploads\/2023\/09\/brehat-32-3-3.jpg\" alt=\"\" class=\"wp-image-176\" srcset=\"https:\/\/www.camping-keranterec.com\/wp-content\/uploads\/2023\/09\/brehat-32-3-3.jpg 1025w, https:\/\/www.camping-keranterec.com\/wp-content\/uploads\/2023\/09\/brehat-32-3-3-300x300.jpg 300w, https:\/\/www.camping-keranterec.com\/wp-content\/uploads\/2023\/09\/brehat-32-3-3-150x150.jpg 150w, https:\/\/www.camping-keranterec.com\/wp-content\/uploads\/2023\/09\/brehat-32-3-3-768x767.jpg 768w\" sizes=\"(max-width: 1025px) 100vw, 1025px\" \/><figcaption class=\"wp-element-caption\">Luxury<\/figcaption><\/figure>\n\n\n\n<div class=\"is-layout-constrained wp-block-group has-bleu-background-color has-background\">\n<p class=\"has-text-align-center\"><span class=\"fc-icon star-solid\"><\/span><span class=\"fc-icon star-solid\"><\/span><span class=\"fc-icon star-solid\"><\/span><span class=\"fc-icon star-solid\"><\/span><\/p>\n\n\n\n<p class=\"has-text-align-center h4\">Luxury<\/p>\n\n\n\n<p class=\"has-text-align-center\">Elegant \/ Spacious \/ Design \/ Covered terrace<\/p>\n<\/div>\n<\/div>\n<\/div>\n<\/div>\n<\/div>\n<div id=\"fc-bloc-locations\" class=\"wp-block-columns\">\r\n\r\n    <div class=\"wp-block-column col1\" style=\"flex-basis: 30%\">\r\n\r\n        <p class=\"h1\">Find a location<\/p>\r\n\r\n        <div id=\"fc-filtres\">\r\n\r\n            <div class=\"fc-filtres__main\">\r\n\r\n                <div class=\"fc-filtres__main__filtre datepicker\">\r\n                    <label for=\"datepicker\">Dates of your stay<\/label>\r\n                    <input type=\"text\" id=\"barre-datepicker\" placeholder=\"Select your dates\" data-input>\r\n                <\/div>\r\n\r\n                <hr\/>\r\n\r\n                <div class=\"fc-filtres__main__filtre toggle\">\r\n                    <label for=\"nombrepersonnes\">Capacity<\/label>\r\n                    <input type=\"text\" placeholder=\"All Capacities\" id=\"barre-nombrepersonnes\" disabled>\r\n                    <div class=\"filtre nombrepersonnes\">\r\n                                                    <div>\r\n                                <input value=\"1\" type=\"radio\" name=\"barre-nombrepersonnes\" id=\"barre-personnes-1\">\r\n                                <label for=\"barre-personnes-1\">1 and +<\/label>\r\n                            <\/div>\r\n                                                    <div>\r\n                                <input value=\"2\" type=\"radio\" name=\"barre-nombrepersonnes\" id=\"barre-personnes-2\">\r\n                                <label for=\"barre-personnes-2\">2 and +<\/label>\r\n                            <\/div>\r\n                                                    <div>\r\n                                <input value=\"3\" type=\"radio\" name=\"barre-nombrepersonnes\" id=\"barre-personnes-3\">\r\n                                <label for=\"barre-personnes-3\">3 and +<\/label>\r\n                            <\/div>\r\n                                                    <div>\r\n                                <input value=\"4\" type=\"radio\" name=\"barre-nombrepersonnes\" id=\"barre-personnes-4\">\r\n                                <label for=\"barre-personnes-4\">4 and +<\/label>\r\n                            <\/div>\r\n                                                    <div>\r\n                                <input value=\"5\" type=\"radio\" name=\"barre-nombrepersonnes\" id=\"barre-personnes-5\">\r\n                                <label for=\"barre-personnes-5\">5 and +<\/label>\r\n                            <\/div>\r\n                                                    <div>\r\n                                <input value=\"6\" type=\"radio\" name=\"barre-nombrepersonnes\" id=\"barre-personnes-6\">\r\n                                <label for=\"barre-personnes-6\">6 and +<\/label>\r\n                            <\/div>\r\n                                            <\/div>\r\n                <\/div>\r\n\r\n            <\/div>\r\n\r\n            <div class=\"fc-filtres__plus\">\r\n\r\n                <button class=\"fc-filtres__plus__toggle\" data-toggle=\"taxo--gamme\">Range<\/button>\r\n\r\n                <div class=\"fc-filtres__plus__taxo taxo--gamme\">\r\n\r\n                    \r\n                            <div class=\"fc-filtres__plus__taxo__filtre\">\r\n                                <input type=\"checkbox\" name=\"gamme\" value=\"basic-en\" id=\"basic-en\">\r\n                                <label for=\"basic-en\">Basic<\/label>\r\n                            <\/div>\r\n\r\n                        \r\n                            <div class=\"fc-filtres__plus__taxo__filtre\">\r\n                                <input type=\"checkbox\" name=\"gamme\" value=\"comfort\" id=\"comfort\">\r\n                                <label for=\"comfort\">Comfort<\/label>\r\n                            <\/div>\r\n\r\n                        \r\n                            <div class=\"fc-filtres__plus__taxo__filtre\">\r\n                                <input type=\"checkbox\" name=\"gamme\" value=\"luxury\" id=\"luxury\">\r\n                                <label for=\"luxury\">Luxury<\/label>\r\n                            <\/div>\r\n\r\n                        \r\n                            <div class=\"fc-filtres__plus__taxo__filtre\">\r\n                                <input type=\"checkbox\" name=\"gamme\" value=\"prestige-en\" id=\"prestige-en\">\r\n                                <label for=\"prestige-en\">Prestige<\/label>\r\n                            <\/div>\r\n\r\n                        \r\n                            <div class=\"fc-filtres__plus__taxo__filtre\">\r\n                                <input type=\"checkbox\" name=\"gamme\" value=\"privilege-en\" id=\"privilege-en\">\r\n                                <label for=\"privilege-en\">Privilege<\/label>\r\n                            <\/div>\r\n\r\n                        \r\n                <\/div>\r\n\r\n                <hr\/>   \r\n\r\n                <button class=\"fc-filtres__plus__toggle\" data-toggle=\"taxo--option\">Options<\/button>\r\n\r\n                <div class=\"fc-filtres__plus__taxo taxo--option\">\r\n\r\n                    \r\n                            <div class=\"fc-filtres__plus__taxo__filtre\">\r\n                                <input type=\"checkbox\" name=\"option\" value=\"terrasse-couverte-en\" id=\"terrasse-couverte-en\">\r\n                                <label for=\"terrasse-couverte-en\"><span class=\"fc-icon shop-light\"><\/span>Covered terrace<\/label>\r\n                            <\/div>\r\n\r\n                        \r\n                            <div class=\"fc-filtres__plus__taxo__filtre\">\r\n                                <input type=\"checkbox\" name=\"option\" value=\"dishwashers\" id=\"dishwashers\">\r\n                                <label for=\"dishwashers\"><span class=\"fc-icon -light\"><\/span>Dishwashers<\/label>\r\n                            <\/div>\r\n\r\n                        \r\n                            <div class=\"fc-filtres__plus__taxo__filtre\">\r\n                                <input type=\"checkbox\" name=\"option\" value=\"vue-sur-mer-en\" id=\"vue-sur-mer-en\">\r\n                                <label for=\"vue-sur-mer-en\"><span class=\"fc-icon water-light\"><\/span>Sea view<\/label>\r\n                            <\/div>\r\n\r\n                        \r\n                            <div class=\"fc-filtres__plus__taxo__filtre\">\r\n                                <input type=\"checkbox\" name=\"option\" value=\"terrasse-semi-couverte-en\" id=\"terrasse-semi-couverte-en\">\r\n                                <label for=\"terrasse-semi-couverte-en\"><span class=\"fc-icon shop2-light\"><\/span>Semi-covered terrace<\/label>\r\n                            <\/div>\r\n\r\n                        \r\n                            <div class=\"fc-filtres__plus__taxo__filtre\">\r\n                                <input type=\"checkbox\" name=\"option\" value=\"television-en-2\" id=\"television-en-2\">\r\n                                <label for=\"television-en-2\"><span class=\"fc-icon tv-light\"><\/span>Television<\/label>\r\n                            <\/div>\r\n\r\n                        \r\n                <\/div>\r\n\r\n            <\/div>\r\n        \r\n        <\/div>\r\n\r\n    <\/div>\r\n\r\n    <div id=\"fc-locations\" class=\"wp-block-column\">\r\n    <\/div>\r\n\r\n<\/div>\n<div class=\"is-layout-constrained wp-block-group K-20 deco--vague\">\n<div class=\"is-layout-flex wp-container-33 wp-block-columns\">\n<div class=\"is-layout-flow wp-block-column\">\n<p class=\"fade-right h2 has-dore-color has-text-color\">You may <span class=\"fc-span\">also like&#8230;<\/span><\/p>\n<\/div>\n\n\n\n<div class=\"is-layout-flow wp-block-column is-vertically-aligned-bottom fade-left deco--bloc-vague\">\n<p>Resplendent landscapes, an abundance of culture, a gastronomy rich in flavors&#8230; Brittany has many secrets just waiting to be discovered. Vibrate to the sound of biniads and bombards, breathe in the sea spray, contemplate the sea hugging the sheer cliffs of Finist\u00e8re: there&#8217;s no shortage of opportunities to get away from it all!<\/p>\n<\/div>\n<\/div>\n\n\n\n<div class=\"is-layout-flex wp-container-40 wp-block-columns maillage fc-diapo-mob\">\n<div class=\"is-layout-flow wp-block-column\">\n<div class=\"is-layout-constrained wp-block-group\">\n<figure class=\"wp-block-image size-full fc-auto\"><a href=\"https:\/\/www.camping-keranterec.com\/en\/camping-pitches\/\"><img alt=\"\" decoding=\"async\" loading=\"lazy\" width=\"1024\" height=\"768\" src=\"https:\/\/www.camping-keranterec.com\/wp-content\/uploads\/2023\/09\/dji_0055-1024x768-1.jpg\" alt=\"\" class=\"wp-image-151\" srcset=\"https:\/\/www.camping-keranterec.com\/wp-content\/uploads\/2023\/09\/dji_0055-1024x768-1.jpg 1024w, https:\/\/www.camping-keranterec.com\/wp-content\/uploads\/2023\/09\/dji_0055-1024x768-1-300x225.jpg 300w, https:\/\/www.camping-keranterec.com\/wp-content\/uploads\/2023\/09\/dji_0055-1024x768-1-768x576.jpg 768w\" sizes=\"(max-width: 1024px) 100vw, 1024px\" \/><\/a><figcaption class=\"wp-element-caption\">Locations<\/figcaption><\/figure>\n<\/div>\n<\/div>\n\n\n\n<div class=\"is-layout-flow wp-block-column\">\n<div class=\"is-layout-constrained wp-block-group\">\n<figure class=\"wp-block-image size-full fc-auto\"><a href=\"https:\/\/www.camping-keranterec.com\/en\/activities\/\"><img alt=\"\" decoding=\"async\" loading=\"lazy\" width=\"732\" height=\"1024\" src=\"https:\/\/www.camping-keranterec.com\/wp-content\/uploads\/2023\/10\/9eb87419-0374-4313-89be-4265f59a0c80-1-1024x768-4.jpg\" alt=\"\" class=\"wp-image-289\" srcset=\"https:\/\/www.camping-keranterec.com\/wp-content\/uploads\/2023\/10\/9eb87419-0374-4313-89be-4265f59a0c80-1-1024x768-4.jpg 732w, https:\/\/www.camping-keranterec.com\/wp-content\/uploads\/2023\/10\/9eb87419-0374-4313-89be-4265f59a0c80-1-1024x768-4-214x300.jpg 214w\" sizes=\"(max-width: 732px) 100vw, 732px\" \/><\/a><figcaption class=\"wp-element-caption\">Entertainment<\/figcaption><\/figure>\n<\/div>\n<\/div>\n\n\n\n<div class=\"is-layout-flow wp-block-column\">\n<div class=\"is-layout-constrained wp-block-group\">\n<figure class=\"wp-block-image size-full fc-auto\"><a href=\"https:\/\/www.camping-keranterec.com\/en\/services\/\"><img alt=\"\" decoding=\"async\" loading=\"lazy\" width=\"1024\" height=\"1025\" src=\"https:\/\/www.camping-keranterec.com\/wp-content\/uploads\/2023\/10\/brehat-32-3.jpg\" alt=\"\" class=\"wp-image-217\" srcset=\"https:\/\/www.camping-keranterec.com\/wp-content\/uploads\/2023\/10\/brehat-32-3.jpg 1024w, https:\/\/www.camping-keranterec.com\/wp-content\/uploads\/2023\/10\/brehat-32-3-300x300.jpg 300w, https:\/\/www.camping-keranterec.com\/wp-content\/uploads\/2023\/10\/brehat-32-3-150x150.jpg 150w, https:\/\/www.camping-keranterec.com\/wp-content\/uploads\/2023\/10\/brehat-32-3-768x769.jpg 768w\" sizes=\"(max-width: 1024px) 100vw, 1024px\" \/><\/a><figcaption class=\"wp-element-caption\">Our services<\/figcaption><\/figure>\n<\/div>\n<\/div>\n<\/div>\n<\/div>\n","protected":false},"excerpt":{"rendered":"<p>Our cottages &amp; mobile homes in La For\u00eat-Fouesnant New, quality, fully-equipped mobile homes in South Finistere! Choose the K\u00e9rant\u00e9rec campsite in La For\u00eat-Fouesnant for your next stay between Concarneau and Fouesnant and enjoy the beach close to your next vacation rental! Comfortable mobile homes by the sea in La For\u00eat Fouesnant Various models of mobile [&hellip;]<\/p>\n","protected":false},"author":1,"featured_media":0,"parent":0,"menu_order":0,"comment_status":"closed","ping_status":"closed","template":"","meta":{"_seopress_robots_primary_cat":"","_seopress_titles_title":"","_seopress_titles_desc":"","_seopress_robots_index":""},"acf":[],"_links":{"self":[{"href":"https:\/\/www.camping-keranterec.com\/en\/wp-json\/wp\/v2\/pages\/2734"}],"collection":[{"href":"https:\/\/www.camping-keranterec.com\/en\/wp-json\/wp\/v2\/pages"}],"about":[{"href":"https:\/\/www.camping-keranterec.com\/en\/wp-json\/wp\/v2\/types\/page"}],"author":[{"embeddable":true,"href":"https:\/\/www.camping-keranterec.com\/en\/wp-json\/wp\/v2\/users\/1"}],"replies":[{"embeddable":true,"href":"https:\/\/www.camping-keranterec.com\/en\/wp-json\/wp\/v2\/comments?post=2734"}],"version-history":[{"count":6,"href":"https:\/\/www.camping-keranterec.com\/en\/wp-json\/wp\/v2\/pages\/2734\/revisions"}],"predecessor-version":[{"id":4176,"href":"https:\/\/www.camping-keranterec.com\/en\/wp-json\/wp\/v2\/pages\/2734\/revisions\/4176"}],"wp:attachment":[{"href":"https:\/\/www.camping-keranterec.com\/en\/wp-json\/wp\/v2\/media?parent=2734"}],"curies":[{"name":"wp","href":"https:\/\/api.w.org\/{rel}","templated":true}]}}