{"id":2731,"date":"2023-11-21T17:23:23","date_gmt":"2023-11-21T16:23:23","guid":{"rendered":"https:\/\/www.camping-keranterec.com\/camping-pitches\/"},"modified":"2023-12-07T15:17:22","modified_gmt":"2023-12-07T14:17:22","slug":"camping-pitches","status":"publish","type":"page","link":"https:\/\/www.camping-keranterec.com\/en\/camping-pitches\/","title":{"rendered":"Accommodation &#8211; Pitches"},"content":{"rendered":"\n<div class=\"is-layout-flow wp-block-group alignfull diaporama-header\">\n<figure class=\"is-layout-flex wp-block-gallery-1 wp-block-gallery has-nested-images columns-1 is-cropped fc-diapo fc-auto\">\n<figure class=\"wp-block-image size-full fc-auto\"><img alt=\"\" decoding=\"async\" loading=\"lazy\" width=\"1024\" height=\"683\" src=\"https:\/\/www.camping-keranterec.com\/wp-content\/uploads\/2023\/10\/dsc_0266-1024x683-2.jpg\" alt=\"\" class=\"wp-image-1617\" srcset=\"https:\/\/www.camping-keranterec.com\/wp-content\/uploads\/2023\/10\/dsc_0266-1024x683-2.jpg 1024w, https:\/\/www.camping-keranterec.com\/wp-content\/uploads\/2023\/10\/dsc_0266-1024x683-2-300x200.jpg 300w, https:\/\/www.camping-keranterec.com\/wp-content\/uploads\/2023\/10\/dsc_0266-1024x683-2-768x512.jpg 768w\" sizes=\"(max-width: 1024px) 100vw, 1024px\" \/><\/figure>\n\n\n\n<figure class=\"wp-block-image size-full fc-auto\"><img alt=\"\" decoding=\"async\" loading=\"lazy\" width=\"1429\" height=\"801\" src=\"https:\/\/www.camping-keranterec.com\/wp-content\/uploads\/2023\/10\/pict_18_1.jpg\" alt=\"\" class=\"wp-image-1949\" srcset=\"https:\/\/www.camping-keranterec.com\/wp-content\/uploads\/2023\/10\/pict_18_1.jpg 1429w, https:\/\/www.camping-keranterec.com\/wp-content\/uploads\/2023\/10\/pict_18_1-300x168.jpg 300w, https:\/\/www.camping-keranterec.com\/wp-content\/uploads\/2023\/10\/pict_18_1-1024x574.jpg 1024w, https:\/\/www.camping-keranterec.com\/wp-content\/uploads\/2023\/10\/pict_18_1-768x430.jpg 768w\" sizes=\"(max-width: 1429px) 100vw, 1429px\" \/><\/figure>\n\n\n\n<figure class=\"wp-block-image size-full fc-auto\"><img alt=\"\" decoding=\"async\" loading=\"lazy\" width=\"1429\" height=\"801\" src=\"https:\/\/www.camping-keranterec.com\/wp-content\/uploads\/2023\/10\/pict_19_1.jpg\" alt=\"\" class=\"wp-image-1953\" srcset=\"https:\/\/www.camping-keranterec.com\/wp-content\/uploads\/2023\/10\/pict_19_1.jpg 1429w, https:\/\/www.camping-keranterec.com\/wp-content\/uploads\/2023\/10\/pict_19_1-300x168.jpg 300w, https:\/\/www.camping-keranterec.com\/wp-content\/uploads\/2023\/10\/pict_19_1-1024x574.jpg 1024w, https:\/\/www.camping-keranterec.com\/wp-content\/uploads\/2023\/10\/pict_19_1-768x430.jpg 768w\" sizes=\"(max-width: 1429px) 100vw, 1429px\" \/><\/figure>\n<\/figure>\n\n\n\n<h1 class=\"has-text-align-center\">Our camping pitches <span class=\"fc-span\">in La For\u00eat Fouesnant<\/span><\/h1>\n<\/div>\n\n<div class=\"is-layout-flex wp-container-10 wp-block-columns K-35 deco--fleurs\">\n<div class=\"is-layout-flow wp-block-column\" style=\"flex-basis:43%\">\n<p class=\"h3 has-bleu-clair-color has-text-color\">Successful camping vacations <span class=\"fc-span\">in Finist\u00e8re<\/span><\/p>\n\n\n\n<p>The 4* K\u00e9rant\u00e9rec campsite welcomes you for your camping <strong>vacations<\/strong> in <strong>South Finist\u00e8re<\/strong>, by the sea! Situated between <a href=\"https:\/\/www.camping-keranterec.com\/en\/alentours\/fouesnant-les-glenan\/\" data-type=\"alentours\" data-id=\"837\">Fouesnant<\/a> and Concarneau, the campsite is ideally located for discovering the region while enjoying the sea.<\/p>\n\n\n\n<div class=\"wp-block-fc-gut-lire-plus fc-mob\">\n<p>Read more<\/p>\n\n\n\n<div class=\"is-layout-flow wp-block-group\">\n<h2 class=\"h4 has-dore-clair-color has-text-color\">Tent, caravan and motorhome sites by the sea<\/h2>\n\n\n\n<p>For fans of traditional camping, we offer <strong>camping pitches<\/strong> where you can pitch your <strong>tent<\/strong>, stay in a <strong>caravan <\/strong>or <strong>motorhome<\/strong>.<\/p>\n\n\n\n<div class=\"wp-block-fc-gut-lire-plus fc-desk\">\n<p>Read more<\/p>\n\n\n\n<div class=\"is-layout-flow wp-block-group\">\n<p>We&#8217;ll be delighted to welcome you and your equipment to the K\u00e9rant\u00e9rec campsite, for your next <strong>vacation in South Finist\u00e8re<\/strong>. With family or friends, discover or rediscover the joys of camping on <strong>comfortable pitches just a few metres from the beach<\/strong>.<\/p>\n\n\n\n<p>All pitches are spacious and hedged, so you can enjoy your own personal space. Depending on your preference, choose a <strong>sunny, shady or semi-shady spot<\/strong>;<\/p>\n<\/div>\n<\/div>\n<\/div>\n<\/div>\n\n\n\n<div class=\"wp-block-fc-gut-encart fc-alerte\">\n<p class=\"deco--chien\"><strong>Sanitary block:<\/strong> Dog shower available!<\/p>\n<\/div>\n\n\n\n<ul class=\"pictos-small\">\n<li><a href=\"https:\/\/www.camping-keranterec.com\/en\/practical-information\/\" data-type=\"page\" data-id=\"376\"><span class=\"fc-icon dog-light\"><\/span> <strong>We accept pets!<\/strong><\/a><\/li>\n<\/ul>\n<\/div>\n\n\n\n<div class=\"is-layout-flow wp-block-column deco--bloc-vague\">\n<figure class=\"is-layout-flex wp-block-gallery-7 wp-block-gallery has-nested-images columns-default is-cropped  fade-left fc-full\">\n<figure class=\"wp-block-image size-large fc-auto\"><img alt=\"\" decoding=\"async\" loading=\"lazy\" width=\"1024\" height=\"683\" src=\"https:\/\/www.camping-keranterec.com\/wp-content\/uploads\/2023\/10\/dsc_0266-1024x683-1.jpg\" alt=\"\" class=\"wp-image-1597\" srcset=\"https:\/\/www.camping-keranterec.com\/wp-content\/uploads\/2023\/10\/dsc_0266-1024x683-1.jpg 1024w, https:\/\/www.camping-keranterec.com\/wp-content\/uploads\/2023\/10\/dsc_0266-1024x683-1-300x200.jpg 300w, https:\/\/www.camping-keranterec.com\/wp-content\/uploads\/2023\/10\/dsc_0266-1024x683-1-768x512.jpg 768w\" sizes=\"(max-width: 1024px) 100vw, 1024px\" \/><\/figure>\n\n\n\n<figure class=\"wp-block-image size-large fc-auto\"><img alt=\"\" decoding=\"async\" loading=\"lazy\" width=\"960\" height=\"640\" src=\"https:\/\/www.camping-keranterec.com\/wp-content\/uploads\/2023\/10\/photo-emplacement.jpg\" alt=\"\" class=\"wp-image-1601\" srcset=\"https:\/\/www.camping-keranterec.com\/wp-content\/uploads\/2023\/10\/photo-emplacement.jpg 960w, https:\/\/www.camping-keranterec.com\/wp-content\/uploads\/2023\/10\/photo-emplacement-300x200.jpg 300w, https:\/\/www.camping-keranterec.com\/wp-content\/uploads\/2023\/10\/photo-emplacement-768x512.jpg 768w\" sizes=\"(max-width: 960px) 100vw, 960px\" \/><\/figure>\n<\/figure>\n\n\n\n<div class=\"wp-block-fc-gut-encart fc-information\">\n<p class=\"has-dore-clair-background-color has-background\"><a href=\"https:\/\/www.camping-keranterec.com\/en\/services\/\" data-type=\"page\" data-id=\"360\">View services  <span class=\"fc-icon martini-glass-citrus-light\"><\/span><\/a><\/p>\n<\/div>\n<\/div>\n<\/div>\n\n<div class=\"is-layout-flex wp-container-20 wp-block-columns alignfull are-vertically-aligned-center K-25 reverse-mob has-bleu-clair-background-color has-background\">\n<div class=\"is-layout-flow wp-block-column is-vertically-aligned-center K-25-col\">\n<figure class=\"is-layout-flex wp-block-gallery-11 wp-block-gallery has-nested-images columns-2 is-cropped  fade-right fc-diapo fc-auto\">\n<figure class=\"wp-block-image size-large fc-auto\"><img alt=\"\" decoding=\"async\" loading=\"lazy\" width=\"1024\" height=\"682\" src=\"https:\/\/www.camping-keranterec.com\/wp-content\/uploads\/2023\/10\/photo-2-crique-1024x682-1.jpg\" alt=\"\" class=\"wp-image-1605\" srcset=\"https:\/\/www.camping-keranterec.com\/wp-content\/uploads\/2023\/10\/photo-2-crique-1024x682-1.jpg 1024w, https:\/\/www.camping-keranterec.com\/wp-content\/uploads\/2023\/10\/photo-2-crique-1024x682-1-300x200.jpg 300w, https:\/\/www.camping-keranterec.com\/wp-content\/uploads\/2023\/10\/photo-2-crique-1024x682-1-768x512.jpg 768w\" sizes=\"(max-width: 1024px) 100vw, 1024px\" \/><\/figure>\n\n\n\n<figure class=\"wp-block-image size-large fc-auto\"><img alt=\"\" decoding=\"async\" loading=\"lazy\" width=\"768\" height=\"1024\" src=\"https:\/\/www.camping-keranterec.com\/wp-content\/uploads\/2023\/10\/img_0369-768x1024-1.jpg\" alt=\"\" class=\"wp-image-1609\" srcset=\"https:\/\/www.camping-keranterec.com\/wp-content\/uploads\/2023\/10\/img_0369-768x1024-1.jpg 768w, https:\/\/www.camping-keranterec.com\/wp-content\/uploads\/2023\/10\/img_0369-768x1024-1-225x300.jpg 225w\" sizes=\"(max-width: 768px) 100vw, 768px\" \/><\/figure>\n\n\n\n<figure class=\"wp-block-image size-large fc-auto\"><img alt=\"\" decoding=\"async\" loading=\"lazy\" width=\"1024\" height=\"683\" src=\"https:\/\/www.camping-keranterec.com\/wp-content\/uploads\/2023\/10\/056-1024x683-1.jpg\" alt=\"\" class=\"wp-image-1613\" srcset=\"https:\/\/www.camping-keranterec.com\/wp-content\/uploads\/2023\/10\/056-1024x683-1.jpg 1024w, https:\/\/www.camping-keranterec.com\/wp-content\/uploads\/2023\/10\/056-1024x683-1-300x200.jpg 300w, https:\/\/www.camping-keranterec.com\/wp-content\/uploads\/2023\/10\/056-1024x683-1-768x512.jpg 768w\" sizes=\"(max-width: 1024px) 100vw, 1024px\" \/><\/figure>\n\n\n\n<figure class=\"wp-block-image size-large fc-auto\"><img alt=\"\" decoding=\"async\" loading=\"lazy\" width=\"1024\" height=\"683\" src=\"https:\/\/www.camping-keranterec.com\/wp-content\/uploads\/2023\/10\/dsc_0266-1024x683-2.jpg\" alt=\"\" class=\"wp-image-1617\" srcset=\"https:\/\/www.camping-keranterec.com\/wp-content\/uploads\/2023\/10\/dsc_0266-1024x683-2.jpg 1024w, https:\/\/www.camping-keranterec.com\/wp-content\/uploads\/2023\/10\/dsc_0266-1024x683-2-300x200.jpg 300w, https:\/\/www.camping-keranterec.com\/wp-content\/uploads\/2023\/10\/dsc_0266-1024x683-2-768x512.jpg 768w\" sizes=\"(max-width: 1024px) 100vw, 1024px\" \/><\/figure>\n\n\n\n<figure class=\"wp-block-image size-large fc-auto\"><img alt=\"\" decoding=\"async\" loading=\"lazy\" width=\"1024\" height=\"1024\" src=\"https:\/\/www.camping-keranterec.com\/wp-content\/uploads\/2023\/10\/7f7021ca-7fff-48db-99d9-36b9da3f3333-1024x1024-1.jpg\" alt=\"\" class=\"wp-image-1621\" srcset=\"https:\/\/www.camping-keranterec.com\/wp-content\/uploads\/2023\/10\/7f7021ca-7fff-48db-99d9-36b9da3f3333-1024x1024-1.jpg 1024w, https:\/\/www.camping-keranterec.com\/wp-content\/uploads\/2023\/10\/7f7021ca-7fff-48db-99d9-36b9da3f3333-1024x1024-1-300x300.jpg 300w, https:\/\/www.camping-keranterec.com\/wp-content\/uploads\/2023\/10\/7f7021ca-7fff-48db-99d9-36b9da3f3333-1024x1024-1-150x150.jpg 150w, https:\/\/www.camping-keranterec.com\/wp-content\/uploads\/2023\/10\/7f7021ca-7fff-48db-99d9-36b9da3f3333-1024x1024-1-768x768.jpg 768w\" sizes=\"(max-width: 1024px) 100vw, 1024px\" \/><\/figure>\n\n\n\n<figure class=\"wp-block-image size-large fc-auto\"><img alt=\"\" decoding=\"async\" loading=\"lazy\" width=\"1024\" height=\"683\" src=\"https:\/\/www.camping-keranterec.com\/wp-content\/uploads\/2023\/10\/caravane.jpg\" alt=\"\" class=\"wp-image-1625\" srcset=\"https:\/\/www.camping-keranterec.com\/wp-content\/uploads\/2023\/10\/caravane.jpg 1024w, https:\/\/www.camping-keranterec.com\/wp-content\/uploads\/2023\/10\/caravane-300x200.jpg 300w, https:\/\/www.camping-keranterec.com\/wp-content\/uploads\/2023\/10\/caravane-768x512.jpg 768w\" sizes=\"(max-width: 1024px) 100vw, 1024px\" \/><\/figure>\n\n\n\n<figure class=\"wp-block-image size-large fc-auto\"><img alt=\"\" decoding=\"async\" loading=\"lazy\" width=\"850\" height=\"567\" src=\"https:\/\/www.camping-keranterec.com\/wp-content\/uploads\/2023\/10\/sanitaire.jpg\" alt=\"\" class=\"wp-image-2506\" srcset=\"https:\/\/www.camping-keranterec.com\/wp-content\/uploads\/2023\/10\/sanitaire.jpg 850w, https:\/\/www.camping-keranterec.com\/wp-content\/uploads\/2023\/10\/sanitaire-300x200.jpg 300w, https:\/\/www.camping-keranterec.com\/wp-content\/uploads\/2023\/10\/sanitaire-768x512.jpg 768w\" sizes=\"(max-width: 850px) 100vw, 850px\" \/><\/figure>\n<\/figure>\n\n\n\n<div class=\"wp-block-fc-gut-encart fc-information\">\n<p><a href=\"https:\/\/www.camping-keranterec.com\/en\/camping-bretagne-indoor-pool\/\" data-type=\"page\" data-id=\"368\">Discover the pool!  <span class=\"fc-icon water-light\"><\/span><\/a><\/p>\n<\/div>\n<\/div>\n\n\n\n<div class=\"is-layout-flow wp-block-column is-vertically-aligned-center\">\n<h2>A campsite near Fouesnant <span class=\"fc-span\">with 110 pitches<\/span><\/h2>\n\n\n\n<p>And for your convenience, our <strong>110 pitches are equipped with water and drainage<\/strong>, as well as 10-amp electricity.<\/p>\n\n\n\n<div class=\"wp-block-fc-gut-lire-plus fc-mob\">\n<p>Read more<\/p>\n\n\n\n<div class=\"is-layout-flow wp-block-group\">\n<p>Visiting <strong>motorhome owners<\/strong> are welcome at our 4-star seaside <strong>campsite near Fouesnant<\/strong> and <strong>Concarneau<\/strong>, whatever the length of your stay! We offer motorhome owners attractive pitch rental packages for their camping holidays, as well as a <strong>service area<\/strong>.<\/p>\n\n\n\n<p>When you think of camping vacations, you think of barbecues! <strong>Barbecues are permitted on the campsite<\/strong>. Feel free to bring your own equipment or check out our <strong>barbecue rental<\/strong> service!<\/p>\n\n\n\n<div class=\"wp-block-fc-gut-lire-plus fc-desk\">\n<p>Read more<\/p>\n\n\n\n<div class=\"is-layout-flow wp-block-group\">\n<h2 class=\"h4\">Access all facilities and services at Camping de K\u00e9rant\u00e9rec<\/h2>\n\n\n\n<p>Two sanitary blocks are available to make your vacation as pleasant as possible. Conveniently located, our sanitary facilities include double cabins and baby baths. <strong>Laundry facilities<\/strong> with washing machines and tumble dryers are also available. Our sanitary facilities are also accessible to people with reduced mobility and adapted for younger guests&#8230; (baby bath &#8211; family cabin).<\/p>\n\n\n\n<p>Take full advantage of all the campsite&#8217;s <a href=\"https:\/\/www.camping-keranterec.com\/en\/services\/\" data-type=\"page\" data-id=\"360\">services<\/a> and facilities and access the<strong>\n  <a href=\"https:\/\/www.camping-keranterec.com\/en\/camping-bretagne-indoor-pool\/\" data-type=\"page\" data-id=\"368\">aquatic area<\/a>\n<\/strong> with its <strong>indoor heated swimming pool<\/strong>.<\/p>\n<\/div>\n<\/div>\n<\/div>\n<\/div>\n\n\n\n<div class=\"is-layout-flex wp-container-18 wp-block-columns encart--columns deco--flore-plage fade-right rapide\">\n<div class=\"is-layout-flow wp-block-column\">\n<figure class=\"wp-block-image size-full fc-auto\"><img alt=\"\" decoding=\"async\" loading=\"lazy\" width=\"972\" height=\"647\" src=\"https:\/\/www.camping-keranterec.com\/wp-content\/uploads\/2023\/10\/pict_32_1-1.jpg\" alt=\"\" class=\"wp-image-1957\" srcset=\"https:\/\/www.camping-keranterec.com\/wp-content\/uploads\/2023\/10\/pict_32_1-1.jpg 972w, https:\/\/www.camping-keranterec.com\/wp-content\/uploads\/2023\/10\/pict_32_1-1-300x200.jpg 300w, https:\/\/www.camping-keranterec.com\/wp-content\/uploads\/2023\/10\/pict_32_1-1-768x511.jpg 768w\" sizes=\"(max-width: 972px) 100vw, 972px\" \/><\/figure>\n<\/div>\n\n\n\n<div class=\"is-layout-flow wp-block-column\">\n<p class=\"h4 has-bleu-color has-text-color\">Comfort plus location<\/p>\n\n\n\n<p>The <strong>comfort<\/strong> plus location is ideal and well-equipped.<\/p>\n\n\n\n<p>Our comfort plus pitches are equipped with a<strong> mini mobile home with electricity<\/strong>. Inside you&#8217;ll find a <strong>fridge<\/strong>, <strong>barbecue<\/strong>, <strong>tables <\/strong>and <strong>chairs<\/strong>.<\/p>\n<\/div>\n<\/div>\n<\/div>\n<\/div>\n\n<div class=\"is-layout-constrained wp-block-group K-20 deco--vague\">\n<div class=\"is-layout-flex wp-container-24 wp-block-columns\">\n<div class=\"is-layout-flow wp-block-column\">\n<p class=\"fade-right h2 has-bleu-color has-text-color\">You may <span class=\"fc-span\">also like&#8230;<\/span><\/p>\n<\/div>\n\n\n\n<div class=\"is-layout-flow wp-block-column is-vertically-aligned-bottom deco--plage\">\n<div class=\"is-layout-flex wp-block-buttons\">\n<div class=\"wp-block-button fc-style-3\"><a class=\"wp-block-button__link wp-element-button\" href=\"https:\/\/www.camping-keranterec.com\/en\/photo-gallery\/\">Discover in pictures<\/a><\/div>\n\n\n\n<div class=\"wp-block-button btn_resa\"><a class=\"wp-block-button__link wp-element-button\">Reserve now!<\/a><\/div>\n<\/div>\n<\/div>\n<\/div>\n\n\n\n<div class=\"is-layout-flex wp-container-31 wp-block-columns maillage fc-diapo-mob\">\n<div class=\"is-layout-flow wp-block-column\">\n<div class=\"is-layout-constrained wp-block-group\">\n<figure class=\"wp-block-image size-full fc-auto\"><a href=\"https:\/\/www.camping-keranterec.com\/en\/equipment\/\"><img alt=\"\" decoding=\"async\" loading=\"lazy\" width=\"655\" height=\"455\" src=\"https:\/\/www.camping-keranterec.com\/wp-content\/uploads\/2022\/02\/crtb-ad3564_berthier-emmanuel-655x455-1.jpg\" alt=\"\" class=\"wp-image-1538\" srcset=\"https:\/\/www.camping-keranterec.com\/wp-content\/uploads\/2022\/02\/crtb-ad3564_berthier-emmanuel-655x455-1.jpg 655w, https:\/\/www.camping-keranterec.com\/wp-content\/uploads\/2022\/02\/crtb-ad3564_berthier-emmanuel-655x455-1-300x208.jpg 300w\" sizes=\"(max-width: 655px) 100vw, 655px\" \/><\/a><figcaption class=\"wp-element-caption\">Equipment<\/figcaption><\/figure>\n<\/div>\n<\/div>\n\n\n\n<div class=\"is-layout-flow wp-block-column\">\n<div class=\"is-layout-constrained wp-block-group\">\n<figure class=\"wp-block-image size-large fc-auto\"><a href=\"https:\/\/www.camping-keranterec.com\/en\/surroundings\/\"><img alt=\"\" decoding=\"async\" loading=\"lazy\" width=\"1024\" height=\"576\" src=\"https:\/\/www.camping-keranterec.com\/wp-content\/uploads\/2023\/10\/marin-tulard-xRTECtzU60A-unsplash-1024x576.jpg\" alt=\"\" class=\"wp-image-1278\" srcset=\"https:\/\/www.camping-keranterec.com\/wp-content\/uploads\/2023\/10\/marin-tulard-xRTECtzU60A-unsplash-1024x576.jpg 1024w, https:\/\/www.camping-keranterec.com\/wp-content\/uploads\/2023\/10\/marin-tulard-xRTECtzU60A-unsplash-300x169.jpg 300w, https:\/\/www.camping-keranterec.com\/wp-content\/uploads\/2023\/10\/marin-tulard-xRTECtzU60A-unsplash-768x432.jpg 768w, https:\/\/www.camping-keranterec.com\/wp-content\/uploads\/2023\/10\/marin-tulard-xRTECtzU60A-unsplash-1536x864.jpg 1536w, https:\/\/www.camping-keranterec.com\/wp-content\/uploads\/2023\/10\/marin-tulard-xRTECtzU60A-unsplash.jpg 1920w\" sizes=\"(max-width: 1024px) 100vw, 1024px\" \/><\/a><figcaption class=\"wp-element-caption\">In the vicinity<\/figcaption><\/figure>\n<\/div>\n<\/div>\n\n\n\n<div class=\"is-layout-flow wp-block-column\">\n<div class=\"is-layout-constrained wp-block-group\">\n<figure class=\"wp-block-image size-full fc-auto\"><a href=\"https:\/\/www.camping-keranterec.com\/en\/camping-bretagne-indoor-pool\/\"><img alt=\"\" decoding=\"async\" loading=\"lazy\" width=\"1024\" height=\"684\" src=\"https:\/\/www.camping-keranterec.com\/wp-content\/uploads\/2023\/10\/camping-de-keranterec-5184-1024x684-1.jpg\" alt=\"\" class=\"wp-image-643\" srcset=\"https:\/\/www.camping-keranterec.com\/wp-content\/uploads\/2023\/10\/camping-de-keranterec-5184-1024x684-1.jpg 1024w, https:\/\/www.camping-keranterec.com\/wp-content\/uploads\/2023\/10\/camping-de-keranterec-5184-1024x684-1-300x200.jpg 300w, https:\/\/www.camping-keranterec.com\/wp-content\/uploads\/2023\/10\/camping-de-keranterec-5184-1024x684-1-768x513.jpg 768w\" sizes=\"(max-width: 1024px) 100vw, 1024px\" \/><\/a><figcaption class=\"wp-element-caption\">Aquatic area<\/figcaption><\/figure>\n<\/div>\n<\/div>\n<\/div>\n<\/div>\n","protected":false},"excerpt":{"rendered":"<p>Our camping pitches in La For\u00eat Fouesnant Successful camping vacations in Finist\u00e8re The 4* K\u00e9rant\u00e9rec campsite welcomes you for your camping vacations in South Finist\u00e8re, by the sea! Situated between Fouesnant and Concarneau, the campsite is ideally located for discovering the region while enjoying the sea. A campsite near Fouesnant with 110 pitches And for [&hellip;]<\/p>\n","protected":false},"author":1,"featured_media":0,"parent":0,"menu_order":0,"comment_status":"closed","ping_status":"closed","template":"","meta":{"_seopress_robots_primary_cat":"","_seopress_titles_title":"","_seopress_titles_desc":"","_seopress_robots_index":""},"acf":[],"_links":{"self":[{"href":"https:\/\/www.camping-keranterec.com\/en\/wp-json\/wp\/v2\/pages\/2731"}],"collection":[{"href":"https:\/\/www.camping-keranterec.com\/en\/wp-json\/wp\/v2\/pages"}],"about":[{"href":"https:\/\/www.camping-keranterec.com\/en\/wp-json\/wp\/v2\/types\/page"}],"author":[{"embeddable":true,"href":"https:\/\/www.camping-keranterec.com\/en\/wp-json\/wp\/v2\/users\/1"}],"replies":[{"embeddable":true,"href":"https:\/\/www.camping-keranterec.com\/en\/wp-json\/wp\/v2\/comments?post=2731"}],"version-history":[{"count":5,"href":"https:\/\/www.camping-keranterec.com\/en\/wp-json\/wp\/v2\/pages\/2731\/revisions"}],"predecessor-version":[{"id":4172,"href":"https:\/\/www.camping-keranterec.com\/en\/wp-json\/wp\/v2\/pages\/2731\/revisions\/4172"}],"wp:attachment":[{"href":"https:\/\/www.camping-keranterec.com\/en\/wp-json\/wp\/v2\/media?parent=2731"}],"curies":[{"name":"wp","href":"https:\/\/api.w.org\/{rel}","templated":true}]}}