{"id":2970,"date":"2023-11-22T09:37:33","date_gmt":"2023-11-22T08:37:33","guid":{"rendered":"https:\/\/www.camping-keranterec.com\/accueil\/"},"modified":"2023-12-12T11:23:08","modified_gmt":"2023-12-12T10:23:08","slug":"accueil","status":"publish","type":"page","link":"https:\/\/www.camping-keranterec.com\/de\/","title":{"rendered":"Startseite"},"content":{"rendered":"\n<div class=\"is-layout-flow wp-block-group alignfull diaporama-header\">\n<figure class=\"is-layout-flex wp-block-gallery-1 wp-block-gallery has-nested-images columns-1 is-cropped no-lazy skip-lazy fc-diapo fc-auto\">\n<figure class=\"wp-block-image size-full fc-auto\"><img alt=\"\" decoding=\"async\" loading=\"lazy\" width=\"2048\" height=\"1229\" src=\"https:\/\/www.camping-keranterec.com\/wp-content\/uploads\/2023\/12\/DJI_0027.webp\" alt=\"\" class=\"wp-image-4234\" srcset=\"https:\/\/www.camping-keranterec.com\/wp-content\/uploads\/2023\/12\/DJI_0027.webp 2048w, https:\/\/www.camping-keranterec.com\/wp-content\/uploads\/2023\/12\/DJI_0027-300x180.webp 300w, https:\/\/www.camping-keranterec.com\/wp-content\/uploads\/2023\/12\/DJI_0027-1024x615.webp 1024w, https:\/\/www.camping-keranterec.com\/wp-content\/uploads\/2023\/12\/DJI_0027-768x461.webp 768w, https:\/\/www.camping-keranterec.com\/wp-content\/uploads\/2023\/12\/DJI_0027-1536x922.webp 1536w\" sizes=\"(max-width: 2048px) 100vw, 2048px\" \/><\/figure>\n\n\n\n<figure class=\"wp-block-image size-full fc-auto\"><img alt=\"\" decoding=\"async\" loading=\"lazy\" width=\"2048\" height=\"1229\" src=\"https:\/\/www.camping-keranterec.com\/wp-content\/uploads\/2023\/12\/DJI_0054.webp\" alt=\"\" class=\"wp-image-4230\" srcset=\"https:\/\/www.camping-keranterec.com\/wp-content\/uploads\/2023\/12\/DJI_0054.webp 2048w, https:\/\/www.camping-keranterec.com\/wp-content\/uploads\/2023\/12\/DJI_0054-300x180.webp 300w, https:\/\/www.camping-keranterec.com\/wp-content\/uploads\/2023\/12\/DJI_0054-1024x615.webp 1024w, https:\/\/www.camping-keranterec.com\/wp-content\/uploads\/2023\/12\/DJI_0054-768x461.webp 768w, https:\/\/www.camping-keranterec.com\/wp-content\/uploads\/2023\/12\/DJI_0054-1536x922.webp 1536w\" sizes=\"(max-width: 2048px) 100vw, 2048px\" \/><\/figure>\n\n\n\n<figure class=\"wp-block-image size-full fc-auto\"><img alt=\"\" decoding=\"async\" loading=\"lazy\" width=\"1440\" height=\"864\" src=\"https:\/\/www.camping-keranterec.com\/wp-content\/uploads\/2023\/12\/316828962_10229811160053404_1614498424076614796_n.webp\" alt=\"\" class=\"wp-image-4238\" srcset=\"https:\/\/www.camping-keranterec.com\/wp-content\/uploads\/2023\/12\/316828962_10229811160053404_1614498424076614796_n.webp 1440w, https:\/\/www.camping-keranterec.com\/wp-content\/uploads\/2023\/12\/316828962_10229811160053404_1614498424076614796_n-300x180.webp 300w, https:\/\/www.camping-keranterec.com\/wp-content\/uploads\/2023\/12\/316828962_10229811160053404_1614498424076614796_n-1024x614.webp 1024w, https:\/\/www.camping-keranterec.com\/wp-content\/uploads\/2023\/12\/316828962_10229811160053404_1614498424076614796_n-768x461.webp 768w\" sizes=\"(max-width: 1440px) 100vw, 1440px\" \/><\/figure>\n<\/figure>\n\n\n\n<p class=\"has-text-align-center\">Ihr Urlaub am Meer <span class=\"fc-span\">in La For\u00eat-Fouesnant!<\/span><\/p>\n\n\n\n<div class=\"is-content-justification-center is-layout-flex wp-container-3 wp-block-buttons\">\n<div class=\"wp-block-button btn_resa resa-anim\"><a class=\"wp-block-button__link wp-element-button\">Finde deinen idealen Aufenthalt!<\/a><\/div>\n<\/div>\n<\/div>\n\n\n\n<div class=\"is-layout-flex wp-container-11 wp-block-columns K-10 deco--tampon-1967\">\n<div class=\"is-layout-flow wp-block-column deco--bretagne-dore\">\n<h1 class=\"h3 fade-right\">Campingplatz in La For\u00eat-Fouesnant am Meer, <span class=\"fc-span\">zwischen Fouesnant und Concarneau<\/span><\/h1>\n\n\n\n<p>F\u00fcr Ihren n\u00e4chsten <strong>Campingurlaub im Finist\u00e8re<\/strong> empf\u00e4ngt Sie der <strong>4-Sterne-Campingplatz K\u00e9rant\u00e9rec<\/strong> nur wenige Schritte vom Meer und vom Strand entfernt in <strong>La For\u00eat Fouesnant<\/strong> in der N\u00e4he von <a href=\"https:\/\/www.camping-keranterec.com\/de\/alentours\/concarneau\/\" data-type=\"alentours\" data-id=\"835\">Concarneau und seine ummauerte Stadt<\/a>.<\/p>\n\n\n\n<div class=\"is-layout-flex wp-container-8 wp-block-columns\">\n<div class=\"is-layout-flow wp-block-column\">\n<ul class=\"pictos liste-mob has-bleu-clair-color has-text-color\">\n<li><span class=\"fc-icon mobile-screen-button-light\"><\/span> <a href=\"https:\/\/portal.tipiz.fr\/n\/?utm_source=web&amp;utm_medium=apphotel\" target=\"_blank\" rel=\"noreferrer noopener\">TIPIZ -App<\/a><\/li>\n\n\n\n<li><span class=\"fc-icon water-ladder-light\"><\/span> Wasserraum<\/li>\n\n\n\n<li><span class=\"fc-icon water-light\"><\/span> Zugang zum Strand<\/li>\n<\/ul>\n<\/div>\n\n\n\n<div class=\"is-layout-flow wp-block-column\">\n<h2 class=\"h4 has-dore-color has-text-color\">Kommen Sie und entdecken Sie La For\u00eat-Fouesnant im Finist\u00e8re Sud<\/h2>\n\n\n\n<p>Wir begr\u00fc\u00dfen Sie <strong>vom 20. April bis 22. September 2024<\/strong> auf unserem bretonischen Campingplatz in der N\u00e4he von <a href=\"https:\/\/www.camping-keranterec.com\/de\/alentours\/la-foret-fouesnant\/\" data-type=\"alentours\" data-id=\"838\">Fouesnant<\/a> und der Ville Close im <strong>S\u00fcd-Finist\u00e8re.<\/strong><\/p>\n\n\n\n<div class=\"is-layout-flex wp-block-buttons\">\n<div class=\"wp-block-button btn_resa fc-style-1\"><a class=\"wp-block-button__link wp-element-button\">Buchen Sie Ihren Urlaub<\/a><\/div>\n<\/div>\n<\/div>\n<\/div>\n<\/div>\n\n\n\n<div class=\"is-layout-flow wp-block-column\">\n<figure class=\"wp-block-image size-full  fade-left fc-auto\"><img alt=\"\" decoding=\"async\" loading=\"lazy\" width=\"2560\" height=\"2282\" src=\"https:\/\/www.camping-keranterec.com\/wp-content\/uploads\/2023\/10\/Bretagne_region_location_map-2-scaled.jpg\" alt=\"\" class=\"wp-image-2365\" srcset=\"https:\/\/www.camping-keranterec.com\/wp-content\/uploads\/2023\/10\/Bretagne_region_location_map-2-scaled.jpg 2560w, https:\/\/www.camping-keranterec.com\/wp-content\/uploads\/2023\/10\/Bretagne_region_location_map-2-300x267.jpg 300w, https:\/\/www.camping-keranterec.com\/wp-content\/uploads\/2023\/10\/Bretagne_region_location_map-2-1024x913.jpg 1024w, https:\/\/www.camping-keranterec.com\/wp-content\/uploads\/2023\/10\/Bretagne_region_location_map-2-768x685.jpg 768w, https:\/\/www.camping-keranterec.com\/wp-content\/uploads\/2023\/10\/Bretagne_region_location_map-2-1536x1369.jpg 1536w, https:\/\/www.camping-keranterec.com\/wp-content\/uploads\/2023\/10\/Bretagne_region_location_map-2-2048x1825.jpg 2048w\" sizes=\"(max-width: 2560px) 100vw, 2560px\" \/><\/figure>\n<\/div>\n<\/div>\n\n\n\n<div class=\"is-layout-flex wp-container-17 wp-block-columns alignfull K-15 has-dore-clair-background-color has-background\">\n<div class=\"is-layout-flow wp-block-column\">\n<figure class=\"is-layout-flex wp-block-gallery-12 wp-block-gallery has-nested-images columns-default is-cropped  fade-right fc-auto\">\n<figure class=\"wp-block-image size-large fc-auto\"><img alt=\"\" decoding=\"async\" loading=\"lazy\" width=\"1024\" height=\"576\" src=\"https:\/\/www.camping-keranterec.com\/wp-content\/uploads\/2023\/09\/is-chessyca-b-QsTpuDF7A-unsplash-1-1.png\" alt=\"\" class=\"wp-image-130\" srcset=\"https:\/\/www.camping-keranterec.com\/wp-content\/uploads\/2023\/09\/is-chessyca-b-QsTpuDF7A-unsplash-1-1.png 1024w, https:\/\/www.camping-keranterec.com\/wp-content\/uploads\/2023\/09\/is-chessyca-b-QsTpuDF7A-unsplash-1-1-300x169.png 300w, https:\/\/www.camping-keranterec.com\/wp-content\/uploads\/2023\/09\/is-chessyca-b-QsTpuDF7A-unsplash-1-1-768x432.png 768w\" sizes=\"(max-width: 1024px) 100vw, 1024px\" \/><\/figure>\n\n\n\n<figure class=\"wp-block-image size-large fancybox fc-auto\"><a href=\"https:\/\/youtu.be\/EOlC0qj4cjY\"><img alt=\"\" decoding=\"async\" loading=\"lazy\" width=\"1024\" height=\"640\" src=\"https:\/\/www.camping-keranterec.com\/wp-content\/uploads\/2023\/09\/Rectangle-47.png\" alt=\"\" class=\"wp-image-134\" srcset=\"https:\/\/www.camping-keranterec.com\/wp-content\/uploads\/2023\/09\/Rectangle-47.png 1024w, https:\/\/www.camping-keranterec.com\/wp-content\/uploads\/2023\/09\/Rectangle-47-300x188.png 300w, https:\/\/www.camping-keranterec.com\/wp-content\/uploads\/2023\/09\/Rectangle-47-768x480.png 768w\" sizes=\"(max-width: 1024px) 100vw, 1024px\" \/><\/a><figcaption class=\"wp-element-caption\"><span class=\"fc-icon play-solid\"><\/span> Video abspielen<\/figcaption><\/figure>\n<\/figure>\n<\/div>\n\n\n\n<div class=\"is-layout-flow wp-block-column deco--jeu-plage\">\n<p class=\"h3 fade-left\"><span class=\"fc-span\">Ein unvergesslicher<\/span> Urlaub&#8230;<\/p>\n\n\n\n<p>Die <strong>Anse Saint-Laurent<\/strong> mit ihren <strong>Criques<\/strong>, bieten wir Ihnen die Authentizit\u00e4t eines famili\u00e4ren und gem\u00fctlichen Ortes, nur wenige Schritte vom Meer entfernt. Sie werden einen angenehmen Aufenthalt auf dem <strong>Campingplatz in La For\u00eat Fouesnant<\/strong> mit <a href=\"https:\/\/www.camping-keranterec.com\/de\/camping-bretagne-freibad\/\" data-type=\"page\" data-id=\"368\">Schwimmb\u00e4der<\/a> dank seiner idealen Lage mit Blick auf das Meer.<\/p>\n\n\n\n<div class=\"wp-block-fc-gut-lire-plus fc-desk\">\n<p>Lesen Sie mehr<\/p>\n\n\n\n<div class=\"is-layout-flow wp-block-group\">\n<p>Au\u00dferdem werden Sie unser 6 Hektar gro\u00dfes, landschaftlich gestaltetes Gel\u00e4nde in der N\u00e4he einer gesch\u00fctzten Natur zu sch\u00e4tzen wissen. Wenn Sie auf dem <strong>Campingplatz K\u00e9rant\u00e9rec<\/strong> \u00fcbernachten, genie\u00dfen Sie die Freuden des Meeres und eine angenehme Umgebung, die zum Entspannen einl\u00e4dt, w\u00e4hrend Ihres gesamten Aufenthalts auf dem <strong>Campingplatz in der N\u00e4he von Fouesnant<\/strong>.<\/p>\n<\/div>\n<\/div>\n<\/div>\n<\/div>\n\n\n\n<div class=\"is-layout-constrained wp-block-group K-20 deco--tampon-dore\">\n<div class=\"is-layout-flex wp-container-22 wp-block-columns\">\n<div class=\"is-layout-flow wp-block-column deco--bloc-vague\">\n<p class=\"etc fade-right h2 has-dore-color has-text-color\">Entdecken Sie unsere <span class=\"fc-span\">Sortimente<\/span><\/p>\n<\/div>\n\n\n\n<div class=\"is-layout-flow wp-block-column fade-left\">\n<h2 class=\"h4 has-bleu-clair-color has-text-color\">Unsere Unterk\u00fcnfte mit allem Komfort in der N\u00e4he des Meeres<\/h2>\n\n\n\n<p>W\u00e4hlen Sie einen ruhigen Aufenthalt <strong>in einer famili\u00e4ren Atmosph\u00e4re<\/strong>, indem <a href=\"https:\/\/www.camping-keranterec.com\/de\/stellplaetze-camping\/\" data-type=\"page\" data-id=\"366\">Sie einen Stellplatz f\u00fcr Ihr Zelt<\/a>, Ihren <a href=\"https:\/\/www.camping-keranterec.com\/de\/location-mobil-home-bretagne-sud\/\" data-type=\"page\" data-id=\"354\">Wohnwagen oder Ihr Wohnmobil reservieren oder ein Cottage oder ein Mobilheim mieten.<\/a><\/p>\n\n\n\n<p>Unsere <strong>komfortablen<\/strong> Unterk\u00fcnfte befinden sich auf Parzellen, die durch Hecken abgegrenzt sind, um Ihre Privatsph\u00e4re zu respektieren.<\/p>\n\n\n\n<div class=\"wp-block-fc-gut-lire-plus fc-desk\">\n<p>Lesen Sie mehr<\/p>\n\n\n\n<div class=\"is-layout-flow wp-block-group\">\n<h3 class=\"h5 has-bleu-color has-text-color\">Campingpl\u00e4tze in der N\u00e4he von Fouesnant<\/h3>\n\n\n\n<p>Alle <strong>Stellpl\u00e4tze des Campingplatzes<\/strong> sind <strong>ger\u00e4umig und privat<\/strong>, um maximalen Komfort zu bieten. Sie k\u00f6nnen auf einem <strong>sonnigen, schattigen oder halbschattigen Grundst\u00fcck faulenzen.<\/strong><\/p>\n\n\n\n<h3 class=\"h5 has-bleu-color has-text-color\">Die Mobilheime in La For\u00eat Fouesnant<\/h3>\n\n\n\n<p>Unsere <strong>komfortablen<\/strong> <strong>Unterk\u00fcnfte befinden sich auf Parzellen<\/strong>, die durch Hecken abgegrenzt sind, um Ihre Privatsph\u00e4re zu respektieren. Diese Unterk\u00fcnfte sind f\u00fcr 2 bis 6 Personen verf\u00fcgbar und bieten Ihnen jeglichen Komfort, der einen angenehmen Aufenthalt garantiert.<\/p>\n\n\n\n<p>Au\u00dferdem haben diejenigen, die zu jeder Tageszeit den Blick auf den Ozean genie\u00dfen m\u00f6chten, die M\u00f6glichkeit, sich f\u00fcr eine <strong>Mobilheim mit Meerblick mieten<\/strong> !<\/p>\n<\/div>\n<\/div>\n\n\n\n<div class=\"is-content-justification-right is-layout-flex wp-container-20 wp-block-buttons\">\n<div class=\"wp-block-button\"><a class=\"wp-block-button__link has-bleu-clair-background-color has-background wp-element-button\" href=\"https:\/\/www.camping-keranterec.com\/de\/location-mobil-home-bretagne-sud\/\">Siehe Vermietungen<\/a><\/div>\n\n\n\n<div class=\"wp-block-button fc-style-1\"><a class=\"wp-block-button__link has-bleu-clair-color has-text-color wp-element-button\" href=\"https:\/\/www.camping-keranterec.com\/de\/stellplaetze-camping\/\">Siehe Standorte<\/a><\/div>\n<\/div>\n<\/div>\n<\/div>\n\n\n\n<div class=\"is-layout-flex wp-container-35 wp-block-columns deco--flore-plage cards fade-up\">\n<div class=\"is-layout-flow wp-block-column\">\n<div class=\"is-layout-constrained wp-block-group\">\n<figure class=\"wp-block-image size-full fc-auto\"><img alt=\"\" decoding=\"async\" loading=\"lazy\" width=\"1025\" height=\"1025\" src=\"https:\/\/www.camping-keranterec.com\/wp-content\/uploads\/2023\/09\/brehat-32-3.jpg\" alt=\"\" class=\"wp-image-180\" srcset=\"https:\/\/www.camping-keranterec.com\/wp-content\/uploads\/2023\/09\/brehat-32-3.jpg 1025w, https:\/\/www.camping-keranterec.com\/wp-content\/uploads\/2023\/09\/brehat-32-3-300x300.jpg 300w, https:\/\/www.camping-keranterec.com\/wp-content\/uploads\/2023\/09\/brehat-32-3-150x150.jpg 150w, https:\/\/www.camping-keranterec.com\/wp-content\/uploads\/2023\/09\/brehat-32-3-768x768.jpg 768w\" sizes=\"(max-width: 1025px) 100vw, 1025px\" \/><figcaption class=\"wp-element-caption\">Basic<\/figcaption><\/figure>\n\n\n\n<div class=\"is-layout-constrained wp-block-group has-dore-background-color has-background\">\n<p class=\"has-text-align-center\"><span class=\"fc-icon star-solid\"><\/span><\/p>\n\n\n\n<p class=\"has-text-align-center h4\">Basic<\/p>\n\n\n\n<p class=\"has-text-align-center\">Einfachheit \/ Effizienz \/ Cosy \/ Halb\u00fcberdachte Terrasse<\/p>\n<\/div>\n<\/div>\n<\/div>\n\n\n\n<div class=\"is-layout-flow wp-block-column\">\n<div class=\"is-layout-constrained wp-block-group\">\n<figure class=\"wp-block-image size-full fc-auto\"><img alt=\"\" decoding=\"async\" loading=\"lazy\" width=\"1025\" height=\"1024\" src=\"https:\/\/www.camping-keranterec.com\/wp-content\/uploads\/2023\/09\/brehat-32-3-1.jpg\" alt=\"\" class=\"wp-image-168\" srcset=\"https:\/\/www.camping-keranterec.com\/wp-content\/uploads\/2023\/09\/brehat-32-3-1.jpg 1025w, https:\/\/www.camping-keranterec.com\/wp-content\/uploads\/2023\/09\/brehat-32-3-1-300x300.jpg 300w, https:\/\/www.camping-keranterec.com\/wp-content\/uploads\/2023\/09\/brehat-32-3-1-150x150.jpg 150w, https:\/\/www.camping-keranterec.com\/wp-content\/uploads\/2023\/09\/brehat-32-3-1-768x767.jpg 768w\" sizes=\"(max-width: 1025px) 100vw, 1025px\" \/><figcaption class=\"wp-element-caption\">Komfort<\/figcaption><\/figure>\n\n\n\n<div class=\"is-layout-constrained wp-block-group has-bleu-clair-background-color has-background\">\n<p class=\"has-text-align-center\"><span class=\"fc-icon star-solid\"><\/span><span class=\"fc-icon star-solid\"><\/span><\/p>\n\n\n\n<p class=\"has-text-align-center h4\">Komfort<\/p>\n\n\n\n<p class=\"has-text-align-center\">Neu \/ Schlicht \/ Charmant \/ Halb\u00fcberdachte Terrasse<\/p>\n<\/div>\n<\/div>\n<\/div>\n\n\n\n<div class=\"is-layout-flow wp-block-column\">\n<div class=\"is-layout-constrained wp-block-group\">\n<figure class=\"wp-block-image size-full fc-auto\"><img alt=\"\" decoding=\"async\" loading=\"lazy\" width=\"1025\" height=\"1025\" src=\"https:\/\/www.camping-keranterec.com\/wp-content\/uploads\/2023\/09\/brehat-32-3-2.jpg\" alt=\"\" class=\"wp-image-172\" srcset=\"https:\/\/www.camping-keranterec.com\/wp-content\/uploads\/2023\/09\/brehat-32-3-2.jpg 1025w, https:\/\/www.camping-keranterec.com\/wp-content\/uploads\/2023\/09\/brehat-32-3-2-300x300.jpg 300w, https:\/\/www.camping-keranterec.com\/wp-content\/uploads\/2023\/09\/brehat-32-3-2-150x150.jpg 150w, https:\/\/www.camping-keranterec.com\/wp-content\/uploads\/2023\/09\/brehat-32-3-2-768x768.jpg 768w\" sizes=\"(max-width: 1025px) 100vw, 1025px\" \/><figcaption class=\"wp-element-caption\">Privileg<\/figcaption><\/figure>\n\n\n\n<div class=\"is-layout-constrained wp-block-group has-dore-clair-background-color has-background\">\n<p class=\"has-text-align-center\"><span class=\"fc-icon star-solid\"><\/span><span class=\"fc-icon star-solid\"><\/span><span class=\"fc-icon star-solid\"><\/span><\/p>\n\n\n\n<p class=\"has-text-align-center h4\">Privileg<\/p>\n\n\n\n<p class=\"has-text-align-center\">Modern \/ Luftig \/ Komfortabel \/ Halb\u00fcberdachte Terrasse<\/p>\n<\/div>\n<\/div>\n<\/div>\n\n\n\n<div class=\"is-layout-flow wp-block-column\">\n<div class=\"is-layout-constrained wp-block-group\">\n<figure class=\"wp-block-image size-full fc-auto\"><img alt=\"\" decoding=\"async\" loading=\"lazy\" width=\"1025\" height=\"1024\" src=\"https:\/\/www.camping-keranterec.com\/wp-content\/uploads\/2023\/09\/brehat-32-3-3.jpg\" alt=\"\" class=\"wp-image-176\" srcset=\"https:\/\/www.camping-keranterec.com\/wp-content\/uploads\/2023\/09\/brehat-32-3-3.jpg 1025w, https:\/\/www.camping-keranterec.com\/wp-content\/uploads\/2023\/09\/brehat-32-3-3-300x300.jpg 300w, https:\/\/www.camping-keranterec.com\/wp-content\/uploads\/2023\/09\/brehat-32-3-3-150x150.jpg 150w, https:\/\/www.camping-keranterec.com\/wp-content\/uploads\/2023\/09\/brehat-32-3-3-768x767.jpg 768w\" sizes=\"(max-width: 1025px) 100vw, 1025px\" \/><figcaption class=\"wp-element-caption\">Luxus<\/figcaption><\/figure>\n\n\n\n<div class=\"is-layout-constrained wp-block-group has-bleu-background-color has-background\">\n<p class=\"has-text-align-center\"><span class=\"fc-icon star-solid\"><\/span><span class=\"fc-icon star-solid\"><\/span><span class=\"fc-icon star-solid\"><\/span><span class=\"fc-icon star-solid\"><\/span><\/p>\n\n\n\n<p class=\"has-text-align-center h4\">Luxus<\/p>\n\n\n\n<p class=\"has-text-align-center\">Elegant \/ Ger\u00e4umig \/ Design \/ \u00dcberdachte Terrasse<\/p>\n<\/div>\n<\/div>\n<\/div>\n<\/div>\n<\/div>\n\n\n\n<div class=\"is-layout-flex wp-container-45 wp-block-columns alignfull K-25 has-bleu-clair-background-color has-background\">\n<div class=\"is-layout-flow wp-block-column\">\n<h2 class=\"etc fade-right\">Entspannen Sie sich im <span class=\"fc-span\">Wasserbereich<\/span><\/h2>\n\n\n\n<p>Liegest\u00fchle und Whirlpool sind mit von der Partie!<\/p>\n\n\n\n<p>Um Ihren Urlaub auf dem Campingplatz in La For\u00eat Fouesnant noch angenehmer zu gestalten, profitieren Sie vor Ort von einem <strong>gro\u00dfer Wasserbereich<\/strong>!<\/p>\n\n\n\n<div class=\"wp-block-fc-gut-lire-plus fc-desk\">\n<p>Lesen Sie mehr<\/p>\n\n\n\n<div class=\"is-layout-flow wp-block-group\">\n<p>Die Rutschen, das <strong>Planschbecken<\/strong>, der <strong>Whirlpool<\/strong> und die <strong>beheizte Becken<\/strong>. Mit seinen verschiedenen Becken k\u00f6nnen Sie von einem <strong>\u00fcberdachten Pool<\/strong> und einem zweiten, nicht \u00fcberdachten Pool profitieren.<\/p>\n\n\n\n<p>Diese Annehmlichkeiten bieten Ihnen die M\u00f6glichkeit, sich mit der Familie, dem Partner oder Freunden w\u00e4hrend Ihres <strong>Aufenthalt in der N\u00e4he von Concarneau<\/strong>.<\/p>\n<\/div>\n<\/div>\n\n\n\n<div class=\"is-layout-flex wp-container-40 wp-block-columns encart--columns deco--boisson fade-right rapide\">\n<div class=\"is-layout-flow wp-block-column\">\n<figure class=\"wp-block-image size-full fc-auto\"><img alt=\"\" decoding=\"async\" loading=\"lazy\" width=\"1024\" height=\"999\" src=\"https:\/\/www.camping-keranterec.com\/wp-content\/uploads\/2023\/09\/img_7264-1-1024x628-2.jpg\" alt=\"\" class=\"wp-image-185\" srcset=\"https:\/\/www.camping-keranterec.com\/wp-content\/uploads\/2023\/09\/img_7264-1-1024x628-2.jpg 1024w, https:\/\/www.camping-keranterec.com\/wp-content\/uploads\/2023\/09\/img_7264-1-1024x628-2-300x293.jpg 300w, https:\/\/www.camping-keranterec.com\/wp-content\/uploads\/2023\/09\/img_7264-1-1024x628-2-768x749.jpg 768w\" sizes=\"(max-width: 1024px) 100vw, 1024px\" \/><\/figure>\n<\/div>\n\n\n\n<div class=\"is-layout-flow wp-block-column\">\n<p class=\"h4 has-bleu-clair-color has-text-color\">Entspannung und Erfrischung an der Strohh\u00fctte<\/p>\n\n\n\n<p>Entdecken Sie die Strohh\u00fctte am Wasser, die Oase der Frische innerhalb unseres Campingplatzes. Mit einer verlockenden Auswahl an <strong>Snacks und k\u00fchlen Getr\u00e4nken<\/strong> l\u00e4dt dieser malerische Bereich dazu ein, sich im Schatten von Palmen zu entspannen und dabei k\u00f6stliche Speisen zu genie\u00dfen. Ein erfrischender <strong>Gourmet-Ausflug<\/strong>, den Sie sich bei Ihrem Aufenthalt nicht entgehen lassen sollten.<\/p>\n<\/div>\n<\/div>\n<\/div>\n\n\n\n<div class=\"is-layout-flow wp-block-column K-25-col\">\n<figure class=\"is-layout-flex wp-block-gallery-42 wp-block-gallery has-nested-images columns-2 is-cropped  fade-left fc-diapo fc-auto\">\n<figure class=\"wp-block-image size-large fc-auto\"><img alt=\"\" decoding=\"async\" loading=\"lazy\" width=\"807\" height=\"1024\" src=\"https:\/\/www.camping-keranterec.com\/wp-content\/uploads\/2023\/09\/camping-de-keranterec-5249-1024x684-1-807x1024.jpg\" alt=\"\" class=\"wp-image-189\" srcset=\"https:\/\/www.camping-keranterec.com\/wp-content\/uploads\/2023\/09\/camping-de-keranterec-5249-1024x684-1-807x1024.jpg 807w, https:\/\/www.camping-keranterec.com\/wp-content\/uploads\/2023\/09\/camping-de-keranterec-5249-1024x684-1-236x300.jpg 236w, https:\/\/www.camping-keranterec.com\/wp-content\/uploads\/2023\/09\/camping-de-keranterec-5249-1024x684-1-768x974.jpg 768w, https:\/\/www.camping-keranterec.com\/wp-content\/uploads\/2023\/09\/camping-de-keranterec-5249-1024x684-1.jpg 1024w\" sizes=\"(max-width: 807px) 100vw, 807px\" \/><\/figure>\n\n\n\n<figure class=\"wp-block-image size-large fc-auto\"><img alt=\"\" decoding=\"async\" loading=\"lazy\" width=\"577\" height=\"1024\" src=\"https:\/\/www.camping-keranterec.com\/wp-content\/uploads\/2023\/09\/angelo-pantazis-h0AnGGgseio-unsplash-577x1024.jpg\" alt=\"\" class=\"wp-image-193\" srcset=\"https:\/\/www.camping-keranterec.com\/wp-content\/uploads\/2023\/09\/angelo-pantazis-h0AnGGgseio-unsplash-577x1024.jpg 577w, https:\/\/www.camping-keranterec.com\/wp-content\/uploads\/2023\/09\/angelo-pantazis-h0AnGGgseio-unsplash-169x300.jpg 169w, https:\/\/www.camping-keranterec.com\/wp-content\/uploads\/2023\/09\/angelo-pantazis-h0AnGGgseio-unsplash-768x1363.jpg 768w, https:\/\/www.camping-keranterec.com\/wp-content\/uploads\/2023\/09\/angelo-pantazis-h0AnGGgseio-unsplash.jpg 782w\" sizes=\"(max-width: 577px) 100vw, 577px\" \/><\/figure>\n\n\n\n<figure class=\"wp-block-image size-large fc-auto\"><img alt=\"\" decoding=\"async\" loading=\"lazy\" width=\"1024\" height=\"768\" src=\"https:\/\/www.camping-keranterec.com\/wp-content\/uploads\/2023\/09\/dji_0089-1024x768-1.jpg\" alt=\"\" class=\"wp-image-147\" srcset=\"https:\/\/www.camping-keranterec.com\/wp-content\/uploads\/2023\/09\/dji_0089-1024x768-1.jpg 1024w, https:\/\/www.camping-keranterec.com\/wp-content\/uploads\/2023\/09\/dji_0089-1024x768-1-300x225.jpg 300w, https:\/\/www.camping-keranterec.com\/wp-content\/uploads\/2023\/09\/dji_0089-1024x768-1-768x576.jpg 768w\" sizes=\"(max-width: 1024px) 100vw, 1024px\" \/><\/figure>\n\n\n\n<figure class=\"wp-block-image size-large fc-auto\"><img alt=\"\" decoding=\"async\" loading=\"lazy\" width=\"1024\" height=\"640\" src=\"https:\/\/www.camping-keranterec.com\/wp-content\/uploads\/2023\/09\/Rectangle-47.png\" alt=\"\" class=\"wp-image-134\" srcset=\"https:\/\/www.camping-keranterec.com\/wp-content\/uploads\/2023\/09\/Rectangle-47.png 1024w, https:\/\/www.camping-keranterec.com\/wp-content\/uploads\/2023\/09\/Rectangle-47-300x188.png 300w, https:\/\/www.camping-keranterec.com\/wp-content\/uploads\/2023\/09\/Rectangle-47-768x480.png 768w\" sizes=\"(max-width: 1024px) 100vw, 1024px\" \/><\/figure>\n\n\n\n<figure class=\"wp-block-image size-large fc-auto\"><img alt=\"\" decoding=\"async\" loading=\"lazy\" width=\"1024\" height=\"512\" src=\"https:\/\/www.camping-keranterec.com\/wp-content\/uploads\/2023\/09\/camping-keranterec-1024x512.jpg\" alt=\"\" class=\"wp-image-143\" srcset=\"https:\/\/www.camping-keranterec.com\/wp-content\/uploads\/2023\/09\/camping-keranterec-1024x512.jpg 1024w, https:\/\/www.camping-keranterec.com\/wp-content\/uploads\/2023\/09\/camping-keranterec-300x150.jpg 300w, https:\/\/www.camping-keranterec.com\/wp-content\/uploads\/2023\/09\/camping-keranterec-768x384.jpg 768w, https:\/\/www.camping-keranterec.com\/wp-content\/uploads\/2023\/09\/camping-keranterec-1536x768.jpg 1536w, https:\/\/www.camping-keranterec.com\/wp-content\/uploads\/2023\/09\/camping-keranterec.jpg 2048w\" sizes=\"(max-width: 1024px) 100vw, 1024px\" \/><\/figure>\n<\/figure>\n\n\n\n<div class=\"wp-block-fc-gut-encart fc-information\">\n<p><a href=\"https:\/\/www.camping-keranterec.com\/de\/camping-bretagne-freibad\/\" data-type=\"page\" data-id=\"368\">Entdecken Sie den Pool! <span class=\"fc-icon water-light\"><\/span><\/a><\/p>\n<\/div>\n<\/div>\n<\/div>\n\n\n\n<div class=\"is-layout-constrained wp-block-group deco--bretagne-2\">\n<p class=\"has-text-align-center fade-left h2 has-dore-clair-color has-text-color\">Dienstleistungen des <span class=\"fc-span\">Campingplatzes<\/span><\/p>\n\n\n\r\n    <section class=\"fc-bloc diapo-services fade-up deco--plage\">\r\n\r\n        <ul class=\"diapo-services__filtres\">\r\n                    <li>\r\n                        <input type=\"radio\" id=\"verpflegung\" name=\"services\" checked>\r\n                        <label for=\"verpflegung\">Verpflegung<\/label>\r\n                    <\/li>\r\n\r\n        \r\n                    <li>\r\n                        <input type=\"radio\" id=\"premium-service\" name=\"services\" >\r\n                        <label for=\"premium-service\">Premium-Service<\/label>\r\n                    <\/li>\r\n\r\n        \r\n                    <li>\r\n                        <input type=\"radio\" id=\"lebenskomfort\" name=\"services\" >\r\n                        <label for=\"lebenskomfort\">Lebenskomfort<\/label>\r\n                    <\/li>\r\n\r\n        <\/ul>\r\n\r\n        \r\n            <ul class=\"diapo-services__liste deco--tampon verpflegung fc-scroll\">\r\n\r\n                \r\n                        <li class=\"diapo-services__liste__item\">\r\n                            <div class=\"diapo-services__liste__card info\">\r\n                                <figure class=\"wp-block-image\">\r\n                                    <img decoding=\"async\" src=\"https:\/\/www.camping-keranterec.com\/wp-content\/uploads\/2023\/10\/brehat-32-3.jpg\" alt=\"\">\r\n                                    <figcaption>\r\n                                        Strohh\u00fctte                                        <button>Weitere Informationen<\/button>                                    <\/figcaption>\r\n                                <\/figure>\r\n                                <div class=\"has-text-align-center\">\r\n                                    <p><strong>Paillotte<\/strong> ge\u00f6ffnet vom 08\/04\/2023 bis 24\/09\/2023<\/p>\n                                <\/div>\r\n                            <\/div>\r\n                        <\/li>\r\n\r\n                    \r\n                        <li class=\"diapo-services__liste__item\">\r\n                            <div class=\"diapo-services__liste__card info\">\r\n                                <figure class=\"wp-block-image\">\r\n                                    <img decoding=\"async\" src=\"https:\/\/www.camping-keranterec.com\/wp-content\/uploads\/2023\/10\/9eb87419-0374-4313-89be-4265f59a0c80-1-1024x768-1.jpg\" alt=\"\">\r\n                                    <figcaption>\r\n                                        Restaurant                                        <button>Weitere Informationen<\/button>                                    <\/figcaption>\r\n                                <\/figure>\r\n                                <div class=\"has-text-align-center\">\r\n                                    <p><strong>Restaurant &amp; Pizzeria<\/strong> ge\u00f6ffnet vom 01\/07\/2023 bis 26\/08\/2023<\/p>\n                                <\/div>\r\n                            <\/div>\r\n                        <\/li>\r\n\r\n                    \r\n                        <li class=\"diapo-services__liste__item\">\r\n                            <div class=\"diapo-services__liste__card info\">\r\n                                <figure class=\"wp-block-image\">\r\n                                    <img decoding=\"async\" src=\"https:\/\/www.camping-keranterec.com\/wp-content\/uploads\/2023\/10\/camping-de-keranterec-5350-1024x684-2.jpg\" alt=\"\">\r\n                                    <figcaption>\r\n                                        Bar                                        <button>Weitere Informationen<\/button>                                    <\/figcaption>\r\n                                <\/figure>\r\n                                <div class=\"has-text-align-center\">\r\n                                    <p><strong>Bar<\/strong> ge\u00f6ffnet vom 01\/07\/2023 bis 27\/08\/2023<\/p>\n                                <\/div>\r\n                            <\/div>\r\n                        <\/li>\r\n\r\n                    \r\n                        <li class=\"diapo-services__liste__item\">\r\n                            <div class=\"diapo-services__liste__card info\">\r\n                                <figure class=\"wp-block-image\">\r\n                                    <img decoding=\"async\" src=\"https:\/\/www.camping-keranterec.com\/wp-content\/uploads\/2023\/10\/img_1019-768x1024-1.jpg\" alt=\"\">\r\n                                    <figcaption>\r\n                                        Lebensmittelgesch\u00e4ft                                        <button>Weitere Informationen<\/button>                                    <\/figcaption>\r\n                                <\/figure>\r\n                                <div class=\"has-text-align-center\">\r\n                                    <p><strong>Lebensmittelgesch\u00e4ft<\/strong> ge\u00f6ffnet vom 01\/07\/2023 bis 27\/08\/2023<\/p>\n                                <\/div>\r\n                            <\/div>\r\n                        <\/li>\r\n\r\n                    \r\n            <\/ul>\r\n\r\n        \r\n            <ul class=\"diapo-services__liste deco--tampon premium-service fc-scroll\">\r\n\r\n                \r\n                        <li class=\"diapo-services__liste__item\">\r\n                            <div class=\"diapo-services__liste__card info\">\r\n                                <figure class=\"wp-block-image\">\r\n                                    <img decoding=\"async\" src=\"https:\/\/www.camping-keranterec.com\/wp-content\/uploads\/2023\/10\/brehat-32-3-1.jpg\" alt=\"\">\r\n                                    <figcaption>\r\n                                        W\u00e4scherei                                        <button>Weitere Informationen<\/button>                                    <\/figcaption>\r\n                                <\/figure>\r\n                                <div class=\"has-text-align-center\">\r\n                                    <p><strong>Laverie <\/strong>ouverte du 08\/04\/2023 au 24\/09\/2023<\/p>\n                                <\/div>\r\n                            <\/div>\r\n                        <\/li>\r\n\r\n                    \r\n                        <li class=\"diapo-services__liste__item\">\r\n                            <div class=\"diapo-services__liste__card info\">\r\n                                <figure class=\"wp-block-image\">\r\n                                    <img decoding=\"async\" src=\"https:\/\/www.camping-keranterec.com\/wp-content\/uploads\/2023\/10\/9eb87419-0374-4313-89be-4265f59a0c80-1-1024x768-1-1.jpg\" alt=\"\">\r\n                                    <figcaption>\r\n                                        W\u00e4scheverleih                                        <button>Weitere Informationen<\/button>                                    <\/figcaption>\r\n                                <\/figure>\r\n                                <div class=\"has-text-align-center\">\r\n                                    <p><strong>Location de linge<\/strong> du 08\/04\/2023 au 24\/09\/2023<\/p>\n                                <\/div>\r\n                            <\/div>\r\n                        <\/li>\r\n\r\n                    \r\n                        <li class=\"diapo-services__liste__item\">\r\n                            <div class=\"diapo-services__liste__card info\">\r\n                                <figure class=\"wp-block-image\">\r\n                                    <img decoding=\"async\" src=\"https:\/\/www.camping-keranterec.com\/wp-content\/uploads\/2023\/10\/camping-de-keranterec-5350-1024x684-1.jpg\" alt=\"\">\r\n                                    <figcaption>\r\n                                        Fr\u00fchst\u00fcck                                        <button>Weitere Informationen<\/button>                                    <\/figcaption>\r\n                                <\/figure>\r\n                                <div class=\"has-text-align-center\">\r\n                                    <p><strong>Petits d\u00e9jeuners<\/strong> au bar du 01\/07\/2023 au 27\/08\/2023<\/p>\n                                <\/div>\r\n                            <\/div>\r\n                        <\/li>\r\n\r\n                    \r\n            <\/ul>\r\n\r\n        \r\n            <ul class=\"diapo-services__liste deco--tampon lebenskomfort fc-scroll\">\r\n\r\n                \r\n                        <li class=\"diapo-services__liste__item\">\r\n                            <div class=\"diapo-services__liste__card info\">\r\n                                <figure class=\"wp-block-image\">\r\n                                    <img decoding=\"async\" src=\"https:\/\/www.camping-keranterec.com\/wp-content\/uploads\/2023\/10\/brehat-32-3-2.jpg\" alt=\"\">\r\n                                    <figcaption>\r\n                                        Brotdepot                                        <button>Weitere Informationen<\/button>                                    <\/figcaption>\r\n                                <\/figure>\r\n                                <div class=\"has-text-align-center\">\r\n                                    <p><strong>D\u00e9p\u00f4t de pain<\/strong> du 08\/04\/2023 au 24\/09\/2023<\/p>\n                                <\/div>\r\n                            <\/div>\r\n                        <\/li>\r\n\r\n                    \r\n                        <li class=\"diapo-services__liste__item\">\r\n                            <div class=\"diapo-services__liste__card info\">\r\n                                <figure class=\"wp-block-image\">\r\n                                    <img decoding=\"async\" src=\"https:\/\/www.camping-keranterec.com\/wp-content\/uploads\/2023\/10\/pexels-teona-swift-6912825.jpg\" alt=\"\">\r\n                                    <figcaption>\r\n                                        Wifi-Zugang                                        <button>Weitere Informationen<\/button>                                    <\/figcaption>\r\n                                <\/figure>\r\n                                <div class=\"has-text-align-center\">\r\n                                    <p><strong>Acc\u00e8s wifi<\/strong> du 08\/04\/2023 au 24\/09\/2023<\/p>\n                                <\/div>\r\n                            <\/div>\r\n                        <\/li>\r\n\r\n                    \r\n            <\/ul>\r\n\r\n            \r\n    <\/section>\r\n\r\n\n\n\n<div class=\"is-content-justification-center is-layout-flex wp-container-46 wp-block-buttons\">\n<div class=\"wp-block-button\"><a class=\"wp-block-button__link wp-element-button\" href=\"https:\/\/www.camping-keranterec.com\/de\/dienste\/\">Entdecken Sie alle Dienstleistungen<\/a><\/div>\n<\/div>\n<\/div>\n\n\n\n<div class=\"is-layout-constrained wp-block-group alignfull K-30 has-bleu-background-color has-background\">\n<h2 class=\"fade-right\"><em>Nutzen Sie<\/em> <span class=\"fc-span\">der Einrichtungen des Campingplatzes<\/span><\/h2>\n\n\n\n<figure class=\"is-layout-flex wp-block-gallery-48 wp-block-gallery has-nested-images columns-5 is-cropped deco--tampon-fond fc-auto\">\n<figure class=\"wp-block-image size-large fc-auto\"><img alt=\"tournois tennis camping bretagne\" decoding=\"async\" loading=\"lazy\" width=\"732\" height=\"1024\" src=\"https:\/\/www.camping-keranterec.com\/wp-content\/uploads\/2023\/10\/camping-de-keranterec-5350-1024x684-2-1.jpg\" alt=\"\" class=\"wp-image-277\" srcset=\"https:\/\/www.camping-keranterec.com\/wp-content\/uploads\/2023\/10\/camping-de-keranterec-5350-1024x684-2-1.jpg 732w, https:\/\/www.camping-keranterec.com\/wp-content\/uploads\/2023\/10\/camping-de-keranterec-5350-1024x684-2-1-214x300.jpg 214w\" sizes=\"(max-width: 732px) 100vw, 732px\" \/><\/figure>\n\n\n\n<figure class=\"wp-block-image size-large fc-auto\"><img alt=\"\" decoding=\"async\" loading=\"lazy\" width=\"732\" height=\"1024\" src=\"https:\/\/www.camping-keranterec.com\/wp-content\/uploads\/2023\/10\/9eb87419-0374-4313-89be-4265f59a0c80-1-1024x768-4.jpg\" alt=\"\" class=\"wp-image-289\" srcset=\"https:\/\/www.camping-keranterec.com\/wp-content\/uploads\/2023\/10\/9eb87419-0374-4313-89be-4265f59a0c80-1-1024x768-4.jpg 732w, https:\/\/www.camping-keranterec.com\/wp-content\/uploads\/2023\/10\/9eb87419-0374-4313-89be-4265f59a0c80-1-1024x768-4-214x300.jpg 214w\" sizes=\"(max-width: 732px) 100vw, 732px\" \/><\/figure>\n\n\n\n<figure class=\"wp-block-image size-large fc-auto\"><img alt=\"\" decoding=\"async\" loading=\"lazy\" width=\"732\" height=\"1024\" src=\"https:\/\/www.camping-keranterec.com\/wp-content\/uploads\/2023\/10\/brehat-32-3-3.jpg\" alt=\"\" class=\"wp-image-261\" srcset=\"https:\/\/www.camping-keranterec.com\/wp-content\/uploads\/2023\/10\/brehat-32-3-3.jpg 732w, https:\/\/www.camping-keranterec.com\/wp-content\/uploads\/2023\/10\/brehat-32-3-3-214x300.jpg 214w\" sizes=\"(max-width: 732px) 100vw, 732px\" \/><\/figure>\n\n\n\n<figure class=\"wp-block-image size-large fc-auto\"><img alt=\"Jeux gonflables au camping en bretagne\" decoding=\"async\" loading=\"lazy\" width=\"732\" height=\"1025\" src=\"https:\/\/www.camping-keranterec.com\/wp-content\/uploads\/2023\/10\/camping-de-keranterec-5350-1024x684-3.jpg\" alt=\"\" class=\"wp-image-281\" srcset=\"https:\/\/www.camping-keranterec.com\/wp-content\/uploads\/2023\/10\/camping-de-keranterec-5350-1024x684-3.jpg 732w, https:\/\/www.camping-keranterec.com\/wp-content\/uploads\/2023\/10\/camping-de-keranterec-5350-1024x684-3-214x300.jpg 214w\" sizes=\"(max-width: 732px) 100vw, 732px\" \/><\/figure>\n\n\n\n<figure class=\"wp-block-image size-large fc-auto\"><img alt=\"\" decoding=\"async\" loading=\"lazy\" width=\"732\" height=\"1025\" src=\"https:\/\/www.camping-keranterec.com\/wp-content\/uploads\/2023\/10\/9eb87419-0374-4313-89be-4265f59a0c80-1-1024x768-1-2.jpg\" alt=\"\" class=\"wp-image-249\" srcset=\"https:\/\/www.camping-keranterec.com\/wp-content\/uploads\/2023\/10\/9eb87419-0374-4313-89be-4265f59a0c80-1-1024x768-1-2.jpg 732w, https:\/\/www.camping-keranterec.com\/wp-content\/uploads\/2023\/10\/9eb87419-0374-4313-89be-4265f59a0c80-1-1024x768-1-2-214x300.jpg 214w\" sizes=\"(max-width: 732px) 100vw, 732px\" \/><\/figure>\n\n\n\n<figure class=\"wp-block-image size-large fc-auto\"><img alt=\"tournois de sport en camping en bretagne\" decoding=\"async\" loading=\"lazy\" width=\"732\" height=\"1025\" src=\"https:\/\/www.camping-keranterec.com\/wp-content\/uploads\/2023\/10\/9eb87419-0374-4313-89be-4265f59a0c80-1-1024x768-2.jpg\" alt=\"\" class=\"wp-image-253\" srcset=\"https:\/\/www.camping-keranterec.com\/wp-content\/uploads\/2023\/10\/9eb87419-0374-4313-89be-4265f59a0c80-1-1024x768-2.jpg 732w, https:\/\/www.camping-keranterec.com\/wp-content\/uploads\/2023\/10\/9eb87419-0374-4313-89be-4265f59a0c80-1-1024x768-2-214x300.jpg 214w\" sizes=\"(max-width: 732px) 100vw, 732px\" \/><\/figure>\n\n\n\n<figure class=\"wp-block-image size-large fc-auto\"><img alt=\"\" decoding=\"async\" loading=\"lazy\" width=\"732\" height=\"1025\" src=\"https:\/\/www.camping-keranterec.com\/wp-content\/uploads\/2023\/10\/9eb87419-0374-4313-89be-4265f59a0c80-1-1024x768-3.jpg\" alt=\"\" class=\"wp-image-257\" srcset=\"https:\/\/www.camping-keranterec.com\/wp-content\/uploads\/2023\/10\/9eb87419-0374-4313-89be-4265f59a0c80-1-1024x768-3.jpg 732w, https:\/\/www.camping-keranterec.com\/wp-content\/uploads\/2023\/10\/9eb87419-0374-4313-89be-4265f59a0c80-1-1024x768-3-214x300.jpg 214w\" sizes=\"(max-width: 732px) 100vw, 732px\" \/><\/figure>\n\n\n\n<figure class=\"wp-block-image size-large fc-auto\"><img alt=\"\" decoding=\"async\" loading=\"lazy\" width=\"732\" height=\"1025\" src=\"https:\/\/www.camping-keranterec.com\/wp-content\/uploads\/2023\/10\/brehat-32-3-1-1.jpg\" alt=\"\" class=\"wp-image-265\" srcset=\"https:\/\/www.camping-keranterec.com\/wp-content\/uploads\/2023\/10\/brehat-32-3-1-1.jpg 732w, https:\/\/www.camping-keranterec.com\/wp-content\/uploads\/2023\/10\/brehat-32-3-1-1-214x300.jpg 214w\" sizes=\"(max-width: 732px) 100vw, 732px\" \/><\/figure>\n\n\n\n<figure class=\"wp-block-image size-large fc-auto\"><img alt=\"\" decoding=\"async\" loading=\"lazy\" width=\"732\" height=\"1025\" src=\"https:\/\/www.camping-keranterec.com\/wp-content\/uploads\/2023\/10\/brehat-32-3-2-1.jpg\" alt=\"\" class=\"wp-image-269\" srcset=\"https:\/\/www.camping-keranterec.com\/wp-content\/uploads\/2023\/10\/brehat-32-3-2-1.jpg 732w, https:\/\/www.camping-keranterec.com\/wp-content\/uploads\/2023\/10\/brehat-32-3-2-1-214x300.jpg 214w\" sizes=\"(max-width: 732px) 100vw, 732px\" \/><\/figure>\n\n\n\n<figure class=\"wp-block-image size-large fc-auto\"><img alt=\"\" decoding=\"async\" loading=\"lazy\" width=\"732\" height=\"1025\" src=\"https:\/\/www.camping-keranterec.com\/wp-content\/uploads\/2023\/10\/camping-de-keranterec-5350-1024x684-1-1.jpg\" alt=\"\" class=\"wp-image-273\" srcset=\"https:\/\/www.camping-keranterec.com\/wp-content\/uploads\/2023\/10\/camping-de-keranterec-5350-1024x684-1-1.jpg 732w, https:\/\/www.camping-keranterec.com\/wp-content\/uploads\/2023\/10\/camping-de-keranterec-5350-1024x684-1-1-214x300.jpg 214w\" sizes=\"(max-width: 732px) 100vw, 732px\" \/><\/figure>\n\n\n\n<figure class=\"wp-block-image size-large fc-auto\"><img alt=\"\" decoding=\"async\" loading=\"lazy\" width=\"732\" height=\"1025\" src=\"https:\/\/www.camping-keranterec.com\/wp-content\/uploads\/2023\/10\/camping-de-keranterec-5350-1024x684-4.jpg\" alt=\"\" class=\"wp-image-285\" srcset=\"https:\/\/www.camping-keranterec.com\/wp-content\/uploads\/2023\/10\/camping-de-keranterec-5350-1024x684-4.jpg 732w, https:\/\/www.camping-keranterec.com\/wp-content\/uploads\/2023\/10\/camping-de-keranterec-5350-1024x684-4-214x300.jpg 214w\" sizes=\"(max-width: 732px) 100vw, 732px\" \/><\/figure>\n<\/figure>\n\n\n\n<p class=\"fade-right rapide\">Entscheiden Sie <strong>sich f\u00fcr Ihren Urlaub im Finist\u00e8re<\/strong> f\u00fcr einen voll ausgestatteten Campingplatz mit <strong>Kinderclub<\/strong>. Sie k\u00f6nnen den ganzen Tag \u00fcber die Aktivit\u00e4ten des Campingplatzes nutzen: <em>City-Sport, Spielplatz, Tischtennis, Tischfu\u00dfball, Tennisplatz, Billardraum, Boulespiel&#8230;<\/em><\/p>\n\n\n\n<div class=\"is-layout-flex wp-block-buttons fade-right rapide\">\n<div class=\"wp-block-button\"><a class=\"wp-block-button__link wp-element-button\" href=\"https:\/\/www.camping-keranterec.com\/de\/aktivitaeten-animationen\/\">Alle Aktivit\u00e4ten ansehen<\/a><\/div>\n\n\n\n<div class=\"wp-block-button\"><a class=\"wp-block-button__link wp-element-button\" href=\"https:\/\/www.camping-keranterec.com\/de\/ausstattungen\/\">Siehe alle Ausstattungen<\/a><\/div>\n<\/div>\n<\/div>\n\n\n\n<div class=\"is-layout-flex wp-container-57 wp-block-columns K-35 deco--fleurs\">\n<div class=\"is-layout-flow wp-block-column\" style=\"flex-basis:43%\">\n<h2 class=\"h3 fade-right has-dore-color has-text-color\">Verbringen Sie Ihren Aufenthalt auf dem <span class=\"fc-span\">4-Sterne-Campingplatz<\/span> <em>in La For\u00eat-Fouesnant im S\u00fcd-Finist\u00e8re<\/em><\/h2>\n\n\n\n<p>Der <strong>Campingplatz K\u00e9rant\u00e9rec in der N\u00e4he von Concarneau<\/strong> genie\u00dft eine g\u00fcnstige Lage, <strong>um das s\u00fcdliche Finist\u00e8re zu entdecken<\/strong>. Er befindet sich in der N\u00e4he von <strong>Fouesnant<\/strong> und ist nur einen Katzensprung von der Ville close und vielen anderen sehenswerten bretonischen St\u00e4dten und D\u00f6rfern entfernt.<\/p>\n\n\n\n<div class=\"wp-block-fc-gut-lire-plus fc-desk\">\n<p>Lesen Sie mehr<\/p>\n\n\n\n<div class=\"is-layout-flow wp-block-group\">\n<p>Wir begr\u00fc\u00dfen Sie in einer <strong>herzlichen und gehobenen Umgebung<\/strong>, <strong>nur wenige Schritte vom Meer und den Str\u00e4nden entfernt.<\/strong> Neben der idealen Lage zur Erkundung der Region gibt es auf unserem <strong>Campingplatz zwischen Concarneau und Fouesnant<\/strong> zahlreiche <a href=\"https:\/\/www.camping-keranterec.com\/de\/aktivitaeten-animationen\/\">Unterhaltungsangebote<\/a>. Au\u00dferdem gibt es zahlreiche Aktivit\u00e4ten und Ausfl\u00fcge in der <a href=\"https:\/\/www.camping-keranterec.com\/de\/umgebung\/\">Umgebung<\/a>, die allen Anspr\u00fcchen gerecht werden. Hier finden Sie auch alle <strong>4-Sterne-Einrichtungen und Dienstleistungen<\/strong>, die Ihren <strong>Urlaub im S\u00fcd-Finist\u00e8re<\/strong> so angenehm wie m\u00f6glich machen werden.<\/p>\n<\/div>\n<\/div>\n<\/div>\n\n\n\n<div class=\"is-layout-flow wp-block-column deco--bloc-vague\">\n<figure class=\"is-layout-flex wp-block-gallery-54 wp-block-gallery has-nested-images columns-default is-cropped  fade-left fc-full\">\n<figure class=\"wp-block-image size-large fc-auto\"><img alt=\"\" decoding=\"async\" loading=\"lazy\" width=\"1024\" height=\"699\" src=\"https:\/\/www.camping-keranterec.com\/wp-content\/uploads\/2023\/11\/IMG_9934.jpg\" alt=\"\" class=\"wp-image-2592\" srcset=\"https:\/\/www.camping-keranterec.com\/wp-content\/uploads\/2023\/11\/IMG_9934.jpg 1024w, https:\/\/www.camping-keranterec.com\/wp-content\/uploads\/2023\/11\/IMG_9934-300x205.jpg 300w, https:\/\/www.camping-keranterec.com\/wp-content\/uploads\/2023\/11\/IMG_9934-768x524.jpg 768w\" sizes=\"(max-width: 1024px) 100vw, 1024px\" \/><\/figure>\n\n\n\n<figure class=\"wp-block-image size-large fc-auto\"><img alt=\"\" decoding=\"async\" loading=\"lazy\" width=\"1024\" height=\"1024\" src=\"https:\/\/www.camping-keranterec.com\/wp-content\/uploads\/2023\/11\/IMG_9927-1024x1024.jpg\" alt=\"\" class=\"wp-image-2588\" srcset=\"https:\/\/www.camping-keranterec.com\/wp-content\/uploads\/2023\/11\/IMG_9927-1024x1024.jpg 1024w, https:\/\/www.camping-keranterec.com\/wp-content\/uploads\/2023\/11\/IMG_9927-300x300.jpg 300w, https:\/\/www.camping-keranterec.com\/wp-content\/uploads\/2023\/11\/IMG_9927-150x150.jpg 150w, https:\/\/www.camping-keranterec.com\/wp-content\/uploads\/2023\/11\/IMG_9927-768x768.jpg 768w, https:\/\/www.camping-keranterec.com\/wp-content\/uploads\/2023\/11\/IMG_9927.jpg 1365w\" sizes=\"(max-width: 1024px) 100vw, 1024px\" \/><\/figure>\n<\/figure>\n\n\n\n<div class=\"wp-block-fc-gut-encart fc-information\">\n<p><a href=\"https:\/\/www.camping-keranterec.com\/de\/umgebung\/\" data-type=\"page\" data-id=\"364\">Entdecken Sie! <span class=\"fc-icon binoculars-light\"><\/span><\/a><\/p>\n<\/div>\n<\/div>\n<\/div>\n","protected":false},"excerpt":{"rendered":"<p>Ihr Urlaub am Meer in La For\u00eat-Fouesnant! Campingplatz in La For\u00eat-Fouesnant am Meer, zwischen Fouesnant und Concarneau F\u00fcr Ihren n\u00e4chsten Campingurlaub im Finist\u00e8re empf\u00e4ngt Sie der 4-Sterne-Campingplatz K\u00e9rant\u00e9rec nur wenige Schritte vom Meer und vom Strand entfernt in La For\u00eat Fouesnant in der N\u00e4he von Concarneau und seine ummauerte Stadt. Kommen Sie und entdecken Sie [&hellip;]<\/p>\n","protected":false},"author":1,"featured_media":0,"parent":0,"menu_order":0,"comment_status":"closed","ping_status":"closed","template":"","meta":{"_seopress_robots_primary_cat":"","_seopress_titles_title":"","_seopress_titles_desc":"","_seopress_robots_index":""},"acf":[],"_links":{"self":[{"href":"https:\/\/www.camping-keranterec.com\/de\/wp-json\/wp\/v2\/pages\/2970"}],"collection":[{"href":"https:\/\/www.camping-keranterec.com\/de\/wp-json\/wp\/v2\/pages"}],"about":[{"href":"https:\/\/www.camping-keranterec.com\/de\/wp-json\/wp\/v2\/types\/page"}],"author":[{"embeddable":true,"href":"https:\/\/www.camping-keranterec.com\/de\/wp-json\/wp\/v2\/users\/1"}],"replies":[{"embeddable":true,"href":"https:\/\/www.camping-keranterec.com\/de\/wp-json\/wp\/v2\/comments?post=2970"}],"version-history":[{"count":6,"href":"https:\/\/www.camping-keranterec.com\/de\/wp-json\/wp\/v2\/pages\/2970\/revisions"}],"predecessor-version":[{"id":4354,"href":"https:\/\/www.camping-keranterec.com\/de\/wp-json\/wp\/v2\/pages\/2970\/revisions\/4354"}],"wp:attachment":[{"href":"https:\/\/www.camping-keranterec.com\/de\/wp-json\/wp\/v2\/media?parent=2970"}],"curies":[{"name":"wp","href":"https:\/\/api.w.org\/{rel}","templated":true}]}}