{"id":2851,"date":"2023-11-22T09:01:09","date_gmt":"2023-11-22T08:01:09","guid":{"rendered":"https:\/\/www.camping-keranterec.com\/alentours\/la-foret-fouesnant\/"},"modified":"2023-12-07T15:42:42","modified_gmt":"2023-12-07T14:42:42","slug":"la-foret-fouesnant","status":"publish","type":"alentours","link":"https:\/\/www.camping-keranterec.com\/de\/alentours\/la-foret-fouesnant\/","title":{"rendered":"Besuch und Aufenthalt auf dem Campingplatz in La For\u00eat-Fouesnant"},"content":{"rendered":"\n<div class=\"is-layout-constrained wp-block-group\">\n<p>Nutzen Sie Ihren n\u00e4chsten Aufenthalt auf dem <a href=\"https:\/\/www.camping-keranterec.com\/de\/\" data-type=\"page\" data-id=\"2\" target=\"_blank\" rel=\"noreferrer noopener\">Campingplatz in La For\u00eat Fouesnant<\/a>, um einen Badeort zu entdecken, der ideal f\u00fcr einen Urlaub im <strong>S\u00fcd-Finist\u00e8re<\/strong> ist. Der Campingplatz K\u00e9rant\u00e9rec bietet Ihnen die M\u00f6glichkeit, seine verschiedenen Facetten zu erkunden.<\/p>\n\n\n\n<h2>Besuchen Sie La For\u00eat Fouesnant, ein Wald und ein Hafen neben Concarneau<\/h2>\n\n\n\n<p>Atmen Sie in La<strong> For\u00eat-Fouesnant<\/strong> die Meeresluft in vollen Z\u00fcgen ein. Sie lernen einen Badeort im <a href=\"https:\/\/www.camping-keranterec.com\/de\/umgebung\/\" data-type=\"page\" data-id=\"364\">s\u00fcdlichen Finist\u00e8re<\/a> kennen, der am Atlantischen Ozean zwischen <a href=\"https:\/\/www.camping-keranterec.com\/de\/alentours\/cap-coz-fouesnant-bretagne\/\" data-type=\"alentours\" data-id=\"834\">Cap Coz<\/a> und <a href=\"https:\/\/www.camping-keranterec.com\/de\/alentours\/concarneau\/\" data-type=\"alentours\" data-id=\"835\">Concarneau<\/a> liegt und in den die Ria\u00b9 von <strong>La For\u00eat-Fouesnant<\/strong> m\u00fcndet. Mit seinen <strong>30 km markierten Wanderwegen<\/strong> bietet La For\u00eat-Fouesnant Spazierg\u00e4nge, Wanderungen und Naturausfl\u00fcge an, um den malerischen Charme der Gemeinde zu entdecken.  <\/p>\n\n\n\n<p>  Dieses charmante und authentische bretonische Dorf z\u00e4hlt 3 300 Seelen und erstreckt sich \u00fcber 18 km\u00b2. La For\u00eat Fouesnant liegt im Schatten von Obstb\u00e4umen, <strong>mit Blick auf das offene Meer<\/strong>, inmitten eines reichen Bodens und strahlt ein sanftes Leben und Geselligkeit aus. Die malerischen G\u00e4rten der traditionellen H\u00e4user pr\u00e4gen die blumengeschm\u00fcckten Gassen, die den alten Hafen und den langen, feinen Sandstrand umschlie\u00dfen. Zusammen mit <strong>B\u00e9nodet<\/strong> und <strong>Fouesnant<\/strong> bildet <a href=\"https:\/\/www.foret-fouesnant-tourisme.com\/\" target=\"_blank\" rel=\"noreferrer noopener\">La For\u00eat-Fouesnant<\/a> nun die &#8220; <strong>Bretonische Riviera<\/strong> &#8222;.  <\/p>\n\n\n\n<h3>Entdecken Sie das Natur- und Kulturerbe  <\/h3>\n\n\n\n<p>Auf den Pfaden k\u00f6nnen Sie zu Fu\u00df, mit dem Fahrrad oder zu Pferd Naturgenuss und die Entdeckung des Kulturerbes miteinander verbinden. <strong>Wundersch\u00f6ne Naturlandschaften, die aus einer au\u00dfergew\u00f6hnlichen lokalen Flora und Fauna bestehen<\/strong>, tragen dazu bei, dieses bretonische Paradies hervorzuheben. Im Zentrum der Gemeinde entdecken Sie eine echte kleine Kathedrale auf dem Land, die<strong>Kirche Notre Dame Izel Vor<\/strong> (Notre Dame de basse mer). Diese Kirche, die gr\u00f6\u00dftenteils in der ersten H\u00e4lfte des XVI\u1d49 Jahrhunderts erbaut wurde, ist im typischen gotischen Stil der Cornouaille gehalten.  <\/p>\n\n\n\n<p>An den W\u00e4nden finden sich geschnitzte Jahreszahlen: 1538 unter der Veranda, 1628 \u00fcber dem Baptisterium. Dieses Denkmal steht seit dem 8. Juni 1914 unter <strong>Denkmalschutz<\/strong>. Ebenso bemerkenswert ist die <strong>Kapelle von Peniti<\/strong> (oder Penity, ein Penity ist in der bretonischen Sprache eine Einsiedelei oder ein kleines Kloster), die 1723 erbaut wurde.  <\/p>\n\n\n\n<p>Er befindet sich am Anfang der Ria von La For\u00eat-Fouesnant. In der N\u00e4he befindet sich ein <strong>heilender Brunnen<\/strong>, der angeblich das Laufen von Kleinkindern f\u00f6rdert. Sie wurde um 1960 zerst\u00f6rt und 2005 originalgetreu wieder aufgebaut. Im Kreuzgang der Kapelle wurde ein gr\u00fcnes Theater eingerichtet, in dem im Sommer seit etwa 20 Jahren jeden Mittwoch kostenlose Auff\u00fchrungen im Rahmen der &#8222;Nuits celtiques de Peniti&#8220; (Keltische N\u00e4chte in Peniti) stattfinden.<\/p>\n\n\n\n<figure class=\"is-layout-flex wp-block-gallery-1 wp-block-gallery has-nested-images columns-3 is-cropped fc-diapo fc-auto\">\n<figure class=\"wp-block-image size-full fc-auto\"><a href=\"https:\/\/www.camping-keranterec.com\/wp-content\/uploads\/2023\/11\/la_fort_fouesnant_en_2010-1024x804-1.jpg\"><img alt=\"\" decoding=\"async\" loading=\"lazy\" width=\"1024\" height=\"804\" src=\"https:\/\/www.camping-keranterec.com\/wp-content\/uploads\/2023\/11\/la_fort_fouesnant_en_2010-1024x804-1.jpg\" alt=\"\" class=\"wp-image-3657\" srcset=\"https:\/\/www.camping-keranterec.com\/wp-content\/uploads\/2023\/11\/la_fort_fouesnant_en_2010-1024x804-1.jpg 1024w, https:\/\/www.camping-keranterec.com\/wp-content\/uploads\/2023\/11\/la_fort_fouesnant_en_2010-1024x804-1-300x236.jpg 300w, https:\/\/www.camping-keranterec.com\/wp-content\/uploads\/2023\/11\/la_fort_fouesnant_en_2010-1024x804-1-768x603.jpg 768w\" sizes=\"(max-width: 1024px) 100vw, 1024px\" \/><\/a><\/figure>\n\n\n\n<figure class=\"wp-block-image size-full fc-auto\"><a href=\"https:\/\/www.camping-keranterec.com\/wp-content\/uploads\/2023\/11\/la_fort-fouesnant_france_-_panoramio_3-1-1024x576-1.jpg\"><img alt=\"\" decoding=\"async\" loading=\"lazy\" width=\"1024\" height=\"576\" src=\"https:\/\/www.camping-keranterec.com\/wp-content\/uploads\/2023\/11\/la_fort-fouesnant_france_-_panoramio_3-1-1024x576-1.jpg\" alt=\"\" class=\"wp-image-3661\" srcset=\"https:\/\/www.camping-keranterec.com\/wp-content\/uploads\/2023\/11\/la_fort-fouesnant_france_-_panoramio_3-1-1024x576-1.jpg 1024w, https:\/\/www.camping-keranterec.com\/wp-content\/uploads\/2023\/11\/la_fort-fouesnant_france_-_panoramio_3-1-1024x576-1-300x169.jpg 300w, https:\/\/www.camping-keranterec.com\/wp-content\/uploads\/2023\/11\/la_fort-fouesnant_france_-_panoramio_3-1-1024x576-1-768x432.jpg 768w\" sizes=\"(max-width: 1024px) 100vw, 1024px\" \/><\/a><\/figure>\n\n\n\n<figure class=\"wp-block-image size-full fc-auto\"><a href=\"https:\/\/www.camping-keranterec.com\/wp-content\/uploads\/2023\/11\/la_fort-fouesnant_14_le_manoir_de_mesmeur-1024x759-1.jpg\"><img alt=\"\" decoding=\"async\" loading=\"lazy\" width=\"1024\" height=\"759\" src=\"https:\/\/www.camping-keranterec.com\/wp-content\/uploads\/2023\/11\/la_fort-fouesnant_14_le_manoir_de_mesmeur-1024x759-1.jpg\" alt=\"\" class=\"wp-image-3665\" srcset=\"https:\/\/www.camping-keranterec.com\/wp-content\/uploads\/2023\/11\/la_fort-fouesnant_14_le_manoir_de_mesmeur-1024x759-1.jpg 1024w, https:\/\/www.camping-keranterec.com\/wp-content\/uploads\/2023\/11\/la_fort-fouesnant_14_le_manoir_de_mesmeur-1024x759-1-300x222.jpg 300w, https:\/\/www.camping-keranterec.com\/wp-content\/uploads\/2023\/11\/la_fort-fouesnant_14_le_manoir_de_mesmeur-1024x759-1-768x569.jpg 768w\" sizes=\"(max-width: 1024px) 100vw, 1024px\" \/><\/a><\/figure>\n\n\n\n<figure class=\"wp-block-image size-full fc-auto\"><a href=\"https:\/\/www.camping-keranterec.com\/wp-content\/uploads\/2023\/11\/vieux_port_de_la_foret_fouesnant-1024x768-1.jpg\"><img alt=\"\" decoding=\"async\" loading=\"lazy\" width=\"1024\" height=\"768\" src=\"https:\/\/www.camping-keranterec.com\/wp-content\/uploads\/2023\/11\/vieux_port_de_la_foret_fouesnant-1024x768-1.jpg\" alt=\"\" class=\"wp-image-3649\" srcset=\"https:\/\/www.camping-keranterec.com\/wp-content\/uploads\/2023\/11\/vieux_port_de_la_foret_fouesnant-1024x768-1.jpg 1024w, https:\/\/www.camping-keranterec.com\/wp-content\/uploads\/2023\/11\/vieux_port_de_la_foret_fouesnant-1024x768-1-300x225.jpg 300w, https:\/\/www.camping-keranterec.com\/wp-content\/uploads\/2023\/11\/vieux_port_de_la_foret_fouesnant-1024x768-1-768x576.jpg 768w\" sizes=\"(max-width: 1024px) 100vw, 1024px\" \/><\/a><\/figure>\n<\/figure>\n\n\n\n<h3>Die H\u00e4fen von La For\u00eat Fouesnant<\/h3>\n\n\n\n<p>Als <strong>maritime Stadt par excellence gibt es in der Gemeinde zwei H\u00e4fen<\/strong>. Fr\u00fcher hie\u00df der Hafen &#8222;Stang Al Lestreg&#8220;, und der Alte Hafen war zu einer bestimmten Zeit das Herzst\u00fcck des Handels. Seine strategische Lage und die Bedeutung des Handelsverkehrs erm\u00f6glichten ab 1850 den Bau von Kais und 2 Docks. Jedes Jahr entf\u00fchrten und l\u00f6schten etwa 100 Schiffe verschiedene Waren (Sand, Maerl, Holz, Getreide, &#8230;). Jahrhunderts nahmen viele Bauern in <strong>La For\u00eat-Fouesnant w\u00e4hrend der Wintermonate an dieser Aktivit\u00e4t<\/strong> teil und erg\u00e4nzten so ihr Einkommen. Zu dieser Zeit beherbergte der Hafen auch Fischer, die Sardinen und Makrelen fischten.<\/p>\n\n\n\n<p>La For\u00eat-Fouesnant besitzt heute einen Jachthafen: <strong>Port-la-For\u00eat<\/strong>. Eine der wichtigsten in der <strong>Bretagne<\/strong>. Hier wird sie die Hauptstadt des Hochseerennsports oder auch das Tal der Verr\u00fcckten genannt. Port-La-For\u00eat liegt im Herzen der Waldbucht gegen\u00fcber dem Gl\u00e9nan-Archipel und bietet einen au\u00dfergew\u00f6hnlichen Blick auf ein nat\u00fcrliches und gesch\u00fctztes Gebiet. Idealer Rahmen f\u00fcr die Vorbereitung auf Hochseerennen. Die gr\u00f6\u00dften<br\/>  Samantha Davies, Michel Desjoyeaux, Armel Le Cl\u00e9ac&#8217;h, Jean Le Cam, Fran\u00e7ois Gabart und viele andere. Port-La-For\u00eat ist der Hafen aller Seeleute. Segler, Fischer und Berufsskipper kommen hier zusammen. Er verf\u00fcgt \u00fcber 1.130 Wasserliegepl\u00e4tze, die Boote aller Gr\u00f6\u00dfen aufnehmen, darunter die beeindruckenden Rennsegler, die ber\u00fchmten 60-Fu\u00df-Boote.<\/p>\n\n\n\n<h2>Was kann man in La for\u00eat Fouesnant unternehmen?<\/h2>\n\n\n\n<p>Ein Aufenthalt auf dem Campingplatz in La For\u00eat Fouesnant erm\u00f6glicht es Ihnen also, die nat\u00fcrlichen und kulturellen Vorz\u00fcge zu genie\u00dfen und gleichzeitig von der idealen Lage zwischen Fouesnant und Concarneau zu profitieren.<\/p>\n\n\n\n<h3>Die Str\u00e4nde von La For\u00eat Fouesnant<\/h3>\n\n\n\n<p>Urlauber, die die Freuden des Campings am Meer im S\u00fcdfinist\u00e8re genie\u00dfen wollen, k\u00f6nnen sich f\u00fcr einen der folgenden Str\u00e4nde von La For\u00eat Fouesnant entscheiden:<\/p>\n\n\n\n<ul>\n<li>Der Strand von Kerleven  <\/li>\n\n\n\n<li>Die Buchten der Anse Saint Laurent  <\/li>\n<\/ul>\n\n\n\n<h3>Spazierg\u00e4nge, die man machen kann  <\/h3>\n\n\n\n<p>Angenehme <strong>Spazierg\u00e4nge durch La For\u00eat Fouesnant<\/strong>bieten sich f\u00fcr diejenigen an, die es w\u00fcnschen. Vom Markt, \u00fcber den Hafen bis hin zu den Str\u00e4nden &#8211; an Ideen mangelt es nicht. Au\u00dferdem k\u00f6nnen ge\u00fcbtere Wanderer auch den <strong>GR34<\/strong> ab der Anse Saint-Laurent, wo sich unser Campingplatz befindet, begehen.<\/p>\n\n\n\n<p>Au\u00dferdem ist der Badeort aufgrund seiner N\u00e4he zu anderen <strong>St\u00e4dten und D\u00f6rfern im S\u00fcd-Finist\u00e8re<\/strong> ein idealer Ausgangspunkt, um die Region zu erkunden.<\/p>\n\n\n\n<figure class=\"is-layout-flex wp-block-gallery-3 wp-block-gallery has-nested-images columns-default is-cropped fc-auto\">\n<figure class=\"wp-block-image size-full fc-auto\"><img alt=\"\" decoding=\"async\" loading=\"lazy\" width=\"640\" height=\"426\" src=\"https:\/\/www.camping-keranterec.com\/wp-content\/uploads\/2023\/11\/boat-g6d1705517_640.jpg\" alt=\"\" class=\"wp-image-3633\" srcset=\"https:\/\/www.camping-keranterec.com\/wp-content\/uploads\/2023\/11\/boat-g6d1705517_640.jpg 640w, https:\/\/www.camping-keranterec.com\/wp-content\/uploads\/2023\/11\/boat-g6d1705517_640-300x200.jpg 300w\" sizes=\"(max-width: 640px) 100vw, 640px\" \/><\/figure>\n\n\n\n<figure class=\"wp-block-image size-full fc-auto\"><img alt=\"\" decoding=\"async\" loading=\"lazy\" width=\"640\" height=\"480\" src=\"https:\/\/www.camping-keranterec.com\/wp-content\/uploads\/2023\/11\/church-gac0833589_640.jpg\" alt=\"\" class=\"wp-image-3637\" srcset=\"https:\/\/www.camping-keranterec.com\/wp-content\/uploads\/2023\/11\/church-gac0833589_640.jpg 640w, https:\/\/www.camping-keranterec.com\/wp-content\/uploads\/2023\/11\/church-gac0833589_640-300x225.jpg 300w\" sizes=\"(max-width: 640px) 100vw, 640px\" \/><\/figure>\n\n\n\n<figure class=\"wp-block-image size-full fc-auto\"><img alt=\"\" decoding=\"async\" loading=\"lazy\" width=\"640\" height=\"485\" src=\"https:\/\/www.camping-keranterec.com\/wp-content\/uploads\/2023\/11\/concarneau-g474bdad82_640.jpg\" alt=\"\" class=\"wp-image-3629\" srcset=\"https:\/\/www.camping-keranterec.com\/wp-content\/uploads\/2023\/11\/concarneau-g474bdad82_640.jpg 640w, https:\/\/www.camping-keranterec.com\/wp-content\/uploads\/2023\/11\/concarneau-g474bdad82_640-300x227.jpg 300w\" sizes=\"(max-width: 640px) 100vw, 640px\" \/><\/figure>\n<\/figure>\n\n\n\n<h2>Genie\u00dfen Sie die Annehmlichkeiten und Vorz\u00fcge in der N\u00e4he unseres Campingplatzes in La For\u00eat Fouesnant<\/h2>\n\n\n\n<p>Port-la-For\u00eat ist auch der <strong>Nachtmarkt<\/strong> am Dienstagabend im Juli und August, auf dem Sie lokale Produkte, Kunsthandwerk, Lebensmittel und vieles mehr kaufen k\u00f6nnen.  <strong>Zahlreiche Restaurants schm\u00fccken diesen legend\u00e4ren Hafen<\/strong>. Zwischen Eisdielen, Pizzerien oder um einen Cocktail zu schl\u00fcrfen, finden Sie immer einen Platz, an dem Sie sich wie ein Fisch im Wasser f\u00fchlen. Lassen Sie sich auf den verschiedenen Terrassen nieder und bewundern Sie einen wundersch\u00f6nen Sonnenuntergang oder das Kommen und Gehen der Boote.  <\/p>\n\n\n\n<h3>Den Strand von La For\u00eat Fouesnant erreichen<\/h3>\n\n\n\n<p>Der Hauptstrand von La For\u00eat-Fouesnant ist ein \u00fcber einen Kilometer langer Sandstrand, der weitgehend windgesch\u00fctzt ist. W\u00e4hrend des Sommers ist sie mit einer Rettungsstation ausgestattet. Au\u00dferdem brauchen Sie von unserem Campingplatz in La For\u00eat Fouesant nur wenige Minuten zu Fu\u00df bis zum Strand.<\/p>\n\n\n\n<h2><strong>Auf Entdeckungsreise im S\u00fcd-Finist\u00e8re gehen<\/strong> <\/h2>\n\n\n\n<p>Als Nachbar von <strong>Concarneau<\/strong> ben\u00f6tigen Sie vom Campingplatz K\u00e9rant\u00e9rec aus nur 7 km bis zur Ville Close.<br\/>Dies ist jedoch nicht der einzige Ausflug, der sich f\u00fcr Urlauber anbietet, die die Facetten des Finist\u00e8re erkunden m\u00f6chten. In der Tat k\u00f6nnen sie auch in der N\u00e4he erreichen :  <\/p>\n\n\n\n<ul>\n<li><a href=\"https:\/\/www.camping-keranterec.com\/de\/alentours\/quimper\/\" data-type=\"alentours\" data-id=\"848\">Quimper<\/a><\/li>\n\n\n\n<li><a href=\"https:\/\/www.camping-keranterec.com\/de\/alentours\/benodet\/\" data-type=\"alentours\" data-id=\"831\">B\u00e9nodet<\/a><\/li>\n\n\n\n<li><a href=\"https:\/\/www.camping-keranterec.com\/de\/alentours\/pont-abbe\/\" data-type=\"alentours\" data-id=\"845\">Pont l&#8217;Abb\u00e9<\/a><\/li>\n\n\n\n<li><a href=\"https:\/\/www.camping-keranterec.com\/de\/alentours\/pont-aven\/\" data-type=\"alentours\" data-id=\"844\">Pont-Aven<\/a><\/li>\n\n\n\n<li><a href=\"https:\/\/www.camping-keranterec.com\/de\/alentours\/larchipel-iles-glenan\/\" data-type=\"alentours\" data-id=\"840\">Das Gl\u00e9nan-Archipel  <\/a><\/li>\n\n\n\n<li><a href=\"https:\/\/www.camping-keranterec.com\/de\/alentours\/locronan\/\" data-type=\"alentours\" data-id=\"841\">Locronan<\/a> usw.<\/li>\n<\/ul>\n\n\n\n<h2> <strong>Wo kann man auf dem Campingplatz in La For\u00eat Fouesnant \u00fcbernachten?<\/strong> <\/h2>\n\n\n\n<p> Auf der Suche nach Ihrem n\u00e4chsten Urlaubsort f\u00fcr Ihren Urlaub in <strong>La For\u00eat Fouesnant?<\/strong> Ob Sie nun einen <strong>Campingplatz Foret Fouesnant mit Hallenbad<\/strong> oder am Meer suchen, der Campingplatz Keranterec hat f\u00fcr jeden Geschmack etwas zu bieten. Dieser ideal an der Anse Saint-Laurent gelegene <strong>Campingplatz am Meer im Finist\u00e8re<\/strong> bietet Urlaubern die M\u00f6glichkeit, den <strong>Strand Petit Manoir<\/strong> und den <strong>Strand Kerleven<\/strong> zu nutzen, wenn sie nicht im Erlebnisbad sind.  <\/p>\n\n\n\n<p> <em>\u00b9 Ein Aber (keltisches Wort f\u00fcr M\u00fcndung) oder eine Ria (galizisch-portugiesisches Wort) ist eine Bucht, die durch den unteren Teil des Tals eines K\u00fcstenflusses gebildet wird, der teilweise oder ganz vom Meer \u00fcbersp\u00fclt wird. Die internationale Geografie verwendet das Wort ria; aber auch das bretonische Wort aber wird verwendet.<\/em> <\/p>\n<\/div>\n","protected":false},"template":"","meta":{"_seopress_robots_primary_cat":"","_seopress_titles_title":"","_seopress_titles_desc":"","_seopress_robots_index":""},"acf":[],"_links":{"self":[{"href":"https:\/\/www.camping-keranterec.com\/de\/wp-json\/wp\/v2\/alentours\/2851"}],"collection":[{"href":"https:\/\/www.camping-keranterec.com\/de\/wp-json\/wp\/v2\/alentours"}],"about":[{"href":"https:\/\/www.camping-keranterec.com\/de\/wp-json\/wp\/v2\/types\/alentours"}],"wp:attachment":[{"href":"https:\/\/www.camping-keranterec.com\/de\/wp-json\/wp\/v2\/media?parent=2851"}],"curies":[{"name":"wp","href":"https:\/\/api.w.org\/{rel}","templated":true}]}}