{"id":2837,"date":"2023-11-22T09:00:51","date_gmt":"2023-11-22T08:00:51","guid":{"rendered":"https:\/\/www.camping-keranterec.com\/alentours\/larchipel-iles-glenan\/"},"modified":"2023-12-07T15:53:35","modified_gmt":"2023-12-07T14:53:35","slug":"larchipel-iles-glenan","status":"publish","type":"alentours","link":"https:\/\/www.camping-keranterec.com\/de\/alentours\/larchipel-iles-glenan\/","title":{"rendered":"Das Archipel der Gl\u00e9nan-Inseln"},"content":{"rendered":"\n<div class=\"is-layout-constrained wp-block-group\">\n<h2>Die Gl\u00e9nan-Inseln: ein friedlicher Ort in der Bretagne<\/h2>\n\n\n\n<p>&#8222;Die \u00dcberlieferungen erz\u00e4hlen sogar, dass die neun kleinen Inseln der Gl\u00e9nan einstmals\neine betr\u00e4chtliche Insel: Ihre Zerst\u00f6rung durch die Fluten des Meeres ist ein Werk\ngeologische Entwicklung, der die Einheimischen beigewohnt haben sollen. &#8222;Elis\u00e9e Reclus\u00b9<\/p>\n\n\n\n<p>Das<strong>Archipel der Gl\u00e9nan<\/strong> und seine Inselkette bieten einen m\u00e4rchenhaften <strong>Anblick<\/strong>. Es ist eine wahre Oase der Ruhe, die inmitten des Ozeans in der Sonne strahlt. <strong>Les Gl\u00e9nan<\/strong> erstreckt sich fast zwanzig Kilometer vor der K\u00fcste von <a href=\"https:\/\/www.camping-keranterec.com\/de\/alentours\/concarneau\/\" data-type=\"alentours\" data-id=\"835\">Concarneau<\/a>. Die Hauptinseln hei\u00dfen Bananec, Cigogne, Le Drennec, Giautec, Guiriden, Loc&#8217;h, Penfret, Quign\u00e9nec und Saint Nicolas. In einem Kreis angeordnet, begrenzen sie eine Art kleines Binnenmeer, das als &#8222;Das Zimmer&#8220; bezeichnet wird. Im Sommer nimmt sie oft <strong>die t\u00fcrkisfarbenen Farben einer tropischen Lagune<\/strong> an, und selbst die Str\u00e4nde haben einen exotischen Beigeschmack. Sie sind von t\u00fcrkisfarbenem, glasklarem Wasser umgeben und bestehen aus wei\u00dfem Sand, der an die K\u00fcsten der S\u00fcdsee erinnert. Diese wei\u00dfe Farbe ist auf einen hohen Anteil an Maerl zur\u00fcckzuf\u00fchren, einer Kalkablagerung aus feinem Kies und Algentr\u00fcmmern.  <\/p>\n\n\n\n<p>Die Insel Fort Cigogne und die Insel Saint-Nicolas bieten Schulen <strong>f\u00fcr<\/strong> diese Sportarten an. Ein kleines Paradies, nur eine Stunde vom Meer entfernt, ein echter Tapetenwechsel, nur einen Steinwurf vom S\u00fcd-Finist\u00e8re entfernt.<\/p>\n\n\n\n<figure class=\"is-layout-flex wp-block-gallery-1 wp-block-gallery has-nested-images columns-4 is-cropped fc-diapo fc-auto\">\n<figure class=\"wp-block-image size-full fc-auto\"><a href=\"https:\/\/www.camping-keranterec.com\/wp-content\/uploads\/2023\/10\/seascape-4472702_640.jpg\"><img alt=\"\" decoding=\"async\" loading=\"lazy\" width=\"640\" height=\"426\" src=\"https:\/\/www.camping-keranterec.com\/wp-content\/uploads\/2023\/10\/seascape-4472702_640.jpg\" alt=\"\" class=\"wp-image-3653\" srcset=\"https:\/\/www.camping-keranterec.com\/wp-content\/uploads\/2023\/10\/seascape-4472702_640.jpg 640w, https:\/\/www.camping-keranterec.com\/wp-content\/uploads\/2023\/10\/seascape-4472702_640-300x200.jpg 300w\" sizes=\"(max-width: 640px) 100vw, 640px\" \/><\/a><\/figure>\n\n\n\n<figure class=\"wp-block-image size-full fc-auto\"><a href=\"https:\/\/www.camping-keranterec.com\/wp-content\/uploads\/2023\/11\/48612205036_c8cc745fe5_c.jpg\"><img alt=\"\" decoding=\"async\" loading=\"lazy\" width=\"799\" height=\"533\" src=\"https:\/\/www.camping-keranterec.com\/wp-content\/uploads\/2023\/11\/48612205036_c8cc745fe5_c.jpg\" alt=\"\" class=\"wp-image-3709\" srcset=\"https:\/\/www.camping-keranterec.com\/wp-content\/uploads\/2023\/11\/48612205036_c8cc745fe5_c.jpg 799w, https:\/\/www.camping-keranterec.com\/wp-content\/uploads\/2023\/11\/48612205036_c8cc745fe5_c-300x200.jpg 300w, https:\/\/www.camping-keranterec.com\/wp-content\/uploads\/2023\/11\/48612205036_c8cc745fe5_c-768x512.jpg 768w\" sizes=\"(max-width: 799px) 100vw, 799px\" \/><\/a><\/figure>\n\n\n\n<figure class=\"wp-block-image size-full fc-auto\"><a href=\"https:\/\/www.camping-keranterec.com\/wp-content\/uploads\/2023\/11\/265268453_e168d3694b_c.jpg\"><img alt=\"\" decoding=\"async\" loading=\"lazy\" width=\"800\" height=\"533\" src=\"https:\/\/www.camping-keranterec.com\/wp-content\/uploads\/2023\/11\/265268453_e168d3694b_c.jpg\" alt=\"\" class=\"wp-image-3769\" srcset=\"https:\/\/www.camping-keranterec.com\/wp-content\/uploads\/2023\/11\/265268453_e168d3694b_c.jpg 800w, https:\/\/www.camping-keranterec.com\/wp-content\/uploads\/2023\/11\/265268453_e168d3694b_c-300x200.jpg 300w, https:\/\/www.camping-keranterec.com\/wp-content\/uploads\/2023\/11\/265268453_e168d3694b_c-768x512.jpg 768w\" sizes=\"(max-width: 800px) 100vw, 800px\" \/><\/a><\/figure>\n<\/figure>\n\n\n\n<h2>Eine klassifizierte St\u00e4tte im S\u00fcd-Finist\u00e8re<\/h2>\n\n\n\n<p>Im Jahr 2004 wurden die Inseln als Natura-2000-Gebiet ausgewiesen, da sie viele nat\u00fcrliche Lebensr\u00e4ume und Pflanzen- und Vogelarten beherbergen, die in Europa vom Aussterben bedroht sind. Im Jahr 2007 wurde der urspr\u00fcngliche Umfang des Natura-2000-Gebiets auf das Meer ausgeweitet, um auch Meeresv\u00f6gel und -s\u00e4ugetiere sowie den unglaublichen Reichtum des Meeresbodens um die Inseln herum zu sch\u00fctzen. Heute umfasst <strong>das Natura 2000-Gebiet Archipel des Gl\u00e9nan<\/strong> fast 500 km2 Meeres- und Inselraum, von der K\u00fcste von Fouesnantais bis etwa 15 km s\u00fcdlich der Inseln. Der Standort beherbergt etwa 140 Vogelarten, von denen 71 Natura-2000-Arten sind, die in Europa gesch\u00fctzt sind. Einige dieser Arten sind das ganze Jahr \u00fcber anwesend. Andere Arten, die Zugv\u00f6gel sind, halten sich nur einen Teil des Jahres in dem Gebiet auf.  <\/p>\n\n\n\n<p>Alle finden in <strong>Die Inselgruppe Gl\u00e9nan und der angrenzende Meeresraum<\/strong> sind eine Oase der Ruhe, um sich zu ern\u00e4hren, auszuruhen oder zu br\u00fcten. Die Inseln sind auch dank der Gl\u00e9nan-Narzisse ber\u00fchmt, einer endemischen Pflanze, die 1803 identifiziert wurde und damals auf dem gesamten Archipel vorkam. Diese Unterart ging mit der Aufgabe der Landwirtschaft auf den Inseln immer weiter zur\u00fcck: Diese Narzisse w\u00e4chst auf kurzem Rasen und die Aufgabe der Viehzucht f\u00fchrte zur Entstehung von verbuschten Heiden. Bereits 1924 wurde festgestellt, dass sie fast vollst\u00e4ndig verschwunden war. 1974 wurde daher auf Initiative der Gesellschaft &#8222;Bretagne vivante&#8220; f\u00fcr das Studium und den Schutz der Natur in der Bretagne ein Teil der <strong>Insel Saint-Nicolas zum Naturschutzgebiet<\/strong> erkl\u00e4rt und der Zugang durch einen Zaun verboten. Der heutige Archipel ist extrem zerkl\u00fcftet, so dass seine Fl\u00e4che schwer zu berechnen ist, die Seekarten des Ortes, schaffen es nicht, alle Riffe des Ortes zu kartieren. W\u00e4hrend der gro\u00dfen Gezeiten kann die &#8222;Chambre&#8220; zu Fu\u00df durchquert werden und wird zum Paradies f\u00fcr<strong> Fu\u00dffischer<\/strong>, die Abalonen, Venusmuscheln und andere Muscheln und Krustentiere sammeln.<\/p>\n\n\n\n<h3>Ein Ausflug auf die Gl\u00e9nans-Inseln vom Campingplatz K\u00e9rant\u00e9rec aus<\/h3>\n\n\n\n<p>T\u00e4gliche Verbindungen nach Les Gl\u00e9nan gibt es vom Hafenbecken <strong>Port la for\u00eat <\/strong>aus, das nur einen Steinwurf von unserem <strong>Campingplatz in La For\u00eat Fouesnant<\/strong> entfernt liegt. Sie werden von der <a href=\"https:\/\/www.camping-keranterec.com\/de\/alentours\/vedettes-de-lodet-benodet\/\" data-type=\"alentours\" data-id=\"851\">Gesellschaft Vedettes de l&#8217;Odet<\/a> betrieben. Gehen Sie an Bord der Glenn, der Rivage, der Captain Nemo oder der Aigrette und erleben Sie einen Tag im Archipel wie im Traum. Der Campingplatz K\u00e9rant\u00e9rec bietet Ihnen seine verschiedenen Angebote an, die Sie an der Rezeption buchen k\u00f6nnen.<\/p>\n\n\n\n<p><em>\u00b9 \u00c9lis\u00e9e Reclus, mit vollem Namen Jacques \u00c9lis\u00e9e Reclus, geboren in Sainte-Foy-la-Grande (Gironde) am 15. M\u00e4rz 1830 und gestorben in Thourout in Belgien am 4. Juli 1905, war ein libert\u00e4rer Geograph.<\/em><\/p>\n<\/div>\n","protected":false},"template":"","meta":{"_seopress_robots_primary_cat":"","_seopress_titles_title":"","_seopress_titles_desc":"","_seopress_robots_index":""},"acf":[],"_links":{"self":[{"href":"https:\/\/www.camping-keranterec.com\/de\/wp-json\/wp\/v2\/alentours\/2837"}],"collection":[{"href":"https:\/\/www.camping-keranterec.com\/de\/wp-json\/wp\/v2\/alentours"}],"about":[{"href":"https:\/\/www.camping-keranterec.com\/de\/wp-json\/wp\/v2\/types\/alentours"}],"wp:attachment":[{"href":"https:\/\/www.camping-keranterec.com\/de\/wp-json\/wp\/v2\/media?parent=2837"}],"curies":[{"name":"wp","href":"https:\/\/api.w.org\/{rel}","templated":true}]}}